{"id":9851,"date":"2023-08-03T08:52:37","date_gmt":"2023-08-03T06:52:37","guid":{"rendered":"https:\/\/blog.jena.de\/jenakultur\/?page_id=9851"},"modified":"2023-08-03T08:52:37","modified_gmt":"2023-08-03T06:52:37","slug":"fotografinnen-und-fotografen-2","status":"publish","type":"page","link":"https:\/\/blog.jena.de\/jenakultur\/der-grosse-schwof\/fotografinnen-und-fotografen-2\/","title":{"rendered":"Fotografinnen und Fotografen"},"content":{"rendered":"\n<div class=\"wp-block-buttons is-layout-flex wp-block-buttons-is-layout-flex\">\n<div class=\"wp-block-button has-custom-font-size is-style-outline has-small-font-size is-style-outline--1\"><a class=\"wp-block-button__link wp-element-button\" href=\"https:\/\/blog.jena.de\/jenakultur\/?page_id=8820\" style=\"border-radius:0px\">Der gro\u00dfe Schwof<\/a><\/div>\n\n\n\n<div class=\"wp-block-button has-custom-font-size is-style-outline has-small-font-size is-style-outline--2\"><a class=\"wp-block-button__link wp-element-button\" href=\"https:\/\/blog.jena.de\/jenakultur\/?page_id=9579\" style=\"border-radius:0px\">Videoportr\u00e4ts<\/a><\/div>\n\n\n\n<div class=\"wp-block-button has-custom-font-size is-style-outline has-small-font-size is-style-outline--3\"><a class=\"wp-block-button__link has-background wp-element-button\" href=\"https:\/\/blog.jena.de\/jenakultur\/?page_id=9129\" style=\"border-radius:0px;background-color:#f2f2f2\">Fotografinnen und Fotografen<\/a><\/div>\n\n\n\n<div class=\"wp-block-button has-custom-font-size is-style-outline has-small-font-size is-style-outline--4\"><a class=\"wp-block-button__link wp-element-button\" href=\"https:\/\/blog.jena.de\/jenakultur\/?page_id=9238\" style=\"border-radius:0px\">Veranstaltungen<\/a><\/div>\n\n\n\n<div class=\"wp-block-button has-custom-font-size is-style-outline has-small-font-size is-style-outline--5\"><a class=\"wp-block-button__link wp-element-button\" href=\"https:\/\/blog.jena.de\/jenakultur\/?page_id=9240\" style=\"border-radius:0px\">Ausstellungskatalog<\/a><\/div>\n<\/div>\n\n\n\n<div style=\"height:30px\" aria-hidden=\"true\" class=\"wp-block-spacer\"><\/div>\n\n\n\n<p class=\"has-text-align-left has-regular-font-size\" style=\"font-style:normal;font-weight:100\"><a href=\"#ClausBach\" data-type=\"internal\" data-id=\"#ClausBach\">Claus Bach<\/a>, <a href=\"#TinaBara\" data-type=\"internal\" data-id=\"#TinaBara\">Tina Bara<\/a>, <a href=\"#SibylleBergemann\" data-type=\"internal\" data-id=\"#SibylleBergemann\">Sibylle Bergemann<\/a>, <a href=\"#ChristianBorchert\" data-type=\"internal\" data-id=\"#ChristianBorchert\">Christian Borchert<\/a>, <a href=\"#ChristianeEisler\" data-type=\"internal\" data-id=\"#ChristianeEisler\">Christiane Eisler<\/a>, <a href=\"#GerhardG\u00e4bler\" data-type=\"internal\" data-id=\"#GerhardG\u00e4bler\">Gerhard G\u00e4bler<\/a>, <a href=\"#WolfgangGregor\" data-type=\"internal\" data-id=\"#WolfgangGregor\">Wolfgang Gregor<\/a>, <a href=\"#HaraldHauswald\" data-type=\"internal\" data-id=\"#HaraldHauswald\">Harald Hauswald<\/a>, <a href=\"#BerndHiepe\" data-type=\"internal\" data-id=\"#BerndHiepe\">Bernd Hiepe<\/a>, <a href=\"#HaraldHirsch\" data-type=\"internal\" data-id=\"#HaraldHirsch\">Harald Hirsch<\/a>, <a href=\"#J\u00fcrgenHohmuth\" data-type=\"internal\" data-id=\"#J\u00fcrgenHohmuth\">J\u00fcrgen Hohmuth<\/a>, <a href=\"#ThomasKl\u00e4ber\" data-type=\"internal\" data-id=\"#ThomasKl\u00e4ber\">Thomas Kl\u00e4ber<\/a>, <a href=\"#EberhardKl\u00f6ppel\" data-type=\"internal\" data-id=\"#EberhardKl\u00f6ppel\">Eberhard Kl\u00f6ppel<\/a>, <a href=\"#BertramKober\" data-type=\"internal\" data-id=\"#BertramKober\">Bertram Kober<\/a>, <a href=\"#WernerLieberknecht\" data-type=\"internal\" data-id=\"#WernerLieberknecht\">Werner Lieberknecht<\/a>, <a href=\"#UteMahler\" data-type=\"internal\" data-id=\"#UteMahler\">Ute Mahler<\/a>, <a href=\"#WernerMahler\" data-type=\"internal\" data-id=\"#WernerMahler\">Werner Mahler<\/a>, <a href=\"#OlafMartens\" data-type=\"internal\" data-id=\"#OlafMartens\">Olaf Martens<\/a>, <a href=\"#RogerMelis\" data-type=\"internal\" data-id=\"#RogerMelis\">Roger Melis<\/a>, <a href=\"#FlorianMerkel\" data-type=\"internal\" data-id=\"#FlorianMerkel\">Florian Merkel<\/a>, <a href=\"#BarbaraMetselaarBerthold\" data-type=\"internal\" data-id=\"#BarbaraMetselaarBerthold\">Barbara Metselaar Berthold<\/a>, <a href=\"#LudwigRauch\" data-type=\"internal\" data-id=\"#LudwigRauch\">Ludwig Rauch<\/a>, <a href=\"#AndreasRost\" data-type=\"internal\" data-id=\"#AndreasRost\">Andreas Rost<\/a>, <a href=\"#JensR\u00f6tzsch\" data-type=\"internal\" data-id=\"#JensR\u00f6tzsch\">Jens R\u00f6tzsch<\/a>, <a href=\"#LudwigSchirmer\" data-type=\"internal\" data-id=\"#LudwigSchirmer\">Ludwig Schirmer<\/a>, <a href=\"#ErasmusSchr\u00f6ter\" data-type=\"internal\" data-id=\"#ErasmusSchr\u00f6ter\">Erasmus Schr\u00f6ter<\/a>, <a href=\"#WolfgangGSchr\u00f6ter\" data-type=\"internal\" data-id=\"#WolfgangGSchr\u00f6ter\">Wolfgang G. Schr\u00f6ter<\/a>, <a href=\"#MariaSewcz\" data-type=\"internal\" data-id=\"#MariaSewcz\">Maria Sewcz<\/a>, <a href=\"#GabrieleSt\u00f6tzer\" data-type=\"internal\" data-id=\"#GabrieleSt\u00f6tzer\">Gabriele St\u00f6tzer<\/a>, <a href=\"#InesThateKeler\" data-type=\"internal\" data-id=\"#InesThateKeler\">Ines Thate-Keler<\/a>, <a href=\"#GerhardWeber\" data-type=\"internal\" data-id=\"#GerhardWeber\">Gerhard Weber<\/a><\/p>\n\n\n\n<div class=\"wp-block-columns is-layout-flex wp-container-core-columns-is-layout-9d6595d7 wp-block-columns-is-layout-flex\">\n<div class=\"wp-block-column is-layout-flow wp-block-column-is-layout-flow\"><div class=\"wp-block-image\">\n<figure class=\"aligncenter size-full\"><a href=\"https:\/\/blog.jena.de\/jenakultur\/wp-content\/uploads\/sites\/25\/2023\/06\/jenakultur-der-grosse-schwof-feste-feiern-im-osten-bach-claus-rosenmontag-i-cafe-resi-weimar-1980claus-bach.jpg\" data-rel=\"lightbox-gallery-5k0peQgf\" data-rl_title=\"\" data-rl_caption=\"\" title=\"\"><img loading=\"lazy\" decoding=\"async\" width=\"750\" height=\"500\" src=\"https:\/\/blog.jena.de\/jenakultur\/wp-content\/uploads\/sites\/25\/2023\/06\/jenakultur-der-grosse-schwof-feste-feiern-im-osten-bach-claus-rosenmontag-i-cafe-resi-weimar-1980claus-bach.jpg\" alt=\"\" class=\"wp-image-9131\" srcset=\"https:\/\/blog.jena.de\/jenakultur\/wp-content\/uploads\/sites\/25\/2023\/06\/jenakultur-der-grosse-schwof-feste-feiern-im-osten-bach-claus-rosenmontag-i-cafe-resi-weimar-1980claus-bach.jpg 750w, https:\/\/blog.jena.de\/jenakultur\/wp-content\/uploads\/sites\/25\/2023\/06\/jenakultur-der-grosse-schwof-feste-feiern-im-osten-bach-claus-rosenmontag-i-cafe-resi-weimar-1980claus-bach-500x333.jpg 500w\" sizes=\"auto, (max-width: 750px) 100vw, 750px\" \/><\/a><figcaption class=\"wp-element-caption\">Claus Bach, Rosenmontag im Caf\u00e9 Resi Weimar, 1980 \u00a9 Claus Bach<\/figcaption><\/figure>\n<\/div><\/div>\n\n\n\n<div class=\"wp-block-column is-layout-flow wp-block-column-is-layout-flow\">\n<p class=\"has-text-align-left has-small-font-size\" id=\"ClausBach\" style=\"font-style:normal;font-weight:200\">Claus Bach<br>1956 in Schneeberg im Erzgebirge geboren, lebt Claus Bach als Fotograf, K\u00fcnstler und Autor in Weimar. 1976-79 arbeitete er als Buchdrucker und absolvierte einen Facharbeiter-Abschluss in Fotografie. Bis 1985 war er als Fotograf an der Hochschule f\u00fcr Architektur und Bauwesen Weimar t\u00e4tig, anschlie\u00dfend freiberuflich. Ab 1995 f\u00fchrte er Lehrauftr\u00e4ge an der Bauhaus-Universit\u00e4t Weimar und der Europ\u00e4ischen Kunstakademie Trier aus. Neben seiner professionellen Arbeit ist er bekannt als ein Dokumentarist der Alltags- und Untergrundkultur der DDR sowie f\u00fcr seine freien k\u00fcnstlerischen Arbeiten.<\/p>\n<\/div>\n<\/div>\n\n\n\n<div class=\"wp-block-columns is-layout-flex wp-container-core-columns-is-layout-9d6595d7 wp-block-columns-is-layout-flex\">\n<div class=\"wp-block-column is-layout-flow wp-block-column-is-layout-flow\">\n<p class=\"has-small-font-size\" id=\"TinaBara\" style=\"font-style:normal;font-weight:200\">Tina Bara<br>1962 in Kleinmachnow geboren, studierte Tina Bara 1980-86 zun\u00e4chst Geschichte und Kunstgeschichte an der Humboldt-Universit\u00e4t zu Berlin. Parallel war sie bereits ab 1984 freiberuflich als Fotografin t\u00e4tig. 1986 nahm sie ein Fernstudium der Fotografie an der Hochschule f\u00fcr Grafik und Buchkunst Leipzig auf. Bara hatte Kontakte zu oppositionellen Gruppen wie \u201eFrauen f\u00fcr den Frieden\u201c. Im Juli 1989 \u00fcbersiedelte sie nach West-Berlin. 1991 machte sie ihr Diplom bei Arno Fischer. Seit 1993 ist sie Professorin f\u00fcr k\u00fcnstlerische Fotografie an der Leipziger HGB, ab 2003 als Leiterin einer Foto-Klasse. K\u00fcnstlerisch arbeitet sie mit den Medien Fotografie, Video und Text und interessiert sich f\u00fcr das Individuum als handelndes Subjekt zwischen Selbstbestimmung und kollektiver Pr\u00e4gung.<\/p>\n<\/div>\n\n\n\n<div class=\"wp-block-column is-layout-flow wp-block-column-is-layout-flow\"><div class=\"wp-block-image\">\n<figure class=\"aligncenter size-full\"><a href=\"https:\/\/blog.jena.de\/jenakultur\/wp-content\/uploads\/sites\/25\/2023\/06\/jenakultur-der-grosse-schwof-feste-feiern-im-osten-bara-tina-serie-fest-1985-88-2023tina-bara.jpg\" data-rel=\"lightbox-gallery-5k0peQgf\" data-rl_title=\"\" data-rl_caption=\"\" title=\"\"><img loading=\"lazy\" decoding=\"async\" width=\"750\" height=\"500\" src=\"https:\/\/blog.jena.de\/jenakultur\/wp-content\/uploads\/sites\/25\/2023\/06\/jenakultur-der-grosse-schwof-feste-feiern-im-osten-bara-tina-serie-fest-1985-88-2023tina-bara.jpg\" alt=\"\" class=\"wp-image-9145\" srcset=\"https:\/\/blog.jena.de\/jenakultur\/wp-content\/uploads\/sites\/25\/2023\/06\/jenakultur-der-grosse-schwof-feste-feiern-im-osten-bara-tina-serie-fest-1985-88-2023tina-bara.jpg 750w, https:\/\/blog.jena.de\/jenakultur\/wp-content\/uploads\/sites\/25\/2023\/06\/jenakultur-der-grosse-schwof-feste-feiern-im-osten-bara-tina-serie-fest-1985-88-2023tina-bara-500x333.jpg 500w\" sizes=\"auto, (max-width: 750px) 100vw, 750px\" \/><\/a><figcaption class=\"wp-element-caption\">Tina Bara, aus der Serie &#8222;FEST 1985-88 \/ 2023&#8220; \u00a9 Tina Bara<\/figcaption><\/figure>\n<\/div><\/div>\n<\/div>\n\n\n\n<div class=\"wp-block-columns is-layout-flex wp-container-core-columns-is-layout-9d6595d7 wp-block-columns-is-layout-flex\">\n<div class=\"wp-block-column is-layout-flow wp-block-column-is-layout-flow\"><div class=\"wp-block-image\">\n<figure class=\"aligncenter size-full\"><a href=\"https:\/\/blog.jena.de\/jenakultur\/wp-content\/uploads\/sites\/25\/2023\/06\/jenakultur-der-grosse-schwof-feste-feiern-im-osten-bergemann-sibylle-claerchens-ballhaus-berlin-1976nachlass-sibylle-bergemann-ostkreuz-courtesy-loock-galerie-berlin.jpg\" data-rel=\"lightbox-gallery-5k0peQgf\" data-rl_title=\"\" data-rl_caption=\"\" title=\"\"><img loading=\"lazy\" decoding=\"async\" width=\"725\" height=\"500\" src=\"https:\/\/blog.jena.de\/jenakultur\/wp-content\/uploads\/sites\/25\/2023\/06\/jenakultur-der-grosse-schwof-feste-feiern-im-osten-bergemann-sibylle-claerchens-ballhaus-berlin-1976nachlass-sibylle-bergemann-ostkreuz-courtesy-loock-galerie-berlin.jpg\" alt=\"\" class=\"wp-image-9147\" srcset=\"https:\/\/blog.jena.de\/jenakultur\/wp-content\/uploads\/sites\/25\/2023\/06\/jenakultur-der-grosse-schwof-feste-feiern-im-osten-bergemann-sibylle-claerchens-ballhaus-berlin-1976nachlass-sibylle-bergemann-ostkreuz-courtesy-loock-galerie-berlin.jpg 725w, https:\/\/blog.jena.de\/jenakultur\/wp-content\/uploads\/sites\/25\/2023\/06\/jenakultur-der-grosse-schwof-feste-feiern-im-osten-bergemann-sibylle-claerchens-ballhaus-berlin-1976nachlass-sibylle-bergemann-ostkreuz-courtesy-loock-galerie-berlin-500x345.jpg 500w\" sizes=\"auto, (max-width: 725px) 100vw, 725px\" \/><\/a><figcaption class=\"wp-element-caption\">Sibylle Bergemann, aus der Serie &#8222;Cl\u00e4rchens Ballhaus&#8220;, Berlin, 1976 \u00a9 Nachlass Sibylle Bergemann \/ Ostkreuz \/ Courtesy Loock Galerie, Berlin<\/figcaption><\/figure>\n<\/div><\/div>\n\n\n\n<div class=\"wp-block-column is-layout-flow wp-block-column-is-layout-flow\">\n<p class=\"has-small-font-size\" id=\"SibylleBergemann\" style=\"font-style:normal;font-weight:200\">Sibylle Bergemann<br>Die international bekannte Fotografin Sibylle Bergemann wurde 1941 in Berlin geboren. Sie absolvierte 1958\u201360 eine kaufm\u00e4nnische Ausbildung, bevor sie ab 1966 ohne Einschreibung den Fotografieunterricht Arno Fischers an der Hochschule f\u00fcr bildende und angewandte Kunst in Berlin-Wei\u00dfensee besuchte. Fischer wurde zu ihrem Partner, die Wohnung des Paares zu einem Treffpunkt  in der DDR. Ab 1967 war sie selbst\u00e4ndig als Fotografin t\u00e4tig, von 1970\u201395 f\u00fcr die Modezeitschrift Sibylle. Nach der Grenz\u00f6ffnung wurde sie 1990 Gr\u00fcndungsmitglied der Agentur Ostkreuz und fotografierte in den Folgejahren global Reportagen f\u00fcr renommierte Magazine. Seit den 2000er Jahren fanden mehrere gro\u00dfe Einzelausstellungen statt, zuletzt 2022 in der Berlinischen Galerie. Sibylle Bergemann verstarb 2010.<\/p>\n<\/div>\n<\/div>\n\n\n\n<div class=\"wp-block-columns is-layout-flex wp-container-core-columns-is-layout-9d6595d7 wp-block-columns-is-layout-flex\">\n<div class=\"wp-block-column is-layout-flow wp-block-column-is-layout-flow\">\n<p class=\"has-small-font-size\" id=\"ChristianBorchert\" style=\"font-style:normal;font-weight:200\">Christian Borchert<br>1942 in Dresden geboren, studierte Christian Borchert zun\u00e4chst Kopierwerktechnik an der Ingenieurschule f\u00fcr Filmtechnik in Potsdam-Babelsberg. Er arbeitete als G\u00fcteingenieur und Verwaltungsangestellter in Wolfen, Babelsberg sowie Berlin, ehe er 1967 eine Ausbildung zum Fotografen machte. Parallel zu seinen T\u00e4tigkeiten als Bildreporter f\u00fcr die Neue Berliner<br>Illustrierte absolvierte er 1971\u201374 ein Fernstudium der Fotografie an der Hochschule f\u00fcr Grafik und Buchkunst in Leipzig. Ab 1975 arbeitete Borchert freiberuflich. Bekannt wurde er vor allem durch gro\u00df angelegte Portr\u00e4tserien sowie stadt-, bau- und kunstgeschichtliche Bildfolgen. 2000 verungl\u00fcckte er in Berlin bei<br>einem Badeunfall.<\/p>\n<\/div>\n\n\n\n<div class=\"wp-block-column is-layout-flow wp-block-column-is-layout-flow\"><div class=\"wp-block-image\">\n<figure class=\"aligncenter size-full\"><a href=\"https:\/\/blog.jena.de\/jenakultur\/wp-content\/uploads\/sites\/25\/2023\/06\/jenakultur-der-grosse-schwof-feste-feiern-im-osten-borchert-christian-fasching-i-tentnertreff-dresden-1980christian-borchert-slub-dresden-deutsche-fotothek.jpg\" data-rel=\"lightbox-gallery-5k0peQgf\" data-rl_title=\"\" data-rl_caption=\"\" title=\"\"><img loading=\"lazy\" decoding=\"async\" width=\"754\" height=\"500\" src=\"https:\/\/blog.jena.de\/jenakultur\/wp-content\/uploads\/sites\/25\/2023\/06\/jenakultur-der-grosse-schwof-feste-feiern-im-osten-borchert-christian-fasching-i-tentnertreff-dresden-1980christian-borchert-slub-dresden-deutsche-fotothek.jpg\" alt=\"\" class=\"wp-image-9148\" srcset=\"https:\/\/blog.jena.de\/jenakultur\/wp-content\/uploads\/sites\/25\/2023\/06\/jenakultur-der-grosse-schwof-feste-feiern-im-osten-borchert-christian-fasching-i-tentnertreff-dresden-1980christian-borchert-slub-dresden-deutsche-fotothek.jpg 754w, https:\/\/blog.jena.de\/jenakultur\/wp-content\/uploads\/sites\/25\/2023\/06\/jenakultur-der-grosse-schwof-feste-feiern-im-osten-borchert-christian-fasching-i-tentnertreff-dresden-1980christian-borchert-slub-dresden-deutsche-fotothek-500x332.jpg 500w\" sizes=\"auto, (max-width: 754px) 100vw, 754px\" \/><\/a><figcaption class=\"wp-element-caption\">Christian Borchert, Fasching im &#8222;Rentnertreff&#8220; der &#8222;Volkssolidarit\u00e4t&#8220;, Dresden-Neustadt, 1980 \u00a9 Christian Borchert \/ SLUB Dresden \/ Deutsche Fotothek<\/figcaption><\/figure>\n<\/div><\/div>\n<\/div>\n\n\n\n<div class=\"wp-block-columns is-layout-flex wp-container-core-columns-is-layout-9d6595d7 wp-block-columns-is-layout-flex\">\n<div class=\"wp-block-column is-layout-flow wp-block-column-is-layout-flow\"><div class=\"wp-block-image\">\n<figure class=\"aligncenter size-full\"><a href=\"https:\/\/blog.jena.de\/jenakultur\/wp-content\/uploads\/sites\/25\/2023\/06\/jenakultur-der-grosse-schwof-feste-feiern-im-osten-eisler-christiane-konzert-in-halle-i-d-christuskirche-1983christiane-eisler.jpg\" data-rel=\"lightbox-gallery-5k0peQgf\" data-rl_title=\"\" data-rl_caption=\"\" title=\"\"><img loading=\"lazy\" decoding=\"async\" width=\"728\" height=\"500\" src=\"https:\/\/blog.jena.de\/jenakultur\/wp-content\/uploads\/sites\/25\/2023\/06\/jenakultur-der-grosse-schwof-feste-feiern-im-osten-eisler-christiane-konzert-in-halle-i-d-christuskirche-1983christiane-eisler.jpg\" alt=\"\" class=\"wp-image-9149\" srcset=\"https:\/\/blog.jena.de\/jenakultur\/wp-content\/uploads\/sites\/25\/2023\/06\/jenakultur-der-grosse-schwof-feste-feiern-im-osten-eisler-christiane-konzert-in-halle-i-d-christuskirche-1983christiane-eisler.jpg 728w, https:\/\/blog.jena.de\/jenakultur\/wp-content\/uploads\/sites\/25\/2023\/06\/jenakultur-der-grosse-schwof-feste-feiern-im-osten-eisler-christiane-konzert-in-halle-i-d-christuskirche-1983christiane-eisler-500x343.jpg 500w\" sizes=\"auto, (max-width: 728px) 100vw, 728px\" \/><\/a><figcaption class=\"wp-element-caption\">Christiane Eisler: Konzert in Halle in der Christuskirche, 1983 \u00a9 Christiane Eisler<\/figcaption><\/figure>\n<\/div><\/div>\n\n\n\n<div class=\"wp-block-column is-layout-flow wp-block-column-is-layout-flow\">\n<p class=\"has-small-font-size\" id=\"ChristianeEisler\" style=\"font-style:normal;font-weight:200\">Christiane Eisler<br>1958 in Berlin geboren, zog Christiane Eisler 1978 nach Leipzig, um dort Fotografie an der Hochschule f\u00fcr Grafik und Buchkunst zu studieren. 1983 absolvierte sie bei Evelyn Richter mit einer Diplomarbeit zu einem Jugendwerkhof sowie zu Punks in der DDR. Parallel zu einem Zusatzstudium, ebenfalls bei Richter und in Zusammenarbeit mit dem Institut f\u00fcr Jugendforschung, begann sie freischaffend t\u00e4tig zu sein. Ausstellungen ihrer Portr\u00e4ts von Punks wurden in der DDR mehrfach verboten oder geschlossen. Nach der Wende gr\u00fcndete sie 1990 die Fotoagentur transit in Leipzig und fotografiert seitdem journalistisch f\u00fcr Zeitschriften und Magazine, Unternehmen und staatliche Institutionen. Seit 1981 hat Christiane Eisler an zahlreichen Ausstellungen im In- und Ausland teilgenommen. Sie lebt und arbeitet in Leipzig.<\/p>\n<\/div>\n<\/div>\n\n\n\n<div class=\"wp-block-columns is-layout-flex wp-container-core-columns-is-layout-9d6595d7 wp-block-columns-is-layout-flex\">\n<div class=\"wp-block-column is-layout-flow wp-block-column-is-layout-flow\">\n<p class=\"has-small-font-size\" id=\"GerhardG\u00e4bler\" style=\"font-style:normal;font-weight:100\">Gerhard G\u00e4bler<br>1952 wurde Gerhard G\u00e4bler in Leipzig geboren, wo er 1972\u201376 Chemie an der Karl-Marx-Universit\u00e4t studierte. Zu fotografieren begann er 1977 autodidaktisch, als er in einer Chemiefabrik arbeitete. Er dokumentierte den DDR-Arbeitsalltag sowie den schrittweisen Verfall seines Wohnviertels in der Leipziger Ostvorstadt. 1986-92 folgte ein Fotografiestudium an der Hochschule f\u00fcr Grafik und Buchkunst Leipzig, woraufhin er freiberuflich als Fotograf t\u00e4tig wurde. 1992\u20132004 war er Mitglied der von ihm mitbegr\u00fcndeten Bildagentur Punctum in Leipzig. G\u00e4bler hatte zahlreiche Ausstellungen im In- und Ausland und konnte mehrere Fotob\u00e4nde publizieren. Weiterhin lebt und arbeitet er in Leipzig.<\/p>\n<\/div>\n\n\n\n<div class=\"wp-block-column is-layout-flow wp-block-column-is-layout-flow\"><div class=\"wp-block-image\">\n<figure class=\"aligncenter size-full\"><a href=\"https:\/\/blog.jena.de\/jenakultur\/wp-content\/uploads\/sites\/25\/2023\/06\/jenakultur-der-grosse-schwof-feste-feiern-im-osten-gaebler-gerhard-oeffnung-brandenburger-tor-am-22.12.1989-berlingerhard-gaebler.jpg\" data-rel=\"lightbox-gallery-5k0peQgf\" data-rl_title=\"\" data-rl_caption=\"\" title=\"\"><img loading=\"lazy\" decoding=\"async\" width=\"751\" height=\"500\" src=\"https:\/\/blog.jena.de\/jenakultur\/wp-content\/uploads\/sites\/25\/2023\/06\/jenakultur-der-grosse-schwof-feste-feiern-im-osten-gaebler-gerhard-oeffnung-brandenburger-tor-am-22.12.1989-berlingerhard-gaebler.jpg\" alt=\"\" class=\"wp-image-9150\" srcset=\"https:\/\/blog.jena.de\/jenakultur\/wp-content\/uploads\/sites\/25\/2023\/06\/jenakultur-der-grosse-schwof-feste-feiern-im-osten-gaebler-gerhard-oeffnung-brandenburger-tor-am-22.12.1989-berlingerhard-gaebler.jpg 751w, https:\/\/blog.jena.de\/jenakultur\/wp-content\/uploads\/sites\/25\/2023\/06\/jenakultur-der-grosse-schwof-feste-feiern-im-osten-gaebler-gerhard-oeffnung-brandenburger-tor-am-22.12.1989-berlingerhard-gaebler-500x333.jpg 500w\" sizes=\"auto, (max-width: 751px) 100vw, 751px\" \/><\/a><figcaption class=\"wp-element-caption\">Gerhard G\u00e4bler, \u00d6ffnung Brandenburger Tor am 22.12.1989 \u00a9 Gerhard G\u00e4bler<\/figcaption><\/figure>\n<\/div><\/div>\n<\/div>\n\n\n\n<div class=\"wp-block-columns is-layout-flex wp-container-core-columns-is-layout-9d6595d7 wp-block-columns-is-layout-flex\">\n<div class=\"wp-block-column is-layout-flow wp-block-column-is-layout-flow\"><div class=\"wp-block-image\">\n<figure class=\"aligncenter size-full\"><a href=\"https:\/\/blog.jena.de\/jenakultur\/wp-content\/uploads\/sites\/25\/2023\/06\/jenakultur-der-grosse-schwof-feste-feiern-im-osten-gregor-wolfgang-kleingaerten-berlin-1979-1980wolfgang-gregor.jpg\" data-rel=\"lightbox-gallery-5k0peQgf\" data-rl_title=\"\" data-rl_caption=\"\" title=\"\"><img loading=\"lazy\" decoding=\"async\" width=\"754\" height=\"500\" src=\"https:\/\/blog.jena.de\/jenakultur\/wp-content\/uploads\/sites\/25\/2023\/06\/jenakultur-der-grosse-schwof-feste-feiern-im-osten-gregor-wolfgang-kleingaerten-berlin-1979-1980wolfgang-gregor.jpg\" alt=\"\" class=\"wp-image-9151\" srcset=\"https:\/\/blog.jena.de\/jenakultur\/wp-content\/uploads\/sites\/25\/2023\/06\/jenakultur-der-grosse-schwof-feste-feiern-im-osten-gregor-wolfgang-kleingaerten-berlin-1979-1980wolfgang-gregor.jpg 754w, https:\/\/blog.jena.de\/jenakultur\/wp-content\/uploads\/sites\/25\/2023\/06\/jenakultur-der-grosse-schwof-feste-feiern-im-osten-gregor-wolfgang-kleingaerten-berlin-1979-1980wolfgang-gregor-500x332.jpg 500w\" sizes=\"auto, (max-width: 754px) 100vw, 754px\" \/><\/a><figcaption class=\"wp-element-caption\">Wolfgang Gregor, Kleing\u00e4rten, Berlin 1979-1980 \u00a9 Wolfgang Gregor<\/figcaption><\/figure>\n<\/div><\/div>\n\n\n\n<div class=\"wp-block-column is-layout-flow wp-block-column-is-layout-flow\">\n<p class=\"has-small-font-size\" id=\"WolfgangGregor\" style=\"font-style:normal;font-weight:200\">Wolfgang Gregor<br>1948 in Berlin-Lichtenberg geboren, absolvierte Wolfgang Gregor erst eine Lehre zum Stahlformbauer und Werkzeugmacher im Berliner Funkwerk K\u00f6penick, ehe er f\u00fcr drei Jahre beim Fernsehen der DDR in Berlin-Adlershof als Kameramann arbeitete. Ein Musikstudium f\u00fcr Klavier und Gitarre brach er ab und studierte stattdessen 1977\u201382 an der Hochschule f\u00fcr Grafik und Buchkunst in Leipzig. Anschlie\u00dfend war er als Fotograf freiberuflich t\u00e4tig und schuf umfassende Serien zu Berliner Arbeitern sowie den Kleingartenanlagen der Stadt. Seine Arbeiten wurden in Magazinen wie Stern, Spiegel oder Merian publiziert. 1991 lie\u00df er sich in Landin im Havelland nieder, wo er eine gro\u00dfe Scheune zu einer Kunstgie\u00dferei umbaute und seitdem lebt<br>und arbeitet.<\/p>\n<\/div>\n<\/div>\n\n\n\n<div class=\"wp-block-columns is-layout-flex wp-container-core-columns-is-layout-9d6595d7 wp-block-columns-is-layout-flex\">\n<div class=\"wp-block-column is-layout-flow wp-block-column-is-layout-flow\">\n<p class=\"has-small-font-size\" id=\"HaraldHauswald\" style=\"font-style:normal;font-weight:200\">Harald Hauswald<br>1954 in der s\u00e4chsischen Provinz Radebeul geboren, absolvierte Harald Hauswald 1970\u201372 eine Lehre als Fotograf. 1977 zog er nach Ostberlin, wo er verschiedenen Jobs nachging, u. a. als Telegrammbote, Heizer oder Restaurator. Als Fotograf wurde er in kurzer Zeit v. a. durch sein soziales Interesse und seine k\u00fcnstlerischen Ambitionen zu einem der bedeutendsten Fotografen des Ostens. Als erster DDR-Fotograf ver\u00f6ffentlichte er, zun\u00e4chst unter Pseudonym, Fotoreportagen in westlichen Magazinen. Er geh\u00f6rt zu den Gr\u00fcndungsmitgliedern der Agentur Ostkreuz. 1997 erhielt er das Bundesverdienstkreuz. Seine Bilder waren bereits in \u00fcber 250 Einzelausstellungen international zu sehen und haben das Bild der DDR, speziell die Erinnerungen an Ostberlin, deutlich mitgepr\u00e4gt. Hauswald lebt und arbeitet in Berlin.<\/p>\n<\/div>\n\n\n\n<div class=\"wp-block-column is-layout-flow wp-block-column-is-layout-flow\"><div class=\"wp-block-image\">\n<figure class=\"aligncenter size-full\"><a href=\"https:\/\/blog.jena.de\/jenakultur\/wp-content\/uploads\/sites\/25\/2023\/06\/jenakultur-der-grosse-schwof-feste-feiern-im-osten-hauswald-harald-faschingsfeier-husemannstrasse-berlin-1987harald-hauswald-ostkreuz.jpg\" data-rel=\"lightbox-gallery-5k0peQgf\" data-rl_title=\"\" data-rl_caption=\"\" title=\"\"><img loading=\"lazy\" decoding=\"async\" width=\"754\" height=\"500\" src=\"https:\/\/blog.jena.de\/jenakultur\/wp-content\/uploads\/sites\/25\/2023\/06\/jenakultur-der-grosse-schwof-feste-feiern-im-osten-hauswald-harald-faschingsfeier-husemannstrasse-berlin-1987harald-hauswald-ostkreuz.jpg\" alt=\"\" class=\"wp-image-9157\" srcset=\"https:\/\/blog.jena.de\/jenakultur\/wp-content\/uploads\/sites\/25\/2023\/06\/jenakultur-der-grosse-schwof-feste-feiern-im-osten-hauswald-harald-faschingsfeier-husemannstrasse-berlin-1987harald-hauswald-ostkreuz.jpg 754w, https:\/\/blog.jena.de\/jenakultur\/wp-content\/uploads\/sites\/25\/2023\/06\/jenakultur-der-grosse-schwof-feste-feiern-im-osten-hauswald-harald-faschingsfeier-husemannstrasse-berlin-1987harald-hauswald-ostkreuz-500x332.jpg 500w\" sizes=\"auto, (max-width: 754px) 100vw, 754px\" \/><\/a><figcaption class=\"wp-element-caption\">Harald Hauswald, Faschingsfeier Husemannstra\u00dfe, aus der Serie &#8222;Sex und Saufen&#8220;, Berlin, Prenzlauer Berg 1987 \u00a9 Harald Hauswald \/ Ostkreuz<\/figcaption><\/figure>\n<\/div><\/div>\n<\/div>\n\n\n\n<div class=\"wp-block-columns is-layout-flex wp-container-core-columns-is-layout-9d6595d7 wp-block-columns-is-layout-flex\">\n<div class=\"wp-block-column is-layout-flow wp-block-column-is-layout-flow\"><div class=\"wp-block-image\">\n<figure class=\"aligncenter size-full\"><a href=\"https:\/\/blog.jena.de\/jenakultur\/wp-content\/uploads\/sites\/25\/2023\/06\/jenakultur-der-grosse-schwof-feste-feiern-im-osten-hiepe-bernd-nach-dem-fest-erfurt-1983bernd-hiepe.jpg\" data-rel=\"lightbox-gallery-5k0peQgf\" data-rl_title=\"\" data-rl_caption=\"\" title=\"\"><img loading=\"lazy\" decoding=\"async\" width=\"753\" height=\"500\" src=\"https:\/\/blog.jena.de\/jenakultur\/wp-content\/uploads\/sites\/25\/2023\/06\/jenakultur-der-grosse-schwof-feste-feiern-im-osten-hiepe-bernd-nach-dem-fest-erfurt-1983bernd-hiepe.jpg\" alt=\"\" class=\"wp-image-9161\" srcset=\"https:\/\/blog.jena.de\/jenakultur\/wp-content\/uploads\/sites\/25\/2023\/06\/jenakultur-der-grosse-schwof-feste-feiern-im-osten-hiepe-bernd-nach-dem-fest-erfurt-1983bernd-hiepe.jpg 753w, https:\/\/blog.jena.de\/jenakultur\/wp-content\/uploads\/sites\/25\/2023\/06\/jenakultur-der-grosse-schwof-feste-feiern-im-osten-hiepe-bernd-nach-dem-fest-erfurt-1983bernd-hiepe-500x332.jpg 500w\" sizes=\"auto, (max-width: 753px) 100vw, 753px\" \/><\/a><figcaption class=\"wp-element-caption\">Bernd Hiepe, Nach dem Fest, Erfurt 1983 \u00a9 Bernd Hiepe<\/figcaption><\/figure>\n<\/div><\/div>\n\n\n\n<div class=\"wp-block-column is-layout-flow wp-block-column-is-layout-flow\">\n<p class=\"has-small-font-size\" id=\"BerndHiepe\" style=\"font-style:normal;font-weight:200\">Bernd Hiepe<br>1955 kam Bernd Hiepe in Erfurt zur Welt. Nach einer Ausbildung zum Lithograf und Fotografenmeister arbeitete er bis 1984 in der wissenschaftlichen Fotografie. 1984 verbrachte er sechs Monate in politischer Haft. Anschlie\u00dfend war er bis 1987 als Hilfsarbeiter in einer Keramikwerkstatt und als Ateliergehilfe t\u00e4tig. 1988 siedelte er nach K\u00f6ln \u00fcber, wo er bis 1991 in der Galerie Lichtblick mitarbeitete. Seit 1992 lebt er als freier Fotograf in Berlin. Seine Bilder sind seit 1984 in Ausstellungen zu sehen und wurden in verschiedenen Zeitschriften und Zeitungen wie Art, Spiegel oder dem FAZ-Magazin publiziert.<\/p>\n<\/div>\n<\/div>\n\n\n\n<div class=\"wp-block-columns is-layout-flex wp-container-core-columns-is-layout-9d6595d7 wp-block-columns-is-layout-flex\">\n<div class=\"wp-block-column is-layout-flow wp-block-column-is-layout-flow\">\n<p class=\"has-small-font-size\" id=\"HaraldHirsch\" style=\"font-style:normal;font-weight:200\">Harald Hirsch<br>Geboren in K\u00f6then, machte Harald Hirsch 1975 einen Abschluss als Diplom-Chemiker an der Technischen Hochschule Merseburg. Er hatte dort bereits den Fotoclub der Hochschule geleitet und auch w\u00e4hrend der folgenden Jahre, in denen er im Bereich Forschung und Technik in Merseburg arbeitete, war er als Mitglied des st\u00e4dtischen Fotoclubs aktiv. 1982\u201388 war Hirsch im Bereich Chemische Analytik im Forschungszentrum Elektronische Bauelemente in Teltow t\u00e4tig, ehe er sich als freischaffender Fotograf in Potsdam niederlie\u00df. Seit 1991 ist er berufenes Mitglied der Deutschen Gesellschaft f\u00fcr Fotografie. Seine Arbeiten befinden sich in Sammlungen wie der Berlinischen Galerie und waren in vielen Einzelausstellungen zu sehen.<\/p>\n<\/div>\n\n\n\n<div class=\"wp-block-column is-layout-flow wp-block-column-is-layout-flow\"><div class=\"wp-block-image\">\n<figure class=\"aligncenter size-full is-resized\"><a href=\"https:\/\/blog.jena.de\/jenakultur\/wp-content\/uploads\/sites\/25\/2023\/06\/jenakultur-der-grosse-schwof-feste-feiern-im-osten-hirsch-harald-vorturnerin-b-aufmarsch-z-1.-mai-potsdam-1985harald-hirsch.jpg\" data-rel=\"lightbox-gallery-5k0peQgf\" data-rl_title=\"\" data-rl_caption=\"\" title=\"\"><img loading=\"lazy\" decoding=\"async\" src=\"https:\/\/blog.jena.de\/jenakultur\/wp-content\/uploads\/sites\/25\/2023\/06\/jenakultur-der-grosse-schwof-feste-feiern-im-osten-hirsch-harald-vorturnerin-b-aufmarsch-z-1.-mai-potsdam-1985harald-hirsch.jpg\" alt=\"\" class=\"wp-image-9164\" width=\"375\" height=\"554\" srcset=\"https:\/\/blog.jena.de\/jenakultur\/wp-content\/uploads\/sites\/25\/2023\/06\/jenakultur-der-grosse-schwof-feste-feiern-im-osten-hirsch-harald-vorturnerin-b-aufmarsch-z-1.-mai-potsdam-1985harald-hirsch.jpg 500w, https:\/\/blog.jena.de\/jenakultur\/wp-content\/uploads\/sites\/25\/2023\/06\/jenakultur-der-grosse-schwof-feste-feiern-im-osten-hirsch-harald-vorturnerin-b-aufmarsch-z-1.-mai-potsdam-1985harald-hirsch-338x500.jpg 338w, https:\/\/blog.jena.de\/jenakultur\/wp-content\/uploads\/sites\/25\/2023\/06\/jenakultur-der-grosse-schwof-feste-feiern-im-osten-hirsch-harald-vorturnerin-b-aufmarsch-z-1.-mai-potsdam-1985harald-hirsch-467x690.jpg 467w\" sizes=\"auto, (max-width: 375px) 100vw, 375px\" \/><\/a><figcaption class=\"wp-element-caption\">Harald Hirsch, Vorturnerin beim Aufmarsch zum 1. Mai, Potsdam 1985 \u00a9 Harald Hirsch<\/figcaption><\/figure>\n<\/div><\/div>\n<\/div>\n\n\n\n<div class=\"wp-block-columns is-layout-flex wp-container-core-columns-is-layout-9d6595d7 wp-block-columns-is-layout-flex\">\n<div class=\"wp-block-column is-layout-flow wp-block-column-is-layout-flow\"><div class=\"wp-block-image\">\n<figure class=\"aligncenter size-full\"><a href=\"https:\/\/blog.jena.de\/jenakultur\/wp-content\/uploads\/sites\/25\/2023\/06\/jenakultur-der-grosse-schwof-feste-feiern-im-osten-hohmuth-juergen-chic-charmant-dauerhaft-berlin-1983-1985-juergen-hohmuth.jpg\" data-rel=\"lightbox-gallery-5k0peQgf\" data-rl_title=\"\" data-rl_caption=\"\" title=\"\"><img loading=\"lazy\" decoding=\"async\" width=\"758\" height=\"500\" src=\"https:\/\/blog.jena.de\/jenakultur\/wp-content\/uploads\/sites\/25\/2023\/06\/jenakultur-der-grosse-schwof-feste-feiern-im-osten-hohmuth-juergen-chic-charmant-dauerhaft-berlin-1983-1985-juergen-hohmuth.jpg\" alt=\"\" class=\"wp-image-9169\" srcset=\"https:\/\/blog.jena.de\/jenakultur\/wp-content\/uploads\/sites\/25\/2023\/06\/jenakultur-der-grosse-schwof-feste-feiern-im-osten-hohmuth-juergen-chic-charmant-dauerhaft-berlin-1983-1985-juergen-hohmuth.jpg 758w, https:\/\/blog.jena.de\/jenakultur\/wp-content\/uploads\/sites\/25\/2023\/06\/jenakultur-der-grosse-schwof-feste-feiern-im-osten-hohmuth-juergen-chic-charmant-dauerhaft-berlin-1983-1985-juergen-hohmuth-500x330.jpg 500w\" sizes=\"auto, (max-width: 758px) 100vw, 758px\" \/><\/a><figcaption class=\"wp-element-caption\">J\u00fcrgen Hohmuth, aus der Serie &#8222;Chic, Charmant, Dauerhaft&#8220;, Berlin 1983-1985 \u00a9 J\u00fcrgen Hohmuth<\/figcaption><\/figure>\n<\/div><\/div>\n\n\n\n<div class=\"wp-block-column is-layout-flow wp-block-column-is-layout-flow\">\n<p class=\"has-small-font-size\" id=\"J\u00fcrgenHohmuth\" style=\"font-style:normal;font-weight:200\">J\u00fcrgen Hohmuth<br>1960 in Berlin geboren, war J\u00fcrgen Hohmuth nach einer Lehre zun\u00e4chst als Forstarbeiter und Zapfenpfl\u00fccker t\u00e4tig. 1981 begann er freiberuflich als Fotograf zu arbeiten und wirkte in den folgenden Jahren als Gr\u00fcndungsmitglied bei der Modegruppe chic, charmant &amp; dauerhaft (CCD). 1986\u201391 folgte ein Fotografiestudium an der Hochschule f\u00fcr Grafik und Buchkunst Leipzig, u. a. bei Arno Fischer. Mit weiteren Fotografen gr\u00fcndete Hohmuth 1996 das Produktionsb\u00fcro ZEITORT. Seine Fotografien ver\u00f6ffentlicht er vorrangig in Bildb\u00e4nden, au\u00dferdem kuratiert und gestaltet er Ausstellungen und wirkt bei Filmproduktionen mit. Hohmuth lebt und arbeitet in Berlin.<\/p>\n<\/div>\n<\/div>\n\n\n\n<div class=\"wp-block-columns is-layout-flex wp-container-core-columns-is-layout-9d6595d7 wp-block-columns-is-layout-flex\">\n<div class=\"wp-block-column is-layout-flow wp-block-column-is-layout-flow\">\n<p class=\"has-small-font-size\" id=\"ThomasKl\u00e4ber\" style=\"font-style:normal;font-weight:200\">Thomas Kl\u00e4ber<br>Geboren 1955 in dem brandenburgischen Dorf Beyern (heutiger Landkreis Elbe-Elster), studierte Thomas Kl\u00e4ber 1976\u201383 Fotografie an der Hochschule f\u00fcr Grafik und Buchkunst Leipzig, u. a. bei Helfried Strau\u00df. In seiner Diplomarbeit besch\u00e4ftigte er sich mit dem Thema Landleben. Seit 1983 ist Kl\u00e4ber freiberuflich als Fotograf t\u00e4tig, vorrangig im Raum Cottbus, Berlin, Frankfurt, Dresden und Leipzig. Seine sozialdokumentarischen Fotografien waren in zahlreichen Einzel- und Gruppenausstellungen zu sehen und wurden in Katalogen publiziert. Kl\u00e4ber lebt und arbeitet in Kolkwitz bei Cottbus.<\/p>\n<\/div>\n\n\n\n<div class=\"wp-block-column is-layout-flow wp-block-column-is-layout-flow\"><div class=\"wp-block-image\">\n<figure class=\"aligncenter size-full\"><a href=\"https:\/\/blog.jena.de\/jenakultur\/wp-content\/uploads\/sites\/25\/2023\/06\/jenakultur-der-grosse-schwof-feste-feiern-im-osten-klaeber-thomas-dorfdisco-in-beyern-1978-79thomas-klaeber.jpg\" data-rel=\"lightbox-gallery-5k0peQgf\" data-rl_title=\"\" data-rl_caption=\"\" title=\"\"><img loading=\"lazy\" decoding=\"async\" width=\"755\" height=\"500\" src=\"https:\/\/blog.jena.de\/jenakultur\/wp-content\/uploads\/sites\/25\/2023\/06\/jenakultur-der-grosse-schwof-feste-feiern-im-osten-klaeber-thomas-dorfdisco-in-beyern-1978-79thomas-klaeber.jpg\" alt=\"\" class=\"wp-image-9170\" srcset=\"https:\/\/blog.jena.de\/jenakultur\/wp-content\/uploads\/sites\/25\/2023\/06\/jenakultur-der-grosse-schwof-feste-feiern-im-osten-klaeber-thomas-dorfdisco-in-beyern-1978-79thomas-klaeber.jpg 755w, https:\/\/blog.jena.de\/jenakultur\/wp-content\/uploads\/sites\/25\/2023\/06\/jenakultur-der-grosse-schwof-feste-feiern-im-osten-klaeber-thomas-dorfdisco-in-beyern-1978-79thomas-klaeber-500x331.jpg 500w\" sizes=\"auto, (max-width: 755px) 100vw, 755px\" \/><\/a><figcaption class=\"wp-element-caption\">Thomas Kl\u00e4ber, aus der Serie &#8222;Dorfdisco in Beyern&#8220;, 1978\/79 \u00a9 Thomas Kl\u00e4ber<\/figcaption><\/figure>\n<\/div><\/div>\n<\/div>\n\n\n\n<div class=\"wp-block-columns is-layout-flex wp-container-core-columns-is-layout-9d6595d7 wp-block-columns-is-layout-flex\">\n<div class=\"wp-block-column is-layout-flow wp-block-column-is-layout-flow\"><div class=\"wp-block-image\">\n<figure class=\"aligncenter size-full\"><a href=\"https:\/\/blog.jena.de\/jenakultur\/wp-content\/uploads\/sites\/25\/2023\/06\/jenakultur-der-grosse-schwof-feste-feiern-im-osten-kloeppel-eberhard-pfingstfest-hergisdorf-grunddoerfer-1982eberhard-kloeppel.jpg\" data-rel=\"lightbox-gallery-5k0peQgf\" data-rl_title=\"\" data-rl_caption=\"\" title=\"\"><img loading=\"lazy\" decoding=\"async\" width=\"751\" height=\"500\" src=\"https:\/\/blog.jena.de\/jenakultur\/wp-content\/uploads\/sites\/25\/2023\/06\/jenakultur-der-grosse-schwof-feste-feiern-im-osten-kloeppel-eberhard-pfingstfest-hergisdorf-grunddoerfer-1982eberhard-kloeppel.jpg\" alt=\"\" class=\"wp-image-9171\" srcset=\"https:\/\/blog.jena.de\/jenakultur\/wp-content\/uploads\/sites\/25\/2023\/06\/jenakultur-der-grosse-schwof-feste-feiern-im-osten-kloeppel-eberhard-pfingstfest-hergisdorf-grunddoerfer-1982eberhard-kloeppel.jpg 751w, https:\/\/blog.jena.de\/jenakultur\/wp-content\/uploads\/sites\/25\/2023\/06\/jenakultur-der-grosse-schwof-feste-feiern-im-osten-kloeppel-eberhard-pfingstfest-hergisdorf-grunddoerfer-1982eberhard-kloeppel-500x333.jpg 500w\" sizes=\"auto, (max-width: 751px) 100vw, 751px\" \/><\/a><figcaption class=\"wp-element-caption\">Eberhard Kl\u00f6ppel, aus der Serie &#8222;Pfingstfest in den Grundd\u00f6rfern N\u00e4he Eisleben&#8220;, 1974 \u00a9 Eberhard Kl\u00f6ppel<\/figcaption><\/figure>\n<\/div><\/div>\n\n\n\n<div class=\"wp-block-column is-layout-flow wp-block-column-is-layout-flow\">\n<p class=\"has-small-font-size\" id=\"EberhardKl\u00f6ppel\" style=\"font-style:normal;font-weight:200\">Eberhard Kl\u00f6ppel<br>In Berlin 1940 geboren, wuchs Eberhard Kl\u00f6ppel in Hettstedt im Mansfelder Land auf. Der Lehre als Fernmeldemonteur 1956\u201358 in Halle folgte der Wehrdienst, den er als Regimentsfotograf leistete. In der Bildagentur des Milit\u00e4rverlages ergab sich daraus eine Fotografenausbildung. Anschlie\u00dfend studierte er 1965\u201367 erst im Fernstudium an der Fachschule f\u00fcr Journalistik, dann bis 1973 Fotografie an der Hochschule f\u00fcr Grafik und Buchkunst in Leipzig. Er war 1969 Mitbegr\u00fcnder der Gruppe Jugendfoto der FDJ und arbeitete in der Zentralen Kommission f\u00fcr Photographie des Kulturbundes der DDR. 1976 wurde er Bildreporter bei der Neuen Berliner Illustrierten. Nach der Wende war Kl\u00f6ppel als Bildredakteur im Burda-Verlag t\u00e4tig, bevor er 1993 als Fotograf freischaffend wurde.<\/p>\n<\/div>\n<\/div>\n\n\n\n<div class=\"wp-block-columns is-layout-flex wp-container-core-columns-is-layout-9d6595d7 wp-block-columns-is-layout-flex\">\n<div class=\"wp-block-column is-layout-flow wp-block-column-is-layout-flow\">\n<p class=\"has-small-font-size\" id=\"BertramKober\" style=\"font-style:normal;font-weight:200\">Bertram Kober<br>1961 in Leipzig geboren und aufgewachsen, studierte Bertram Kober 1981\u201387 Fotografie an der dortigen Hochschule f\u00fcr Grafik und Buchkunst bei Evelyn Richter und Arno Fischer. Nach einem ersten Zusatzstudium an der HGB ging er f\u00fcr ein weiteres Zusatzstudium in Kommunikationsdesign 1990 an die Gesamthochschule Essen zu Angela Neuke und wurde als Fotograf freischaffend t\u00e4tig. Kober ist 1990 Gr\u00fcndungsmitglied der Leipziger Fotoagentur Punctum und bis heute deren Gesch\u00e4ftsf\u00fchrer. 2003 wurde er an die Deutsche Fotografische Akademie berufen. 2005\u201307 unterrichtete er an der Fotoschule Fotografie am Schiffbauerdamm, seit 2007 an der Neuen Schule f\u00fcr Fotografie in Berlin. Kober lebt und arbeitet in Leipzig und Berlin.<\/p>\n<\/div>\n\n\n\n<div class=\"wp-block-column is-layout-flow wp-block-column-is-layout-flow\"><div class=\"wp-block-image\">\n<figure class=\"aligncenter size-full\"><a href=\"https:\/\/blog.jena.de\/jenakultur\/wp-content\/uploads\/sites\/25\/2023\/06\/jenakultur-der-grosse-schwof-feste-feiern-im-osten-kober-bertram-kabarettgruppe-vortrag-markranstaedt-1989bertram-kober.jpg\" data-rel=\"lightbox-gallery-5k0peQgf\" data-rl_title=\"\" data-rl_caption=\"\" title=\"\"><img loading=\"lazy\" decoding=\"async\" width=\"750\" height=\"500\" src=\"https:\/\/blog.jena.de\/jenakultur\/wp-content\/uploads\/sites\/25\/2023\/06\/jenakultur-der-grosse-schwof-feste-feiern-im-osten-kober-bertram-kabarettgruppe-vortrag-markranstaedt-1989bertram-kober.jpg\" alt=\"\" class=\"wp-image-9173\" srcset=\"https:\/\/blog.jena.de\/jenakultur\/wp-content\/uploads\/sites\/25\/2023\/06\/jenakultur-der-grosse-schwof-feste-feiern-im-osten-kober-bertram-kabarettgruppe-vortrag-markranstaedt-1989bertram-kober.jpg 750w, https:\/\/blog.jena.de\/jenakultur\/wp-content\/uploads\/sites\/25\/2023\/06\/jenakultur-der-grosse-schwof-feste-feiern-im-osten-kober-bertram-kabarettgruppe-vortrag-markranstaedt-1989bertram-kober-500x333.jpg 500w\" sizes=\"auto, (max-width: 750px) 100vw, 750px\" \/><\/a><figcaption class=\"wp-element-caption\">Bertram Kober, Kabarettgruppe mit absurdem Spektakel, Markranst\u00e4dt, August 1989 \u00a9 Bertram Kober<\/figcaption><\/figure>\n<\/div><\/div>\n<\/div>\n\n\n\n<div class=\"wp-block-columns is-layout-flex wp-container-core-columns-is-layout-9d6595d7 wp-block-columns-is-layout-flex\">\n<div class=\"wp-block-column is-layout-flow wp-block-column-is-layout-flow\"><div class=\"wp-block-image\">\n<figure class=\"aligncenter size-full\"><a href=\"https:\/\/blog.jena.de\/jenakultur\/wp-content\/uploads\/sites\/25\/2023\/06\/jenakultur-der-grosse-schwof-feste-feiern-im-osten-lieberknecht-werner-fasching-hbk-dresden-1984-85-86werner-lieberknecht-vg-bild-kunst.jpg\" data-rel=\"lightbox-gallery-5k0peQgf\" data-rl_title=\"\" data-rl_caption=\"\" title=\"\"><img loading=\"lazy\" decoding=\"async\" width=\"716\" height=\"500\" src=\"https:\/\/blog.jena.de\/jenakultur\/wp-content\/uploads\/sites\/25\/2023\/06\/jenakultur-der-grosse-schwof-feste-feiern-im-osten-lieberknecht-werner-fasching-hbk-dresden-1984-85-86werner-lieberknecht-vg-bild-kunst.jpg\" alt=\"\" class=\"wp-image-9174\" srcset=\"https:\/\/blog.jena.de\/jenakultur\/wp-content\/uploads\/sites\/25\/2023\/06\/jenakultur-der-grosse-schwof-feste-feiern-im-osten-lieberknecht-werner-fasching-hbk-dresden-1984-85-86werner-lieberknecht-vg-bild-kunst.jpg 716w, https:\/\/blog.jena.de\/jenakultur\/wp-content\/uploads\/sites\/25\/2023\/06\/jenakultur-der-grosse-schwof-feste-feiern-im-osten-lieberknecht-werner-fasching-hbk-dresden-1984-85-86werner-lieberknecht-vg-bild-kunst-500x349.jpg 500w\" sizes=\"auto, (max-width: 716px) 100vw, 716px\" \/><\/a><figcaption class=\"wp-element-caption\">Werner Lieberknecht, Fasching Hochschule f\u00fcr Bildende K\u00fcnste Dresden, 1984\/85\/86 \u00a9 Werner Lieberknecht \/ VG Bild-Kunst Bonn 2023<\/figcaption><\/figure>\n<\/div><\/div>\n\n\n\n<div class=\"wp-block-column is-layout-flow wp-block-column-is-layout-flow\">\n<p class=\"has-small-font-size\" id=\"WernerLieberknecht\" style=\"font-style:normal;font-weight:200\">Werner Lieberknecht<br>Nach seinem Abitur absolvierte der 1961 in Dresden geborene Werner Lieberknecht zun\u00e4chst eine Berufsausbildung als Fotograf. Es folgte 1985\u201388 ein Fernstudium der Fotografie an der Hochschule f\u00fcr Grafik und Buchkunst in Leipzig bei Evelyn Richter und Arno Fischer. Seit 1987 ist er freiberuflich t\u00e4tig. Ab Mitte der 1980er Jahre waren Lieberknechts Arbeiten zudem in Deutschland, den Niederlanden und den Vereinigten Staaten in Einzel- und Gruppenausstellungen zu sehen. 1998 wurde er in die Deutsche Gesellschaft f\u00fcr Photographie berufen. Lieberknecht lebt und arbeitet in Dresden.<\/p>\n<\/div>\n<\/div>\n\n\n\n<div class=\"wp-block-columns is-layout-flex wp-container-core-columns-is-layout-9d6595d7 wp-block-columns-is-layout-flex\">\n<div class=\"wp-block-column is-layout-flow wp-block-column-is-layout-flow\">\n<p class=\"has-small-font-size\" id=\"UteMahler\" style=\"font-style:normal;font-weight:200\">Ute Mahler<br>Geboren im th\u00fcringischen Berka\/Wipper, studierte Ute Mahler 1969\u201374 Fotografie an der Hochschule f\u00fcr Grafik und Buchkunst Leipzig. Seitdem ist sie als freiberufliche Fotografin erfolgreich. Zur DDR-Zeit arbeitete sie vornehmlich f\u00fcr die legend\u00e4re Modezeitschrift Sibylle, nach der Wende u. a. f\u00fcr den Stern. Zusammen mit ihrem Mann Werner Mahler geh\u00f6rte sie 1990 zu den Gr\u00fcndungsmitgliedern der bis heute erfolgreichen Agentur Ostkreuz. 2000\u201315 wirkte Ute Mahler zudem als Professorin f\u00fcr Fotografie an der Hochschule f\u00fcr Angewandte Wissenschaften Hamburg, 2005 kam eine Dozentur an der Ostkreuzschule f\u00fcr Fotografie in Berlin hinzu. Seit 2009 arbeitet sie auch gemeinsam mit Werner Mahler an Projekten. Beide leben und arbeiten in Lehnitz bei Berlin.<\/p>\n<\/div>\n\n\n\n<div class=\"wp-block-column is-layout-flow wp-block-column-is-layout-flow\"><div class=\"wp-block-image\">\n<figure class=\"aligncenter size-full\"><a href=\"https:\/\/blog.jena.de\/jenakultur\/wp-content\/uploads\/sites\/25\/2023\/06\/jenakultur-der-grosse-schwof-feste-feiern-im-osten-mahler-ute-kleines-erotikum-1988-89ute-mahler-galerie-springer.jpg\" data-rel=\"lightbox-gallery-5k0peQgf\" data-rl_title=\"\" data-rl_caption=\"\" title=\"\"><img loading=\"lazy\" decoding=\"async\" width=\"750\" height=\"493\" src=\"https:\/\/blog.jena.de\/jenakultur\/wp-content\/uploads\/sites\/25\/2023\/06\/jenakultur-der-grosse-schwof-feste-feiern-im-osten-mahler-ute-kleines-erotikum-1988-89ute-mahler-galerie-springer.jpg\" alt=\"\" class=\"wp-image-9175\" srcset=\"https:\/\/blog.jena.de\/jenakultur\/wp-content\/uploads\/sites\/25\/2023\/06\/jenakultur-der-grosse-schwof-feste-feiern-im-osten-mahler-ute-kleines-erotikum-1988-89ute-mahler-galerie-springer.jpg 750w, https:\/\/blog.jena.de\/jenakultur\/wp-content\/uploads\/sites\/25\/2023\/06\/jenakultur-der-grosse-schwof-feste-feiern-im-osten-mahler-ute-kleines-erotikum-1988-89ute-mahler-galerie-springer-500x329.jpg 500w\" sizes=\"auto, (max-width: 750px) 100vw, 750px\" \/><\/a><figcaption class=\"wp-element-caption\">Ute Mahler, Kleines Erotikum Stadthalle Karl-Marx-Stadt, aus der Serie &#8222;Striptease im Osten&#8220;, 1988\/89 \u00a9 Ute Mahler \/ Galerie Springer<\/figcaption><\/figure>\n<\/div><\/div>\n<\/div>\n\n\n\n<div class=\"wp-block-columns is-layout-flex wp-container-core-columns-is-layout-9d6595d7 wp-block-columns-is-layout-flex\">\n<div class=\"wp-block-column is-layout-flow wp-block-column-is-layout-flow\"><div class=\"wp-block-image\">\n<figure class=\"aligncenter size-full\"><a href=\"https:\/\/blog.jena.de\/jenakultur\/wp-content\/uploads\/sites\/25\/2023\/06\/jenakultur-der-grosse-schwof-feste-feiern-im-osten-mahler-werner-fans-1986werner-mahler-galerie-springer.jpg\" data-rel=\"lightbox-gallery-5k0peQgf\" data-rl_title=\"\" data-rl_caption=\"\" title=\"\"><img loading=\"lazy\" decoding=\"async\" width=\"750\" height=\"500\" src=\"https:\/\/blog.jena.de\/jenakultur\/wp-content\/uploads\/sites\/25\/2023\/06\/jenakultur-der-grosse-schwof-feste-feiern-im-osten-mahler-werner-fans-1986werner-mahler-galerie-springer.jpg\" alt=\"\" class=\"wp-image-9177\" srcset=\"https:\/\/blog.jena.de\/jenakultur\/wp-content\/uploads\/sites\/25\/2023\/06\/jenakultur-der-grosse-schwof-feste-feiern-im-osten-mahler-werner-fans-1986werner-mahler-galerie-springer.jpg 750w, https:\/\/blog.jena.de\/jenakultur\/wp-content\/uploads\/sites\/25\/2023\/06\/jenakultur-der-grosse-schwof-feste-feiern-im-osten-mahler-werner-fans-1986werner-mahler-galerie-springer-500x333.jpg 500w\" sizes=\"auto, (max-width: 750px) 100vw, 750px\" \/><\/a><figcaption class=\"wp-element-caption\">Werner Mahler, aus der Serie &#8222;Fans&#8220;, 1986 \u00a9 Werner Mahler \/ Galerie Springer<\/figcaption><\/figure>\n<\/div><\/div>\n\n\n\n<div class=\"wp-block-column is-layout-flow wp-block-column-is-layout-flow\">\n<p class=\"has-small-font-size\" id=\"WernerMahler\" style=\"font-style:normal;font-weight:200\">Werner Mahler<br>1950 kam Werner Mahler in Blo\u00dfdorf, Sachsen-Anhalt zur Welt. Im Anschluss an eine T\u00e4tigkeit als Fotoassistent bei Ludwig Schirmer, 1971\u201373 in Berlin, absolvierte er bis 1978 ein Fotografiestudium an der Hochschule f\u00fcr Grafik und Buchkunst in Leipzig. Danach fotografierte er freiberuflich, zur DDR-Zeit u. a. f\u00fcr die Zeitschriften F\u00fcr Dich und Sibylle. Gemeinsam mit seiner Frau Ute Mahler geh\u00f6rt er nach dem Mauerfall zu den Gr\u00fcndungsmitgliedern der Agentur Ostkreuz, bei der er bis 2019 als Gesch\u00e4ftsf\u00fchrer agierte. 2002\u201304 arbeitete er zudem als Dozent an der Fotoschule am Schiffbauerdamm. Seit 2009 f\u00fchrt er Gemeinschaftsarbeiten mit Ute Mahler aus. Beide leben und arbeiten in Lehnitz bei Berlin.<\/p>\n<\/div>\n<\/div>\n\n\n\n<div class=\"wp-block-columns is-layout-flex wp-container-core-columns-is-layout-9d6595d7 wp-block-columns-is-layout-flex\">\n<div class=\"wp-block-column is-layout-flow wp-block-column-is-layout-flow\">\n<p class=\"has-small-font-size\" id=\"OlafMartens\" style=\"font-style:normal;font-weight:200\">Olaf Martens<br>1963 in Halle (Saale) geboren, wuchs Olaf Martens in Nordhausen auf. Er studierte 1985\u201392 Fotografie an der Hochschule f\u00fcr Grafik und Buchkunst in Leipzig, davon zwei Jahre als Meistersch\u00fcler bei Wolfgang G. Schr\u00f6ter und Helfried Strau\u00df. Neben seinen freien Arbeiten erreichte er internationale Bekanntheit als Mode- und Werbefotograf. Seine Bildreportagen und Fotobeitr\u00e4ge erschienen in zahlreichen Magazinen, etwa im FAZ Magazin, Spiegel, Stern, Focus Magazin oder Art. Seine Werke sind Teil vieler privater und \u00f6ffentlicher Sammlungen, etwa im Leopold Museum Wien, im Rheinischen Landesmuseum Bonn, der Sammlung Goetz oder der Sammlung F. C. Gundlach. Olaf Martens lebt und arbeitet in Leipzig.<\/p>\n<\/div>\n\n\n\n<div class=\"wp-block-column is-layout-flow wp-block-column-is-layout-flow\"><div class=\"wp-block-image\">\n<figure class=\"aligncenter size-full is-resized\"><a href=\"https:\/\/blog.jena.de\/jenakultur\/wp-content\/uploads\/sites\/25\/2023\/06\/jenakultur-der-grosse-schwof-feste-feiern-im-osten-martens-olaf-blockschokolade-halle-1989-olaf-martens.jpg\" data-rel=\"lightbox-gallery-5k0peQgf\" data-rl_title=\"\" data-rl_caption=\"\" title=\"\"><img loading=\"lazy\" decoding=\"async\" src=\"https:\/\/blog.jena.de\/jenakultur\/wp-content\/uploads\/sites\/25\/2023\/06\/jenakultur-der-grosse-schwof-feste-feiern-im-osten-martens-olaf-blockschokolade-halle-1989-olaf-martens.jpg\" alt=\"\" class=\"wp-image-9178\" width=\"450\" height=\"450\" srcset=\"https:\/\/blog.jena.de\/jenakultur\/wp-content\/uploads\/sites\/25\/2023\/06\/jenakultur-der-grosse-schwof-feste-feiern-im-osten-martens-olaf-blockschokolade-halle-1989-olaf-martens.jpg 600w, https:\/\/blog.jena.de\/jenakultur\/wp-content\/uploads\/sites\/25\/2023\/06\/jenakultur-der-grosse-schwof-feste-feiern-im-osten-martens-olaf-blockschokolade-halle-1989-olaf-martens-500x500.jpg 500w, https:\/\/blog.jena.de\/jenakultur\/wp-content\/uploads\/sites\/25\/2023\/06\/jenakultur-der-grosse-schwof-feste-feiern-im-osten-martens-olaf-blockschokolade-halle-1989-olaf-martens-400x400.jpg 400w\" sizes=\"auto, (max-width: 450px) 100vw, 450px\" \/><\/a><figcaption class=\"wp-element-caption\">Olaf Martens, aus der Serie &#8222;Blockschokolade&#8220;, Halle 1989 \u00a9 Olaf Martens<\/figcaption><\/figure>\n<\/div><\/div>\n<\/div>\n\n\n\n<div class=\"wp-block-columns is-layout-flex wp-container-core-columns-is-layout-9d6595d7 wp-block-columns-is-layout-flex\">\n<div class=\"wp-block-column is-layout-flow wp-block-column-is-layout-flow\"><div class=\"wp-block-image\">\n<figure class=\"aligncenter size-full is-resized\"><a href=\"https:\/\/blog.jena.de\/jenakultur\/wp-content\/uploads\/sites\/25\/2023\/06\/jenakultur-der-grosse-schwof-feste-feiern-im-osten-melis-roger-silvester-auf-schloss-hoppenrade-1975-76nachlass-roger-melis.jpg\" data-rel=\"lightbox-gallery-5k0peQgf\" data-rl_title=\"\" data-rl_caption=\"\" title=\"\"><img loading=\"lazy\" decoding=\"async\" src=\"https:\/\/blog.jena.de\/jenakultur\/wp-content\/uploads\/sites\/25\/2023\/06\/jenakultur-der-grosse-schwof-feste-feiern-im-osten-melis-roger-silvester-auf-schloss-hoppenrade-1975-76nachlass-roger-melis.jpg\" alt=\"\" class=\"wp-image-9179\" width=\"375\" height=\"549\" srcset=\"https:\/\/blog.jena.de\/jenakultur\/wp-content\/uploads\/sites\/25\/2023\/06\/jenakultur-der-grosse-schwof-feste-feiern-im-osten-melis-roger-silvester-auf-schloss-hoppenrade-1975-76nachlass-roger-melis.jpg 500w, https:\/\/blog.jena.de\/jenakultur\/wp-content\/uploads\/sites\/25\/2023\/06\/jenakultur-der-grosse-schwof-feste-feiern-im-osten-melis-roger-silvester-auf-schloss-hoppenrade-1975-76nachlass-roger-melis-342x500.jpg 342w, https:\/\/blog.jena.de\/jenakultur\/wp-content\/uploads\/sites\/25\/2023\/06\/jenakultur-der-grosse-schwof-feste-feiern-im-osten-melis-roger-silvester-auf-schloss-hoppenrade-1975-76nachlass-roger-melis-471x690.jpg 471w\" sizes=\"auto, (max-width: 375px) 100vw, 375px\" \/><\/a><figcaption class=\"wp-element-caption\">Roger Melis, aus der Serie &#8222;Silvester auf Schloss Hoppenrade, 1975\/76 \u00a9 Nachlass Roger Melis<\/figcaption><\/figure>\n<\/div><\/div>\n\n\n\n<div class=\"wp-block-column is-layout-flow wp-block-column-is-layout-flow\">\n<p class=\"has-small-font-size\" id=\"RogerMelis\" style=\"font-style:normal;font-weight:200\">Roger Melis<br>1940 in Berlin geboren, wuchs Roger Melis im Haushalt des Dichters Peter Huchel auf, erst in West-Berlin, ab 1952 dann in Wilhelmshorst bei Potsdam. Nach einer Fotografenlehre 1957\u201360 arbeitete er 1962\u201368 als wissenschaftlicher Fotograf an<br>der Berliner Charit\u00e9. Von 1968 an war er freischaffend t\u00e4tig, u. a. als Modefotograf f\u00fcr die Sibylle. Es folgten Arbeiten f\u00fcr viele weitere Medien wie die Neue Berliner Illustrierte, Die Zeit, die Frankfurter Allgemeine Zeitung, Geo und verschiedene Verlage in Ost und West. 1969 war er Mitbegr\u00fcnder der Fotogruppe Direkt. Durch eine Auftragssperre f\u00fcr die DDR-Presse, konzentrierte er sich 1982\u201389 auf Buch- und Ausstellungsprojekte, ehe er sich wieder verst\u00e4rkt Reportage- und Portr\u00e4tfotografie zuwandte. Roger Melis starb 2009 in Berlin.<\/p>\n<\/div>\n<\/div>\n\n\n\n<div class=\"wp-block-columns is-layout-flex wp-container-core-columns-is-layout-9d6595d7 wp-block-columns-is-layout-flex\">\n<div class=\"wp-block-column is-layout-flow wp-block-column-is-layout-flow\">\n<p class=\"has-small-font-size\" id=\"FlorianMerkel\" style=\"font-style:normal;font-weight:200\">Florian Merkel<br>1961 in Chemnitz geboren, studierte Florian Merkel 1981\u201386 Fotografie an der Hochschule f\u00fcr Grafik und Buchkunst Leipzig. Seit Mitte der 1980er Jahre ist er bekannt f\u00fcr handkolorierte fotografische Inszenierungen, die die Grenze zwischen klassischer Fotografie und Malerei aufheben. 1989 zog Merkel nach Berlin, wo er seitdem als Fotograf, Maler und Musiker lebt. Er ist Mitbegr\u00fcnder der Experimentalrockband Die Gehirne und Initiator der Knut Baltz Formation. Merkels Arbeiten befinden sich u. a. in den Sammlungen Deutsche Bank, Hessische Landesbank, der Wiseman Foundation Los Angeles und der Berlinischen Galerie. Seit 2015 lebt und arbeitet er in Berlin.<\/p>\n<\/div>\n\n\n\n<div class=\"wp-block-column is-layout-flow wp-block-column-is-layout-flow\"><div class=\"wp-block-image\">\n<figure class=\"aligncenter size-full is-resized\"><a href=\"https:\/\/blog.jena.de\/jenakultur\/wp-content\/uploads\/sites\/25\/2023\/06\/jenakultur-der-grosse-schwof-feste-feiern-im-osten-merkel-florian-nemo-1-leipzig-1983florian-merkel.jpg\" data-rel=\"lightbox-gallery-5k0peQgf\" data-rl_title=\"\" data-rl_caption=\"\" title=\"\"><img loading=\"lazy\" decoding=\"async\" src=\"https:\/\/blog.jena.de\/jenakultur\/wp-content\/uploads\/sites\/25\/2023\/06\/jenakultur-der-grosse-schwof-feste-feiern-im-osten-merkel-florian-nemo-1-leipzig-1983florian-merkel.jpg\" alt=\"\" class=\"wp-image-9180\" width=\"453\" height=\"450\" srcset=\"https:\/\/blog.jena.de\/jenakultur\/wp-content\/uploads\/sites\/25\/2023\/06\/jenakultur-der-grosse-schwof-feste-feiern-im-osten-merkel-florian-nemo-1-leipzig-1983florian-merkel.jpg 604w, https:\/\/blog.jena.de\/jenakultur\/wp-content\/uploads\/sites\/25\/2023\/06\/jenakultur-der-grosse-schwof-feste-feiern-im-osten-merkel-florian-nemo-1-leipzig-1983florian-merkel-500x497.jpg 500w\" sizes=\"auto, (max-width: 453px) 100vw, 453px\" \/><\/a><figcaption class=\"wp-element-caption\">Aufnahme: Florian Merkel, Jens R\u00f6tzsch, Reinhard M\u00fcnch, Dia und Kolorierung: Jens R\u00f6tzsch, NEMO 1, Leipzig 1983 \u00a9 Florian Merkel<\/figcaption><\/figure>\n<\/div><\/div>\n<\/div>\n\n\n\n<div class=\"wp-block-columns is-layout-flex wp-container-core-columns-is-layout-9d6595d7 wp-block-columns-is-layout-flex\">\n<div class=\"wp-block-column is-layout-flow wp-block-column-is-layout-flow\"><div class=\"wp-block-image\">\n<figure class=\"aligncenter size-full is-resized\"><a href=\"https:\/\/blog.jena.de\/jenakultur\/wp-content\/uploads\/sites\/25\/2023\/06\/jenakultur-der-grosse-schwof-feste-feiern-im-osten-metselaar-berthold-barbara-bittersuess-im-wartesaal-berlin-1980-84-barbara-metselaar-berthold.jpg\" data-rel=\"lightbox-gallery-5k0peQgf\" data-rl_title=\"\" data-rl_caption=\"\" title=\"\"><img loading=\"lazy\" decoding=\"async\" src=\"https:\/\/blog.jena.de\/jenakultur\/wp-content\/uploads\/sites\/25\/2023\/06\/jenakultur-der-grosse-schwof-feste-feiern-im-osten-metselaar-berthold-barbara-bittersuess-im-wartesaal-berlin-1980-84-barbara-metselaar-berthold.jpg\" alt=\"\" class=\"wp-image-9181\" width=\"438\" height=\"292\" srcset=\"https:\/\/blog.jena.de\/jenakultur\/wp-content\/uploads\/sites\/25\/2023\/06\/jenakultur-der-grosse-schwof-feste-feiern-im-osten-metselaar-berthold-barbara-bittersuess-im-wartesaal-berlin-1980-84-barbara-metselaar-berthold.jpg 750w, https:\/\/blog.jena.de\/jenakultur\/wp-content\/uploads\/sites\/25\/2023\/06\/jenakultur-der-grosse-schwof-feste-feiern-im-osten-metselaar-berthold-barbara-bittersuess-im-wartesaal-berlin-1980-84-barbara-metselaar-berthold-500x333.jpg 500w\" sizes=\"auto, (max-width: 438px) 100vw, 438px\" \/><\/a><figcaption class=\"wp-element-caption\">Barbara Metselaar Berthold, aus der Serie &#8222;Bitters\u00fc\u00df im Wartesaal&#8220;, Berlin Prenzlauer Berg, 1980-84 \u00a9 Barbara Metselaar Berthold<\/figcaption><\/figure>\n<\/div><\/div>\n\n\n\n<div class=\"wp-block-column is-layout-flow wp-block-column-is-layout-flow\">\n<p class=\"has-small-font-size\" id=\"BarbaraMetselaarBerthold\" style=\"font-style:normal;font-weight:200\">Barbara Metselaar Berthold<br>Geboren wurde die Fotografin und Filmemacherin Barbara Metselaar Berthold 1951 im s\u00e4chsischen Plei\u00dfa. 1969\u201371 studierte sie Sozialpsychologie an der Friedrich-Schiller-Universit\u00e4t Jena, ehe sie 1971\u201376 ein Fotografiestudium in Leipzig an der Hochschule f\u00fcr Grafik und Buchkunst absolvierte. Anschlie\u00dfend war sie als freiberufliche Fotografin in Ostberlin t\u00e4tig, bis sie 1984 durch Heirat nach Westberlin ausreiste. Ab 1989 widmete sie sich der Herstellung von Dokumentarfilmen und Video-Essays; 1991 folgten Arbeiten f\u00fcr verschiedene Fernsehproduktionen. Zwischen 2003 und 2008 konnte sie verschiedene Dokumentarfilme realisieren. 2010 erhielt sie den Preis f\u00fcr k\u00fcnstlerische Fotografie des Senats von Berlin. Sie lebt in Berlin und der Uckermark.<\/p>\n<\/div>\n<\/div>\n\n\n\n<div class=\"wp-block-columns is-layout-flex wp-container-core-columns-is-layout-9d6595d7 wp-block-columns-is-layout-flex\">\n<div class=\"wp-block-column is-layout-flow wp-block-column-is-layout-flow\">\n<p class=\"has-small-font-size\" id=\"LudwigRauch\" style=\"font-style:normal;font-weight:200\">Ludwig Rauch<br>1960 in Leipzig geboren, studierte Ludwig Rauch 1981\u201385 zun\u00e4chst Bildjournalismus an der dortigen Karl-Marx-Universit\u00e4t. Bereits ein Jahr nach seinem Abschluss und ersten Ver\u00f6ffentlichungen f\u00fcr verschiedene Magazine wurde ihm ein Publikationsverbot f\u00fcr alle journalistischen Medien der DDR erteilt. Daraufhin studierte er bis 1989 Fotografie an der Hochschule f\u00fcr Grafik und Buchkunst Leipzig bei Arno Fischer. Anfang des Jahres 1989 \u00fcbersiedelte er nach West-Berlin und wurde freischaffend als Fotograf und K\u00fcnstler t\u00e4tig. 1991 war er Mitbegr\u00fcnder der Kunstzeitschrift neue bildende kunst. Rauch hat seit 2009 eine Dozentur an der Ostkreuzschule f\u00fcr Fotografie in Berlin inne und ist seit 2021 Mitglied der Deutschen Gesellschaft f\u00fcr Photographie. Er lebt und arbeitet in Berlin.<\/p>\n<\/div>\n\n\n\n<div class=\"wp-block-column is-layout-flow wp-block-column-is-layout-flow\"><div class=\"wp-block-image\">\n<figure class=\"aligncenter size-full is-resized\"><a href=\"https:\/\/blog.jena.de\/jenakultur\/wp-content\/uploads\/sites\/25\/2023\/06\/jenakultur-der-grosse-schwof-feste-feiern-im-osten-rauch-ludwig-aus-d-serie-cafe-nord-berlin-1987ludwig-rauch-2.jpg\" data-rel=\"lightbox-gallery-5k0peQgf\" data-rl_title=\"\" data-rl_caption=\"\" title=\"\"><img loading=\"lazy\" decoding=\"async\" src=\"https:\/\/blog.jena.de\/jenakultur\/wp-content\/uploads\/sites\/25\/2023\/06\/jenakultur-der-grosse-schwof-feste-feiern-im-osten-rauch-ludwig-aus-d-serie-cafe-nord-berlin-1987ludwig-rauch-2.jpg\" alt=\"\" class=\"wp-image-9182\" width=\"375\" height=\"557\" srcset=\"https:\/\/blog.jena.de\/jenakultur\/wp-content\/uploads\/sites\/25\/2023\/06\/jenakultur-der-grosse-schwof-feste-feiern-im-osten-rauch-ludwig-aus-d-serie-cafe-nord-berlin-1987ludwig-rauch-2.jpg 500w, https:\/\/blog.jena.de\/jenakultur\/wp-content\/uploads\/sites\/25\/2023\/06\/jenakultur-der-grosse-schwof-feste-feiern-im-osten-rauch-ludwig-aus-d-serie-cafe-nord-berlin-1987ludwig-rauch-2-336x500.jpg 336w, https:\/\/blog.jena.de\/jenakultur\/wp-content\/uploads\/sites\/25\/2023\/06\/jenakultur-der-grosse-schwof-feste-feiern-im-osten-rauch-ludwig-aus-d-serie-cafe-nord-berlin-1987ludwig-rauch-2-464x690.jpg 464w\" sizes=\"auto, (max-width: 375px) 100vw, 375px\" \/><\/a><figcaption class=\"wp-element-caption\">Ludwig Rauch, aus der Serie &#8222;&#8218;Caf\u00e9 Nord&#8216;, Berlin, Prenzlauer Berg, Sch\u00f6nhauser Allee&#8220;, 1987 \u00a9 Ludwig Rauch<\/figcaption><\/figure>\n<\/div><\/div>\n<\/div>\n\n\n\n<div class=\"wp-block-columns is-layout-flex wp-container-core-columns-is-layout-9d6595d7 wp-block-columns-is-layout-flex\">\n<div class=\"wp-block-column is-layout-flow wp-block-column-is-layout-flow\"><div class=\"wp-block-image\">\n<figure class=\"aligncenter size-full\"><a href=\"https:\/\/blog.jena.de\/jenakultur\/wp-content\/uploads\/sites\/25\/2023\/06\/jenakultur-der-grosse-schwof-feste-feiern-im-osten-rost-andreas-misswahl-im-hotel-merkur-leipzig-1990andreas-rost.jpg\" data-rel=\"lightbox-gallery-5k0peQgf\" data-rl_title=\"\" data-rl_caption=\"\" title=\"\"><img loading=\"lazy\" decoding=\"async\" width=\"750\" height=\"500\" src=\"https:\/\/blog.jena.de\/jenakultur\/wp-content\/uploads\/sites\/25\/2023\/06\/jenakultur-der-grosse-schwof-feste-feiern-im-osten-rost-andreas-misswahl-im-hotel-merkur-leipzig-1990andreas-rost.jpg\" alt=\"\" class=\"wp-image-9183\" srcset=\"https:\/\/blog.jena.de\/jenakultur\/wp-content\/uploads\/sites\/25\/2023\/06\/jenakultur-der-grosse-schwof-feste-feiern-im-osten-rost-andreas-misswahl-im-hotel-merkur-leipzig-1990andreas-rost.jpg 750w, https:\/\/blog.jena.de\/jenakultur\/wp-content\/uploads\/sites\/25\/2023\/06\/jenakultur-der-grosse-schwof-feste-feiern-im-osten-rost-andreas-misswahl-im-hotel-merkur-leipzig-1990andreas-rost-500x333.jpg 500w\" sizes=\"auto, (max-width: 750px) 100vw, 750px\" \/><\/a><figcaption class=\"wp-element-caption\">Andreas Rost, aus der Serie &#8222;Misswahl im Hotel Merkur&#8220;, Leipzig, Februar 1990 \u00a9 Andreas Rost<\/figcaption><\/figure>\n<\/div><\/div>\n\n\n\n<div class=\"wp-block-column is-layout-flow wp-block-column-is-layout-flow\">\n<p class=\"has-small-font-size\" id=\"AndreasRost\" style=\"font-style:normal;font-weight:200\">Andreas Rost<br>Der Fotograf, Kurator, Dozent und Autor Andreas Rost wurde 1966 in Weimar geboren. Nach einer Fotografenlehre in Dresden 1984\u201385 und einer Zeit als Facharbeiter, studierte er 1988\u201393 Fotografie in Leipzig an der Hochschule f\u00fcr Grafik und Buchkunst bei Arno Fischer und Evelyn Richter. Als B\u00fcrgerrechtler war er in Leipzig aktives Mitglied am Runden Tisch der Stadt. Mit einer Riege internationaler K\u00fcnstler z\u00e4hlt er 1990 zu den Gr\u00fcndungsmitgliedern des Kunst- und Kulturprojektes Tacheles in Berlin. Er assistierte Thomas Hoepker und Arno Fischer und begann selbst Lehrveranstaltungen zu halten. Seit 1995 ist Rost als Fotograf und K\u00fcnstler freischaffend t\u00e4tig. Er lebt und arbeitet in Berlin. <\/p>\n<\/div>\n<\/div>\n\n\n\n<div class=\"wp-block-columns is-layout-flex wp-container-core-columns-is-layout-9d6595d7 wp-block-columns-is-layout-flex\">\n<div class=\"wp-block-column is-layout-flow wp-block-column-is-layout-flow\">\n<p class=\"has-small-font-size\" id=\"JensR\u00f6tzsch\" style=\"font-style:normal;font-weight:200\">Jens R\u00f6tzsch<br>1959 in Leipzig geboren, absolvierte Jens R\u00f6tzsch 1975\u201377 zun\u00e4chst eine Lehre als Landvermesser und leistete bis 1980 seinen Wehrdienst. Danach folgten 1981\u201386 ein Studium der Fotografie an der Hochschule f\u00fcr Grafik und Buchkunst Leipzig bei Peter Pachnicke, Joachim Jansong und Wolfgang G. Schr\u00f6ter sowie 1987\u201389 ein Zusatzstudium Foto\/Video an der Hochschule f\u00fcr Angewandte Kunst und Design in Budapest. Seit 1989 ist R\u00f6tzsch freiberuflich in Berlin t\u00e4tig. Seine Reportagereihe Protokoll-Strecken dokumentierte den Untergang der SED-Diktatur und den Neubeginn nach der Wende. 1990 war er Gr\u00fcndungsmitglied der Agentur Ostkreuz. Seine Bilder ver\u00f6ffentlicht er u. a. im Zeit Magazin, GEO und dem Stern. Von 2004\u201311 fotografierte er auf neun Expeditionen die Mongolei.<\/p>\n<\/div>\n\n\n\n<div class=\"wp-block-column is-layout-flow wp-block-column-is-layout-flow\"><div class=\"wp-block-image\">\n<figure class=\"aligncenter size-full is-resized\"><a href=\"https:\/\/blog.jena.de\/jenakultur\/wp-content\/uploads\/sites\/25\/2023\/06\/jenakultur-der-grosse-schwof-feste-feiern-im-osten-roetzsch-jens-pfingsttreffen-fdj-berlin-1989jens-roetzsch.jpg\" data-rel=\"lightbox-gallery-5k0peQgf\" data-rl_title=\"\" data-rl_caption=\"\" title=\"\"><img loading=\"lazy\" decoding=\"async\" src=\"https:\/\/blog.jena.de\/jenakultur\/wp-content\/uploads\/sites\/25\/2023\/06\/jenakultur-der-grosse-schwof-feste-feiern-im-osten-roetzsch-jens-pfingsttreffen-fdj-berlin-1989jens-roetzsch.jpg\" alt=\"\" class=\"wp-image-9184\" width=\"446\" height=\"450\" srcset=\"https:\/\/blog.jena.de\/jenakultur\/wp-content\/uploads\/sites\/25\/2023\/06\/jenakultur-der-grosse-schwof-feste-feiern-im-osten-roetzsch-jens-pfingsttreffen-fdj-berlin-1989jens-roetzsch.jpg 594w, https:\/\/blog.jena.de\/jenakultur\/wp-content\/uploads\/sites\/25\/2023\/06\/jenakultur-der-grosse-schwof-feste-feiern-im-osten-roetzsch-jens-pfingsttreffen-fdj-berlin-1989jens-roetzsch-495x500.jpg 495w\" sizes=\"auto, (max-width: 446px) 100vw, 446px\" \/><\/a><figcaption class=\"wp-element-caption\">Jens R\u00f6tzsch, Pfingsttreffen der FDJ, Turnerinnen, Berlin\/Ost 1989 \u00a9 Jens R\u00f6tzsch<\/figcaption><\/figure>\n<\/div><\/div>\n<\/div>\n\n\n\n<div class=\"wp-block-columns is-layout-flex wp-container-core-columns-is-layout-9d6595d7 wp-block-columns-is-layout-flex\">\n<div class=\"wp-block-column is-layout-flow wp-block-column-is-layout-flow\"><div class=\"wp-block-image\">\n<figure class=\"aligncenter size-full is-resized\"><a href=\"https:\/\/blog.jena.de\/jenakultur\/wp-content\/uploads\/sites\/25\/2023\/06\/jenakultur-der-grosse-schwof-feste-feiern-im-osten-schirmer-ludwig-berka-1950erjahrearchiv-ludwig-schirmer.jpg\" data-rel=\"lightbox-gallery-5k0peQgf\" data-rl_title=\"\" data-rl_caption=\"\" title=\"\"><img loading=\"lazy\" decoding=\"async\" src=\"https:\/\/blog.jena.de\/jenakultur\/wp-content\/uploads\/sites\/25\/2023\/06\/jenakultur-der-grosse-schwof-feste-feiern-im-osten-schirmer-ludwig-berka-1950erjahrearchiv-ludwig-schirmer.jpg\" alt=\"\" class=\"wp-image-9185\" width=\"450\" height=\"448\" srcset=\"https:\/\/blog.jena.de\/jenakultur\/wp-content\/uploads\/sites\/25\/2023\/06\/jenakultur-der-grosse-schwof-feste-feiern-im-osten-schirmer-ludwig-berka-1950erjahrearchiv-ludwig-schirmer.jpg 600w, https:\/\/blog.jena.de\/jenakultur\/wp-content\/uploads\/sites\/25\/2023\/06\/jenakultur-der-grosse-schwof-feste-feiern-im-osten-schirmer-ludwig-berka-1950erjahrearchiv-ludwig-schirmer-500x498.jpg 500w\" sizes=\"auto, (max-width: 450px) 100vw, 450px\" \/><\/a><figcaption class=\"wp-element-caption\">Ludwig Schirmer: Berka (Sondershausen), 1950er Jahre \u00a9 Archiv Ludwig Schirmer<\/figcaption><\/figure>\n<\/div><\/div>\n\n\n\n<div class=\"wp-block-column is-layout-flow wp-block-column-is-layout-flow\">\n<p class=\"has-small-font-size\" id=\"LudwigSchirmer\" style=\"font-style:normal;font-weight:200\">Ludwig Schirmer<br>Das Werk Ludwig Schirmers blieb lange Zeit unbekannt. 1929 im th\u00fcringischen Wenigenehrich geboren, absolvierte er ab 1943 zun\u00e4chst eine Landwirtschaftslehre und arbeitete im elterlichen Betrieb. Ab 1947 lie\u00df er sich zum M\u00fcller ausbilden und arbeitete, nach erfolgter Meisterpr\u00fcfung, 1953\u201361 in diesem Beruf. Bereits Anfang der 1950er Jahre hatte Schirmer begonnen, sich autodidaktisch mit Fotografie zu besch\u00e4ftigen. Erste Auftragsarbeiten erf\u00fcllte er 1956 f\u00fcr umliegende Industriebetriebe. 1959 wurde er in den Verband Deutscher Journalisten in Erfurt aufgenommen. Die Arbeit als M\u00fcllermeister beendete er 1961, zog nach Berlin und er\u00f6ffnete dort ein Fotostudio. Als freiberuflicher Fotograf arbeitete er fortan f\u00fcr Au\u00dfenhandelsunternehmen, Industriekombinate und kulturelle Institutionen der DDR. Nach seinem Tod 2001 in Berlin wurde Schirmers Werk in mehreren Einzelausstellungen pr\u00e4sentiert.<\/p>\n<\/div>\n<\/div>\n\n\n\n<div class=\"wp-block-columns is-layout-flex wp-container-core-columns-is-layout-9d6595d7 wp-block-columns-is-layout-flex\">\n<div class=\"wp-block-column is-layout-flow wp-block-column-is-layout-flow\">\n<p class=\"has-small-font-size\" id=\"ErasmusSchr\u00f6ter\" style=\"font-style:normal;font-weight:200\">Erasmus Schr\u00f6ter<br>In Leipzig, wo er 1956 geboren wurde, studierte Erasmus Schr\u00f6ter 1977\u201382 Fotografie an der Hochschule f\u00fcr Grafik und Buchkunst. Anschlie\u00dfend war er freiberuflich als Fotograf t\u00e4tig. Nach seiner Ausb\u00fcrgerung aus der DDR 1985 siedelte er nach Hamburg \u00fcber und arbeitete f\u00fcr verschiedene Zeitschriften und Magazine wie Spiegel, Stern, Art, Zeit-Magazin oder FAZ. 1997 zog er zur\u00fcck nach Leipzig und hatte dort 2006\/07 eine Gastprofessur an seiner Alma Mater. 2019 zeigte die Kunstsammlung Jena eine Einzelausstellung Schr\u00f6ters. Bis zu seinem Tod im April 2021 lebte und arbeitete er in Leipzig.<\/p>\n<\/div>\n\n\n\n<div class=\"wp-block-column is-layout-flow wp-block-column-is-layout-flow\"><div class=\"wp-block-image\">\n<figure class=\"aligncenter size-full\"><a href=\"https:\/\/blog.jena.de\/jenakultur\/wp-content\/uploads\/sites\/25\/2023\/06\/jenakultur-der-grosse-schwof-feste-feiern-im-osten-schroeter-erasmus-aelteste-u-juengste-teilnehmerin-tanzturniersnachlass-erasmus-schroeter.jpg\" data-rel=\"lightbox-gallery-5k0peQgf\" data-rl_title=\"\" data-rl_caption=\"\" title=\"\"><img loading=\"lazy\" decoding=\"async\" width=\"788\" height=\"450\" src=\"https:\/\/blog.jena.de\/jenakultur\/wp-content\/uploads\/sites\/25\/2023\/06\/jenakultur-der-grosse-schwof-feste-feiern-im-osten-schroeter-erasmus-aelteste-u-juengste-teilnehmerin-tanzturniersnachlass-erasmus-schroeter.jpg\" alt=\"\" class=\"wp-image-9187\" srcset=\"https:\/\/blog.jena.de\/jenakultur\/wp-content\/uploads\/sites\/25\/2023\/06\/jenakultur-der-grosse-schwof-feste-feiern-im-osten-schroeter-erasmus-aelteste-u-juengste-teilnehmerin-tanzturniersnachlass-erasmus-schroeter.jpg 788w, https:\/\/blog.jena.de\/jenakultur\/wp-content\/uploads\/sites\/25\/2023\/06\/jenakultur-der-grosse-schwof-feste-feiern-im-osten-schroeter-erasmus-aelteste-u-juengste-teilnehmerin-tanzturniersnachlass-erasmus-schroeter-500x286.jpg 500w, https:\/\/blog.jena.de\/jenakultur\/wp-content\/uploads\/sites\/25\/2023\/06\/jenakultur-der-grosse-schwof-feste-feiern-im-osten-schroeter-erasmus-aelteste-u-juengste-teilnehmerin-tanzturniersnachlass-erasmus-schroeter-768x439.jpg 768w\" sizes=\"auto, (max-width: 788px) 100vw, 788px\" \/><\/a><figcaption class=\"wp-element-caption\">Erasmus Schr\u00f6ter, \u00c4lteste und j\u00fcngste Teilnehmerin eines Tanzturniers, aus der Serie &#8222;Nachts-Infrarotfotografien&#8220;, Leipzig 1981 \u00a9 Nachlass Erasmus Schr\u00f6ter<\/figcaption><\/figure>\n<\/div><\/div>\n<\/div>\n\n\n\n<div class=\"wp-block-columns is-layout-flex wp-container-core-columns-is-layout-9d6595d7 wp-block-columns-is-layout-flex\">\n<div class=\"wp-block-column is-layout-flow wp-block-column-is-layout-flow\"><div class=\"wp-block-image\">\n<figure class=\"aligncenter size-full is-resized\"><a href=\"https:\/\/blog.jena.de\/jenakultur\/wp-content\/uploads\/sites\/25\/2023\/06\/jenakultur-der-grosse-schwof-feste-feiern-im-osten-schroeter-wolfgang-g-femina-bar-in-leipzig-ojwolfgang-g.-schroeter-slub-dresden-deutsche-fotothek.jpg\" data-rel=\"lightbox-gallery-5k0peQgf\" data-rl_title=\"\" data-rl_caption=\"\" title=\"\"><img loading=\"lazy\" decoding=\"async\" src=\"https:\/\/blog.jena.de\/jenakultur\/wp-content\/uploads\/sites\/25\/2023\/06\/jenakultur-der-grosse-schwof-feste-feiern-im-osten-schroeter-wolfgang-g-femina-bar-in-leipzig-ojwolfgang-g.-schroeter-slub-dresden-deutsche-fotothek.jpg\" alt=\"\" class=\"wp-image-9188\" width=\"455\" height=\"450\" srcset=\"https:\/\/blog.jena.de\/jenakultur\/wp-content\/uploads\/sites\/25\/2023\/06\/jenakultur-der-grosse-schwof-feste-feiern-im-osten-schroeter-wolfgang-g-femina-bar-in-leipzig-ojwolfgang-g.-schroeter-slub-dresden-deutsche-fotothek.jpg 607w, https:\/\/blog.jena.de\/jenakultur\/wp-content\/uploads\/sites\/25\/2023\/06\/jenakultur-der-grosse-schwof-feste-feiern-im-osten-schroeter-wolfgang-g-femina-bar-in-leipzig-ojwolfgang-g.-schroeter-slub-dresden-deutsche-fotothek-500x494.jpg 500w\" sizes=\"auto, (max-width: 455px) 100vw, 455px\" \/><\/a><figcaption class=\"wp-element-caption\">Wolfgang G. Schr\u00f6ter, Femina Bar in Leipzig, o. J. \u00a9 Wolfgang G. Schr\u00f6ter \/ SLUB Dresden \/ Deutsche Fotothek<\/figcaption><\/figure>\n<\/div><\/div>\n\n\n\n<div class=\"wp-block-column is-layout-flow wp-block-column-is-layout-flow\">\n<p class=\"has-small-font-size\" id=\"WolfgangGSchr\u00f6ter\" style=\"font-style:normal;font-weight:200\">Wolfgang G. Schr\u00f6ter<br>1928 in Wolfen geboren, wurde Wolfgang G. Schr\u00f6ter im letzten Kriegsjahr, 1944\u201345, als Flakhelfer eingesetzt. 1947 arbeitete er als fotografischer Praktikant in der Filmpr\u00fcfstelle der AGFA-Filmfabrik Wolfen. 1949\u201353 folgte ein Studium in Leipzig am Institut f\u00fcr Farbenfotografie, der sp\u00e4teren Fotoabteilung an der Hochschule f\u00fcr Grafik und Buchkunst. Anschlie\u00dfend war Schr\u00f6ter freischaffend als Bildreporter und Farbfotograf t\u00e4tig. Ende der 1960er Jahre unternahm er erste Versuche mit elektronischer Fotografie. Er war 1990 Mitbegr\u00fcnder der Bildagentur Punctum in Leipzig. An der HGB leitete er nach langj\u00e4hriger Lehrt\u00e4tigkeit ab 1991 die Werkstatt f\u00fcr Elektronische Medien und wurde 1992 zum Professor f\u00fcr Medienkunst ernannt. Schr\u00f6ter gilt als Wegbereiter der Farbfotografie in der DDR. Er starb 2012 in Halle (Saale).<\/p>\n<\/div>\n<\/div>\n\n\n\n<div class=\"wp-block-columns is-layout-flex wp-container-core-columns-is-layout-9d6595d7 wp-block-columns-is-layout-flex\">\n<div class=\"wp-block-column is-layout-flow wp-block-column-is-layout-flow\">\n<p class=\"has-small-font-size\" id=\"MariaSewcz\" style=\"font-style:normal;font-weight:200\">Maria Sewcz<br>1960 in Schwerin geboren, machte Maria Sewcz zun\u00e4chst 1982\u201387 ihr Diplom in Fotografie an der Hochschule f\u00fcr Grafik und Buchkunst in Leipzig. 1993\u201395 folgte dort ein Aufbaustudium als Meistersch\u00fclerin. Im Mittelpunkt ihrer Arbeit steht das Thema Urbanit\u00e4t als Spannungsverh\u00e4ltnis von Kultur, Gebautem und Gewachsenem. Sewcz erhielt mehrere Preise und Stipendien, darunter 2003 der Hannah-H\u00f6ch-F\u00f6rderpreis und 2011 das Villa Massimo-Stipendium der Deutschen Akademie Rom. 2005 hatte sie einen Lehrauftrag an der Hochschule f\u00fcr Bildende K\u00fcnste Braunschweig. Seit 2007 unterrichtet sie an der Ostkreuzschule f\u00fcr Fotografie in Berlin, wo sie lebt und arbeitet.<\/p>\n<\/div>\n\n\n\n<div class=\"wp-block-column is-layout-flow wp-block-column-is-layout-flow\"><div class=\"wp-block-image\">\n<figure class=\"aligncenter size-full\"><a href=\"https:\/\/blog.jena.de\/jenakultur\/wp-content\/uploads\/sites\/25\/2023\/06\/jenakultur-der-grosse-schwof-feste-feiern-im-osten-sewcz-maria-rock-fuer-den-frieden-berlin-1986-87maria-sewcz-vg-bild-kunst-bonn-2023.jpg\" data-rel=\"lightbox-gallery-5k0peQgf\" data-rl_title=\"\" data-rl_caption=\"\" title=\"\"><img loading=\"lazy\" decoding=\"async\" width=\"749\" height=\"500\" src=\"https:\/\/blog.jena.de\/jenakultur\/wp-content\/uploads\/sites\/25\/2023\/06\/jenakultur-der-grosse-schwof-feste-feiern-im-osten-sewcz-maria-rock-fuer-den-frieden-berlin-1986-87maria-sewcz-vg-bild-kunst-bonn-2023.jpg\" alt=\"\" class=\"wp-image-9189\" srcset=\"https:\/\/blog.jena.de\/jenakultur\/wp-content\/uploads\/sites\/25\/2023\/06\/jenakultur-der-grosse-schwof-feste-feiern-im-osten-sewcz-maria-rock-fuer-den-frieden-berlin-1986-87maria-sewcz-vg-bild-kunst-bonn-2023.jpg 749w, https:\/\/blog.jena.de\/jenakultur\/wp-content\/uploads\/sites\/25\/2023\/06\/jenakultur-der-grosse-schwof-feste-feiern-im-osten-sewcz-maria-rock-fuer-den-frieden-berlin-1986-87maria-sewcz-vg-bild-kunst-bonn-2023-500x334.jpg 500w\" sizes=\"auto, (max-width: 749px) 100vw, 749px\" \/><\/a><figcaption class=\"wp-element-caption\">Maria Sewcz, Rock f\u00fcr den Frieden, Palast der Republik, Berlin 1986\/87 \u00a9 Maria Sewcz \/ VG Bild-Kunst Bonn 2023<\/figcaption><\/figure>\n<\/div><\/div>\n<\/div>\n\n\n\n<div class=\"wp-block-columns is-layout-flex wp-container-core-columns-is-layout-9d6595d7 wp-block-columns-is-layout-flex\">\n<div class=\"wp-block-column is-layout-flow wp-block-column-is-layout-flow\"><div class=\"wp-block-image\">\n<figure class=\"aligncenter size-full is-resized\"><a href=\"https:\/\/blog.jena.de\/jenakultur\/wp-content\/uploads\/sites\/25\/2023\/06\/jenakultur-der-grosse-schwof-feste-feiern-im-osten-stoetzer-gabriele-horrorfete-punk-erfurt-1985-gabriele-stoetzer-vg-bild-kunst-bonn-2023-2.jpg\" data-rel=\"lightbox-gallery-5k0peQgf\" data-rl_title=\"\" data-rl_caption=\"\" title=\"\"><img loading=\"lazy\" decoding=\"async\" src=\"https:\/\/blog.jena.de\/jenakultur\/wp-content\/uploads\/sites\/25\/2023\/06\/jenakultur-der-grosse-schwof-feste-feiern-im-osten-stoetzer-gabriele-horrorfete-punk-erfurt-1985-gabriele-stoetzer-vg-bild-kunst-bonn-2023-2.jpg\" alt=\"\" class=\"wp-image-9190\" width=\"362\" height=\"563\" srcset=\"https:\/\/blog.jena.de\/jenakultur\/wp-content\/uploads\/sites\/25\/2023\/06\/jenakultur-der-grosse-schwof-feste-feiern-im-osten-stoetzer-gabriele-horrorfete-punk-erfurt-1985-gabriele-stoetzer-vg-bild-kunst-bonn-2023-2.jpg 482w, https:\/\/blog.jena.de\/jenakultur\/wp-content\/uploads\/sites\/25\/2023\/06\/jenakultur-der-grosse-schwof-feste-feiern-im-osten-stoetzer-gabriele-horrorfete-punk-erfurt-1985-gabriele-stoetzer-vg-bild-kunst-bonn-2023-2-321x500.jpg 321w, https:\/\/blog.jena.de\/jenakultur\/wp-content\/uploads\/sites\/25\/2023\/06\/jenakultur-der-grosse-schwof-feste-feiern-im-osten-stoetzer-gabriele-horrorfete-punk-erfurt-1985-gabriele-stoetzer-vg-bild-kunst-bonn-2023-2-443x690.jpg 443w\" sizes=\"auto, (max-width: 362px) 100vw, 362px\" \/><\/a><figcaption class=\"wp-element-caption\">Gabriele St\u00f6tzer, aus der Serie &#8222;Horrorfete \u2013 Punk&#8220;, Erfurt K\u00fcrschnergasse, 1985 \u00a9 Gabriele St\u00f6tzer \/ VG Bild-Kunst Bonn 2023<\/figcaption><\/figure>\n<\/div><\/div>\n\n\n\n<div class=\"wp-block-column is-layout-flow wp-block-column-is-layout-flow\">\n<p class=\"has-small-font-size\" id=\"GabrieleSt\u00f6tzer\" style=\"font-style:normal;font-weight:200\">Gabriele St\u00f6tzer<br>Die K\u00fcnstlerin und Schriftstellerin Gabriele St\u00f6tzer wurde 1953 in Emleben bei Gotha geboren. An der P\u00e4dagogischen Hochschule Erfurt begann sie 1973 Deutsch und Kunsterziehung zu studieren, wurde nach Solidarisierung mit exmatrikulierten Kommilitonen jedoch 1976 zwangsexmatrikuliert. Nach einer Unterschriftensammlung gegen die Ausb\u00fcrgerung Wolf Biermanns kam sie 1977 in das Frauengef\u00e4ngnis Hoheneck. 1980\u201381 leitete St\u00f6tzer in Erfurt die private \u201eGalerie im Flur\u201c bis zu deren Liquidierung durch die Staatssicherheit. Daraufhin wurde sie freischaffend als K\u00fcnstlerin t\u00e4tig und wirkte aktiv in der Kunst- und Untergrundszene, initiiert Ausstellungen, Ver\u00f6ffentlichungen und K\u00fcnstlerinnengruppen. Ab 1990 folgten Auslandsaufenthalte, Ausstellungen, Publikationen, Arbeitsstipendien sowie Lesereisen. Seit 2010 ist sie Dozentin f\u00fcr Performance an der Universit\u00e4t Erfurt. F\u00fcr ihr politisches und k\u00fcnstlerisches Engagement in der DDR erhielt St\u00f6tzer 2013 das Bundesverdienstkreuz. Sie lebt und arbeitet in Erfurt und Utrecht.<\/p>\n<\/div>\n<\/div>\n\n\n\n<div class=\"wp-block-columns is-layout-flex wp-container-core-columns-is-layout-9d6595d7 wp-block-columns-is-layout-flex\">\n<div class=\"wp-block-column is-layout-flow wp-block-column-is-layout-flow\">\n<p class=\"has-small-font-size\" id=\"InesThateKeler\" style=\"font-style:normal;font-weight:200\">Ines Thate-Keler<br>1948 wurde Ines Thate-Keler in Weimar geboren. Nach ihrem Abitur arbeitete sie 1967\u201369 in der Orwo-Filmfabrik Wolfen und in einem Leipziger Fotoatelier, wobei sie parallel in Abendschulkursen einen Facharbeiterbrief in Fotografie machte. 1969\u201374 folgte das Studium der Fotografie an der Hochschule f\u00fcr Grafik und Buchkunst in Leipzig. Anschlie\u00dfend war sie freiberuflich t\u00e4tig, zun\u00e4chst in Leipzig und Weimar, nach der Ausreise aus der DDR 1986 dann in M\u00fcnchen. 1998 siedelte sie nach S\u00fcdafrika \u00fcber, wo sie heute in Kapstadt lebt.<\/p>\n<\/div>\n\n\n\n<div class=\"wp-block-column is-layout-flow wp-block-column-is-layout-flow\"><div class=\"wp-block-image\">\n<figure class=\"aligncenter size-full\"><a href=\"https:\/\/blog.jena.de\/jenakultur\/wp-content\/uploads\/sites\/25\/2023\/06\/jenakultur-der-grosse-schwof-feste-feiern-im-osten-thate-keler-ines-rummel-weimar-u-leipzig-1980-83ines-thate-keler.jpg\" data-rel=\"lightbox-gallery-5k0peQgf\" data-rl_title=\"\" data-rl_caption=\"\" title=\"\"><img loading=\"lazy\" decoding=\"async\" width=\"716\" height=\"500\" src=\"https:\/\/blog.jena.de\/jenakultur\/wp-content\/uploads\/sites\/25\/2023\/06\/jenakultur-der-grosse-schwof-feste-feiern-im-osten-thate-keler-ines-rummel-weimar-u-leipzig-1980-83ines-thate-keler.jpg\" alt=\"\" class=\"wp-image-9191\" srcset=\"https:\/\/blog.jena.de\/jenakultur\/wp-content\/uploads\/sites\/25\/2023\/06\/jenakultur-der-grosse-schwof-feste-feiern-im-osten-thate-keler-ines-rummel-weimar-u-leipzig-1980-83ines-thate-keler.jpg 716w, https:\/\/blog.jena.de\/jenakultur\/wp-content\/uploads\/sites\/25\/2023\/06\/jenakultur-der-grosse-schwof-feste-feiern-im-osten-thate-keler-ines-rummel-weimar-u-leipzig-1980-83ines-thate-keler-500x349.jpg 500w\" sizes=\"auto, (max-width: 716px) 100vw, 716px\" \/><\/a><figcaption class=\"wp-element-caption\">Ines Thate-Keler, aus der Serie &#8222;Rummel&#8220;, Weimar und Leipzig, 1980-1983 \u00a9 Ines Thate-Keler<\/figcaption><\/figure>\n<\/div><\/div>\n<\/div>\n\n\n\n<div class=\"wp-block-columns is-layout-flex wp-container-core-columns-is-layout-9d6595d7 wp-block-columns-is-layout-flex\">\n<div class=\"wp-block-column is-layout-flow wp-block-column-is-layout-flow\"><div class=\"wp-block-image\">\n<figure class=\"aligncenter size-full is-resized\"><a href=\"https:\/\/blog.jena.de\/jenakultur\/wp-content\/uploads\/sites\/25\/2023\/06\/jenakultur-der-grosse-schwof-feste-feiern-im-osten-weber-gerhard-ballett-d-russischen-soldaten-grimma-1984gerhard-weber.jpg\" data-rel=\"lightbox-gallery-5k0peQgf\" data-rl_title=\"\" data-rl_caption=\"\" title=\"\"><img loading=\"lazy\" decoding=\"async\" src=\"https:\/\/blog.jena.de\/jenakultur\/wp-content\/uploads\/sites\/25\/2023\/06\/jenakultur-der-grosse-schwof-feste-feiern-im-osten-weber-gerhard-ballett-d-russischen-soldaten-grimma-1984gerhard-weber.jpg\" alt=\"\" class=\"wp-image-9192\" width=\"450\" height=\"300\" srcset=\"https:\/\/blog.jena.de\/jenakultur\/wp-content\/uploads\/sites\/25\/2023\/06\/jenakultur-der-grosse-schwof-feste-feiern-im-osten-weber-gerhard-ballett-d-russischen-soldaten-grimma-1984gerhard-weber.jpg 750w, https:\/\/blog.jena.de\/jenakultur\/wp-content\/uploads\/sites\/25\/2023\/06\/jenakultur-der-grosse-schwof-feste-feiern-im-osten-weber-gerhard-ballett-d-russischen-soldaten-grimma-1984gerhard-weber-500x333.jpg 500w\" sizes=\"auto, (max-width: 450px) 100vw, 450px\" \/><\/a><figcaption class=\"wp-element-caption\">Gerhard Weber, Ballett der russischen Soldaten im Volkshaus Grimma, 1984 \u00a9 Gerhard Weber<\/figcaption><\/figure>\n<\/div><\/div>\n\n\n\n<div class=\"wp-block-column is-layout-flow wp-block-column-is-layout-flow\">\n<p class=\"has-small-font-size\" id=\"GerhardWeber\" style=\"font-style:normal;font-weight:200\">Gerhard Weber<br>1940 in Berlin Kreuzberg geboren, verbrachte Gerhard Weber, nach dem fr\u00fchen Kriegstod des Vaters, seine Kindheit in Altenburg. Er absolvierte 1956\u201357 zun\u00e4chst eine Ausbildung zum Spitzendreher und im Anschluss den Armeedienst bei der Transportpolizei. In Grimma, wo er danach als Fachmethodiker f\u00fcr Volkskunst am Kreiskulturhaus arbeitete, gr\u00fcndete er 1963 eine Fotogruppe, die er bis 2004 leitete. 1967\u201371 studierte er schlie\u00dflich Fotografie im Fernstudium an der Hochschule f\u00fcr Grafik und Buchkunst in Leipzig. 1970\u201386 war er als Bildreporter der Leipziger Volkszeitung t\u00e4tig, danach freiberuflich. Als Bildautor hielt er zur DDR-Zeit insbesondere das Leben auf dem Land fest. Heute lebt und arbeitet Weber in Grimma.<\/p>\n<\/div>\n<\/div>\n","protected":false},"excerpt":{"rendered":"<p>Die 31 Fotografinnen und Fotografen der Ausstellung &#8222;Der gro\u00dfe Schwof &#8211; Feste feiern im Osten&#8220;: Claus Bach, Tina Bara, Sibylle Bergemann, Christian Borchert, Christiane Eisler, Gerhard G\u00e4bler, Wolfgang Gregor, Harald Hauswald, Bernd Hiepe, Harald Hirsch, J\u00fcrgen Hohmuth, Thomas Kl\u00e4ber, Eberhard Kl\u00f6ppel, Bertram Kober, Werner Lieberknecht, Ute Mahler, Werner Mahler, Olaf Martens, Roger Melis, Florian Merkel, Barbara Metselaar Berthold, Ludwig Rauch, Andreas Rost, Jens R\u00f6tzsch, Ludwig Schirmer, Erasmus Schr\u00f6ter, Wolfgang G. Schr\u00f6ter, Maria Sewcz, Gabriele St\u00f6tzer, Ines Thate-Keler, Gerhard Weber<\/p>\n","protected":false},"author":27,"featured_media":9207,"parent":8820,"menu_order":0,"comment_status":"closed","ping_status":"closed","template":"page-templates\/full-width.php","meta":{"footnotes":""},"class_list":["post-9851","page","type-page","status-publish","has-post-thumbnail","hentry"],"_links":{"self":[{"href":"https:\/\/blog.jena.de\/jenakultur\/wp-json\/wp\/v2\/pages\/9851","targetHints":{"allow":["GET"]}}],"collection":[{"href":"https:\/\/blog.jena.de\/jenakultur\/wp-json\/wp\/v2\/pages"}],"about":[{"href":"https:\/\/blog.jena.de\/jenakultur\/wp-json\/wp\/v2\/types\/page"}],"author":[{"embeddable":true,"href":"https:\/\/blog.jena.de\/jenakultur\/wp-json\/wp\/v2\/users\/27"}],"replies":[{"embeddable":true,"href":"https:\/\/blog.jena.de\/jenakultur\/wp-json\/wp\/v2\/comments?post=9851"}],"version-history":[{"count":5,"href":"https:\/\/blog.jena.de\/jenakultur\/wp-json\/wp\/v2\/pages\/9851\/revisions"}],"predecessor-version":[{"id":9856,"href":"https:\/\/blog.jena.de\/jenakultur\/wp-json\/wp\/v2\/pages\/9851\/revisions\/9856"}],"up":[{"embeddable":true,"href":"https:\/\/blog.jena.de\/jenakultur\/wp-json\/wp\/v2\/pages\/8820"}],"wp:featuredmedia":[{"embeddable":true,"href":"https:\/\/blog.jena.de\/jenakultur\/wp-json\/wp\/v2\/media\/9207"}],"wp:attachment":[{"href":"https:\/\/blog.jena.de\/jenakultur\/wp-json\/wp\/v2\/media?parent=9851"}],"curies":[{"name":"wp","href":"https:\/\/api.w.org\/{rel}","templated":true}]}}