{"id":2162,"date":"2020-12-07T16:34:41","date_gmt":"2020-12-07T15:34:41","guid":{"rendered":"https:\/\/blog.jena.de\/15jahre-jenakultur\/?page_id=2162"},"modified":"2025-04-14T17:17:26","modified_gmt":"2025-04-14T15:17:26","slug":"projekte","status":"publish","type":"page","link":"https:\/\/blog.jena.de\/15jahre-jenakultur\/projekte\/","title":{"rendered":"Projekte"},"content":{"rendered":"<p>[et_pb_section fb_built=&#8220;1&#8243; module_class=&#8220;.centered { display: flex; align-items: center; flex-direction: row; flex-wrap: wrap; }&#8220; _builder_version=&#8220;4.7.5&#8243; _module_preset=&#8220;default&#8220; background_color=&#8220;#212121&#8243; custom_margin_tablet=&#8220;&#8220; custom_margin_phone=&#8220;0px||||false|false&#8220; custom_margin_last_edited=&#8220;on|phone&#8220; custom_padding=&#8220;10px||30px||false|false&#8220; bottom_divider_style=&#8220;asymmetric2&#8243; bottom_divider_color=&#8220;#ffb612&#8243; bottom_divider_height=&#8220;23px&#8220; da_disable_devices=&#8220;off|off|off&#8220; global_module=&#8220;2131&#8243; saved_tabs=&#8220;all&#8220; locked=&#8220;off&#8220; global_colors_info=&#8220;{}&#8220; da_is_popup=&#8220;off&#8220; da_exit_intent=&#8220;off&#8220; da_has_close=&#8220;on&#8220; da_alt_close=&#8220;off&#8220; da_dark_close=&#8220;off&#8220; da_not_modal=&#8220;on&#8220; da_is_singular=&#8220;off&#8220; da_with_loader=&#8220;off&#8220; da_has_shadow=&#8220;on&#8220;][et_pb_row column_structure=&#8220;1_4,1_2,1_4&#8243; use_custom_gutter=&#8220;on&#8220; disabled_on=&#8220;off|off|off&#8220; _builder_version=&#8220;4.16&#8243; _module_preset=&#8220;default&#8220; width=&#8220;90%&#8220; max_width=&#8220;90%&#8220; custom_margin_tablet=&#8220;0px||||false|false&#8220; custom_margin_phone=&#8220;&#8220; custom_margin_last_edited=&#8220;on|phone&#8220; custom_padding=&#8220;0px||0px||false|false&#8220; global_colors_info=&#8220;{}&#8220;][et_pb_column type=&#8220;1_4&#8243; _builder_version=&#8220;4.16&#8243; _module_preset=&#8220;default&#8220; global_colors_info=&#8220;{}&#8220;][et_pb_image src=&#8220;https:\/\/blog.jena.de\/15jahre-jenakultur\/wp-content\/uploads\/sites\/28\/2024\/02\/15jahre-jenakultur-jk-logo-rz-rgb-220621-grau-negativ.png&#8220; alt=&#8220;Neues JenaKultur-Logo&#8220; title_text=&#8220;JK_Logo_RZ_RGB_220621_grau_negativ&#8220; url=&#8220;https:\/\/blog.jena.de\/15jahre-jenakultur\/&#8220; src_tablet=&#8220;https:\/\/blog.jena.de\/15jahre-jenakultur\/wp-content\/uploads\/sites\/28\/2020\/10\/15jahre-jenakultur-jk-logo-weiss-300&#215;64.png&#8220; src_phone=&#8220;https:\/\/blog.jena.de\/15jahre-jenakultur\/wp-content\/uploads\/sites\/28\/2020\/10\/15jahre-jenakultur-jk-logo-weiss-300&#215;64.png&#8220; src_last_edited=&#8220;on|phone&#8220; _builder_version=&#8220;4.19.4&#8243; _module_preset=&#8220;default&#8220; width=&#8220;75%&#8220; width_tablet=&#8220;&#8220; width_phone=&#8220;&#8220; width_last_edited=&#8220;on|desktop&#8220; max_width=&#8220;75%&#8220; max_width_tablet=&#8220;30%&#8220; max_width_phone=&#8220;40%&#8220; max_width_last_edited=&#8220;on|desktop&#8220; custom_margin=&#8220;10px||||false|false&#8220; custom_margin_tablet=&#8220;0px||10px||false|false&#8220; custom_margin_phone=&#8220;&#8220; custom_margin_last_edited=&#8220;on|tablet&#8220; global_colors_info=&#8220;{}&#8220;][\/et_pb_image][\/et_pb_column][et_pb_column type=&#8220;1_2&#8243; _builder_version=&#8220;4.16&#8243; _module_preset=&#8220;default&#8220; global_colors_info=&#8220;{}&#8220;][et_pb_text _builder_version=&#8220;4.16&#8243; _module_preset=&#8220;default&#8220; text_text_color=&#8220;#f6f8ff&#8220; header_font=&#8220;|300|||||||&#8220; header_text_align=&#8220;center&#8220; header_text_color=&#8220;#f6f8ff&#8220; header_font_size=&#8220;82px&#8220; header_letter_spacing=&#8220;7px&#8220; width=&#8220;100%&#8220; max_width=&#8220;100%&#8220; max_width_tablet=&#8220;&#8220; max_width_phone=&#8220;&#8220; max_width_last_edited=&#8220;on|tablet&#8220; custom_margin=&#8220;||20px||false|false&#8220; header_font_size_tablet=&#8220;60px&#8220; header_font_size_phone=&#8220;40px&#8220; header_font_size_last_edited=&#8220;on|tablet&#8220; global_colors_info=&#8220;{}&#8220;]<\/p>\n<h1>JenaKulturStory<\/h1>\n<p>[\/et_pb_text][\/et_pb_column][et_pb_column type=&#8220;1_4&#8243; _builder_version=&#8220;4.16&#8243; _module_preset=&#8220;default&#8220; global_colors_info=&#8220;{}&#8220;][et_pb_image src=&#8220;https:\/\/blog.jena.de\/15jahre-jenakultur\/wp-content\/uploads\/sites\/28\/2020\/10\/15jahre-jenakultur-logo-jena-labelversion-weiss-300&#215;26.png&#8220; alt=&#8220;Label der Jena Lichtstadt&#8220; title_text=&#8220;Jena Lichtstadt&#8220; url=&#8220;https:\/\/startseite.jena.de\/&#8220; url_new_window=&#8220;on&#8220; align=&#8220;right&#8220; _builder_version=&#8220;4.16&#8243; _module_preset=&#8220;default&#8220; width=&#8220;75%&#8220; max_width=&#8220;75%&#8220; max_width_tablet=&#8220;15%&#8220; max_width_phone=&#8220;25%&#8220; max_width_last_edited=&#8220;on|tablet&#8220; custom_margin=&#8220;15px||||false|false&#8220; custom_margin_tablet=&#8220;0px||||false|false&#8220; custom_margin_phone=&#8220;&#8220; custom_margin_last_edited=&#8220;on|tablet&#8220; global_colors_info=&#8220;{}&#8220;][\/et_pb_image][\/et_pb_column][\/et_pb_row][\/et_pb_section][et_pb_section fb_built=&#8220;1&#8243; _builder_version=&#8220;4.16&#8243; _module_preset=&#8220;default&#8220; background_color=&#8220;#212121&#8243; da_disable_devices=&#8220;off|off|off&#8220; global_colors_info=&#8220;{}&#8220; da_is_popup=&#8220;off&#8220; da_exit_intent=&#8220;off&#8220; da_has_close=&#8220;on&#8220; da_alt_close=&#8220;off&#8220; da_dark_close=&#8220;off&#8220; da_not_modal=&#8220;on&#8220; da_is_singular=&#8220;off&#8220; da_with_loader=&#8220;off&#8220; da_has_shadow=&#8220;on&#8220;][et_pb_row custom_padding_last_edited=&#8220;on|desktop&#8220; _builder_version=&#8220;4.16&#8243; _module_preset=&#8220;default&#8220; width=&#8220;95%&#8220; custom_padding=&#8220;20px||||false|false&#8220; custom_padding_tablet=&#8220;0px||||false|false&#8220; custom_padding_phone=&#8220;&#8220; global_colors_info=&#8220;{}&#8220;][et_pb_column type=&#8220;4_4&#8243; _builder_version=&#8220;4.16&#8243; _module_preset=&#8220;default&#8220; global_colors_info=&#8220;{}&#8220;][et_pb_text _builder_version=&#8220;4.16&#8243; _module_preset=&#8220;default&#8220; header_2_font=&#8220;|300|||||||&#8220; header_2_text_align=&#8220;center&#8220; header_2_text_color=&#8220;#f6f8ff&#8220; header_2_font_size=&#8220;60px&#8220; header_2_letter_spacing=&#8220;1px&#8220; header_2_line_height=&#8220;0.8em&#8220; custom_margin=&#8220;50px||20px||false|false&#8220; custom_margin_tablet=&#8220;&#8220; custom_margin_phone=&#8220;20px||20px||false|false&#8220; custom_margin_last_edited=&#8220;on|phone&#8220; header_2_font_size_tablet=&#8220;50px&#8220; header_2_font_size_phone=&#8220;35px&#8220; header_2_font_size_last_edited=&#8220;on|desktop&#8220; header_2_text_shadow_style=&#8220;preset5&#8243; header_2_text_shadow_horizontal_length=&#8220;0.04em&#8220; header_2_text_shadow_vertical_length=&#8220;0.06em&#8220; locked=&#8220;off&#8220; global_colors_info=&#8220;{}&#8220;]<\/p>\n<h2>Projekte<\/h2>\n<p>[\/et_pb_text][et_pb_slider show_image_video_mobile=&#8220;on&#8220; use_text_overlay=&#8220;off&#8220; _builder_version=&#8220;4.19.4&#8243; _module_preset=&#8220;default&#8220; header_font=&#8220;||||||||&#8220; header_text_color=&#8220;#212121&#8243; body_text_color=&#8220;#212121&#8243; body_line_height=&#8220;1.4em&#8220; background_enable_image=&#8220;off&#8220; custom_button=&#8220;on&#8220; width=&#8220;100%&#8220; max_width=&#8220;75%&#8220; max_width_tablet=&#8220;90%&#8220; max_width_phone=&#8220;90%&#8220; max_width_last_edited=&#8220;on|desktop&#8220; module_alignment=&#8220;center&#8220; custom_margin=&#8220;||30px||false|false&#8220; hover_enabled=&#8220;0&#8243; body_font_size_tablet=&#8220;&#8220; body_font_size_phone=&#8220;13px&#8220; body_font_size_last_edited=&#8220;on|desktop&#8220; button_text_size_tablet=&#8220;&#8220; button_text_size_phone=&#8220;17px&#8220; button_text_size_last_edited=&#8220;on|tablet&#8220; header_text_shadow_style=&#8220;preset2&#8243; locked=&#8220;off&#8220; global_colors_info=&#8220;{}&#8220; sticky_enabled=&#8220;0&#8243;][et_pb_slide heading=&#8220;M\u00e4rkte &amp; Stadtfeste&#8220; button_text=&#8220;Zur Website&#8220; button_link=&#8220;https:\/\/www.jenakultur.de\/de\/maerkte_und_stadtfeste\/605333&#8243; url_new_window=&#8220;on&#8220; use_text_overlay=&#8220;on&#8220; text_overlay_color=&#8220;rgba(246,248,255,0.75)&#8220; _builder_version=&#8220;4.16&#8243; _module_preset=&#8220;default&#8220; background_enable_color=&#8220;off&#8220; background_image=&#8220;https:\/\/blog.jena.de\/15jahre-jenakultur\/wp-content\/uploads\/sites\/28\/2020\/12\/15jahre-jenakultur-jenaer-weihnachtsmarktjenakultur-tobiasmaschke.jpg&#8220; background_enable_image=&#8220;on&#8220; custom_button=&#8220;on&#8220; button_text_color=&#8220;#212121&#8243; button_bg_color=&#8220;rgba(246,248,255,0.75)&#8220; button_border_width=&#8220;0px&#8220; button_border_radius=&#8220;3px&#8220; locked=&#8220;off&#8220; global_colors_info=&#8220;{}&#8220; button_text_size__hover_enabled=&#8220;off|hover&#8220; button_text_color__hover_enabled=&#8220;on|hover&#8220; button_text_color__hover=&#8220;#f6f8ff&#8220; button_bg_color__hover_enabled=&#8220;on|hover&#8220; button_bg_color__hover=&#8220;rgba(33,33,33,0.75)&#8220; button_bg_enable_color__hover=&#8220;on&#8220; button_letter_spacing__hover_enabled=&#8220;on|hover&#8220; button_letter_spacing__hover=&#8220;2px&#8220; sticky_transition=&#8220;on&#8220;]Th\u00fcringer Holzmarkt \/\/ Jenaer T\u00f6pfermarkt \/\/ Fr\u00fchlingsmarkt \/\/ Altstadtfest \/\/ Jenaer Weihnachtsmarkt[\/et_pb_slide][et_pb_slide heading=&#8220;Lange Nacht der Museen&#8220; button_text=&#8220;Zur Website&#8220; button_link=&#8220;https:\/\/www.jenakultur.de\/de\/projekte_und_festivals\/lange_nacht_der_museen\/605550&#8243; url_new_window=&#8220;on&#8220; use_text_overlay=&#8220;on&#8220; text_overlay_color=&#8220;rgba(246,248,255,0.75)&#8220; _builder_version=&#8220;4.16&#8243; _module_preset=&#8220;default&#8220; background_enable_color=&#8220;off&#8220; background_image=&#8220;https:\/\/blog.jena.de\/15jahre-jenakultur\/wp-content\/uploads\/sites\/28\/2020\/11\/15jahre-jenakultur-lndm-jenakultur-cworsch3.jpg&#8220; background_enable_image=&#8220;on&#8220; background_position=&#8220;top_center&#8220; custom_button=&#8220;on&#8220; button_text_color=&#8220;#212121&#8243; button_bg_color=&#8220;rgba(246,248,255,0.75)&#8220; button_border_width=&#8220;0px&#8220; button_border_radius=&#8220;3px&#8220; locked=&#8220;off&#8220; global_colors_info=&#8220;{}&#8220; button_text_size__hover_enabled=&#8220;off|hover&#8220; button_text_color__hover_enabled=&#8220;on|hover&#8220; button_text_color__hover=&#8220;#f6f8ff&#8220; button_bg_color__hover_enabled=&#8220;on|hover&#8220; button_bg_color__hover=&#8220;rgba(33,33,33,0.75)&#8220; button_bg_enable_color__hover=&#8220;on&#8220; button_letter_spacing__hover_enabled=&#8220;on|hover&#8220; button_letter_spacing__hover=&#8220;2px&#8220; sticky_transition=&#8220;on&#8220;][\/et_pb_slide][et_pb_slide heading=&#8220;Lesemarathon&#8220; button_text=&#8220;Zur Website&#8220; button_link=&#8220;https:\/\/www.jenakultur.de\/de\/projekte_und_festivals\/lesemarathon\/605551&#8243; url_new_window=&#8220;on&#8220; use_text_overlay=&#8220;on&#8220; text_overlay_color=&#8220;rgba(246,248,255,0.75)&#8220; _builder_version=&#8220;4.16&#8243; _module_preset=&#8220;default&#8220; background_enable_color=&#8220;off&#8220; background_image=&#8220;https:\/\/blog.jena.de\/15jahre-jenakultur\/wp-content\/uploads\/sites\/28\/2020\/12\/15jahre-jenakultur-eab-kinder-lesemarathonjenakultur-cworsch.jpg&#8220; background_enable_image=&#8220;on&#8220; custom_button=&#8220;on&#8220; button_text_color=&#8220;#212121&#8243; button_bg_color=&#8220;rgba(246,248,255,0.75)&#8220; button_border_width=&#8220;0px&#8220; button_border_radius=&#8220;3px&#8220; locked=&#8220;off&#8220; global_colors_info=&#8220;{}&#8220; button_text_size__hover_enabled=&#8220;off|hover&#8220; button_text_color__hover_enabled=&#8220;on|hover&#8220; button_text_color__hover=&#8220;#f6f8ff&#8220; button_bg_color__hover_enabled=&#8220;on|hover&#8220; button_bg_color__hover=&#8220;rgba(33,33,33,0.75)&#8220; button_bg_enable_color__hover=&#8220;on&#8220; button_letter_spacing__hover_enabled=&#8220;on|hover&#8220; button_letter_spacing__hover=&#8220;2px&#8220; sticky_transition=&#8220;on&#8220;]Vielseitiges Leseprogramm f\u00fcr Gro\u00df &amp; Klein seit 1996[\/et_pb_slide][et_pb_slide heading=&#8220;Jenaer Kunstmarkt&#8220; button_text=&#8220;Zur Website&#8220; button_link=&#8220;https:\/\/www.jenakultur.de\/de\/projekte_und_festivals\/kunstmarkt\/605549&#8243; url_new_window=&#8220;on&#8220; use_text_overlay=&#8220;on&#8220; text_overlay_color=&#8220;rgba(246,248,255,0.75)&#8220; _builder_version=&#8220;4.16&#8243; _module_preset=&#8220;default&#8220; background_enable_color=&#8220;off&#8220; background_image=&#8220;https:\/\/blog.jena.de\/15jahre-jenakultur\/wp-content\/uploads\/sites\/28\/2020\/12\/15jahre-jenakultur-kunstmarktjenajenakultur.jpg&#8220; background_enable_image=&#8220;on&#8220; custom_button=&#8220;on&#8220; button_text_color=&#8220;#212121&#8243; button_bg_color=&#8220;rgba(246,248,255,0.75)&#8220; button_border_width=&#8220;0px&#8220; button_border_radius=&#8220;3px&#8220; locked=&#8220;off&#8220; global_colors_info=&#8220;{}&#8220; button_text_size__hover_enabled=&#8220;off|hover&#8220; button_text_color__hover_enabled=&#8220;on|hover&#8220; button_text_color__hover=&#8220;#f6f8ff&#8220; button_bg_color__hover_enabled=&#8220;on|hover&#8220; button_bg_color__hover=&#8220;rgba(33,33,33,0.75)&#8220; button_bg_enable_color__hover=&#8220;on&#8220; button_letter_spacing__hover_enabled=&#8220;on|hover&#8220; button_letter_spacing__hover=&#8220;2px&#8220; sticky_transition=&#8220;on&#8220;]Pr\u00e4sentation lokaler &amp; regionaler K\u00fcnstler[\/et_pb_slide][et_pb_slide heading=&#8220;Schillerjahre&#8220; url_new_window=&#8220;on&#8220; use_text_overlay=&#8220;on&#8220; text_overlay_color=&#8220;rgba(246,248,255,0.75)&#8220; _builder_version=&#8220;4.16&#8243; _module_preset=&#8220;default&#8220; background_enable_color=&#8220;off&#8220; background_image=&#8220;https:\/\/blog.jena.de\/15jahre-jenakultur\/wp-content\/uploads\/sites\/28\/2020\/12\/15jahre-jenakultur-gedenksteinjenakultur-ahub.jpg&#8220; background_enable_image=&#8220;on&#8220; background_position=&#8220;top_center&#8220; custom_button=&#8220;on&#8220; button_text_color=&#8220;#212121&#8243; button_bg_color=&#8220;rgba(246,248,255,0.75)&#8220; button_border_width=&#8220;0px&#8220; button_border_radius=&#8220;3px&#8220; locked=&#8220;off&#8220; global_colors_info=&#8220;{}&#8220; button_text_size__hover_enabled=&#8220;off|hover&#8220; button_text_color__hover_enabled=&#8220;on|hover&#8220; button_text_color__hover=&#8220;#f6f8ff&#8220; button_bg_color__hover_enabled=&#8220;on|hover&#8220; button_bg_color__hover=&#8220;rgba(33,33,33,0.75)&#8220; button_bg_enable_color__hover=&#8220;on&#8220; button_letter_spacing__hover_enabled=&#8220;on|hover&#8220; button_letter_spacing__hover=&#8220;2px&#8220; sticky_transition=&#8220;on&#8220;]Themenjahre 2005 &amp; 2009[\/et_pb_slide][et_pb_slide heading=&#8220;200 Jahre Schlacht bei Jena-Auerstedt 1806&#8243; url_new_window=&#8220;on&#8220; use_text_overlay=&#8220;on&#8220; text_overlay_color=&#8220;rgba(246,248,255,0.75)&#8220; _builder_version=&#8220;4.16&#8243; _module_preset=&#8220;default&#8220; background_enable_color=&#8220;off&#8220; background_image=&#8220;https:\/\/blog.jena.de\/15jahre-jenakultur\/wp-content\/uploads\/sites\/28\/2020\/11\/15jahre-jenakultur-2006-schlachtjenakultur-tinozippel-1-1.jpg&#8220; background_enable_image=&#8220;on&#8220; background_position=&#8220;top_center&#8220; custom_button=&#8220;on&#8220; button_text_color=&#8220;#212121&#8243; button_bg_color=&#8220;rgba(246,248,255,0.75)&#8220; button_border_width=&#8220;0px&#8220; button_border_radius=&#8220;3px&#8220; locked=&#8220;off&#8220; global_colors_info=&#8220;{}&#8220; button_text_size__hover_enabled=&#8220;off|hover&#8220; button_text_color__hover_enabled=&#8220;on|hover&#8220; button_text_color__hover=&#8220;#f6f8ff&#8220; button_bg_color__hover_enabled=&#8220;on|hover&#8220; button_bg_color__hover=&#8220;rgba(33,33,33,0.75)&#8220; button_bg_enable_color__hover=&#8220;on&#8220; button_letter_spacing__hover_enabled=&#8220;on|hover&#8220; button_letter_spacing__hover=&#8220;2px&#8220; sticky_transition=&#8220;on&#8220;]Schlachtnachstellung 2006[\/et_pb_slide][et_pb_slide heading=&#8220;Th\u00fcringentag&#8220; url_new_window=&#8220;on&#8220; use_text_overlay=&#8220;on&#8220; text_overlay_color=&#8220;rgba(246,248,255,0.75)&#8220; _builder_version=&#8220;4.16&#8243; _module_preset=&#8220;default&#8220; background_enable_color=&#8220;off&#8220; background_image=&#8220;https:\/\/blog.jena.de\/15jahre-jenakultur\/wp-content\/uploads\/sites\/28\/2020\/12\/15jahre-jenakultur-thueringentag2006-lasershowtzippel-16.jpg&#8220; background_enable_image=&#8220;on&#8220; custom_button=&#8220;on&#8220; button_text_color=&#8220;#212121&#8243; button_bg_color=&#8220;rgba(246,248,255,0.75)&#8220; button_border_width=&#8220;0px&#8220; button_border_radius=&#8220;3px&#8220; locked=&#8220;off&#8220; global_colors_info=&#8220;{}&#8220; button_text_size__hover_enabled=&#8220;off|hover&#8220; button_text_color__hover_enabled=&#8220;on|hover&#8220; button_text_color__hover=&#8220;#f6f8ff&#8220; button_bg_color__hover_enabled=&#8220;on|hover&#8220; button_bg_color__hover=&#8220;rgba(33,33,33,0.75)&#8220; button_bg_enable_color__hover=&#8220;on&#8220; button_letter_spacing__hover_enabled=&#8220;on|hover&#8220; button_letter_spacing__hover=&#8220;2px&#8220; sticky_transition=&#8220;on&#8220;]Rendezvous in Jena 2006[\/et_pb_slide][et_pb_slide heading=&#8220;Dein Tag im Paradies&#8220; button_text=&#8220;Zur Website&#8220; button_link=&#8220;https:\/\/www.jenakultur.de\/de\/projekte_und_festivals\/dein_tag_im_paradies\/718245&#8243; url_new_window=&#8220;on&#8220; use_text_overlay=&#8220;on&#8220; text_overlay_color=&#8220;rgba(246,248,255,0.75)&#8220; _builder_version=&#8220;4.16&#8243; _module_preset=&#8220;default&#8220; background_enable_color=&#8220;off&#8220; background_image=&#8220;https:\/\/blog.jena.de\/15jahre-jenakultur\/wp-content\/uploads\/sites\/28\/2020\/12\/15jahre-jenakultur-dtip2019-gelaende-jenakultur-abeetz8.jpg&#8220; background_enable_image=&#8220;on&#8220; background_position=&#8220;top_center&#8220; custom_button=&#8220;on&#8220; button_text_color=&#8220;#212121&#8243; button_bg_color=&#8220;rgba(246,248,255,0.75)&#8220; button_border_width=&#8220;0px&#8220; button_border_radius=&#8220;3px&#8220; locked=&#8220;off&#8220; global_colors_info=&#8220;{}&#8220; button_text_size__hover_enabled=&#8220;off|hover&#8220; button_text_color__hover_enabled=&#8220;on|hover&#8220; button_text_color__hover=&#8220;#f6f8ff&#8220; button_bg_color__hover_enabled=&#8220;on|hover&#8220; button_bg_color__hover=&#8220;rgba(33,33,33,0.75)&#8220; button_bg_enable_color__hover=&#8220;on&#8220; button_letter_spacing__hover_enabled=&#8220;on|hover&#8220; button_letter_spacing__hover=&#8220;2px&#8220; sticky_transition=&#8220;on&#8220;]Kinder- und Familienfest \/\/ Radtag \/\/ Umwelttag j\u00e4hrlich[\/et_pb_slide][et_pb_slide heading=&#8220;Kulturpicknick(e)&#8220; url_new_window=&#8220;on&#8220; use_text_overlay=&#8220;on&#8220; text_overlay_color=&#8220;rgba(246,248,255,0.75)&#8220; _builder_version=&#8220;4.16&#8243; _module_preset=&#8220;default&#8220; background_enable_color=&#8220;off&#8220; background_image=&#8220;https:\/\/blog.jena.de\/15jahre-jenakultur\/wp-content\/uploads\/sites\/28\/2020\/11\/15jahre-jenakultur-kulturpicknick2010jenakultur-torstenpetersen-6-1.jpg&#8220; background_enable_image=&#8220;on&#8220; custom_button=&#8220;on&#8220; button_text_color=&#8220;#212121&#8243; button_bg_color=&#8220;rgba(246,248,255,0.75)&#8220; button_border_width=&#8220;0px&#8220; button_border_radius=&#8220;3px&#8220; locked=&#8220;off&#8220; global_colors_info=&#8220;{}&#8220; button_text_size__hover_enabled=&#8220;off|hover&#8220; button_text_color__hover_enabled=&#8220;on|hover&#8220; button_text_color__hover=&#8220;#f6f8ff&#8220; button_bg_color__hover_enabled=&#8220;on|hover&#8220; button_bg_color__hover=&#8220;rgba(33,33,33,0.75)&#8220; button_bg_enable_color__hover=&#8220;on&#8220; button_letter_spacing__hover_enabled=&#8220;on|hover&#8220; button_letter_spacing__hover=&#8220;2px&#8220; sticky_transition=&#8220;on&#8220;]b\u00fcrgernahe Vorstellung aller JenaKultur-Bereiche bis 2010[\/et_pb_slide][et_pb_slide heading=&#8220;Rock gegen Rechts&#8220; url_new_window=&#8220;on&#8220; use_text_overlay=&#8220;on&#8220; text_overlay_color=&#8220;rgba(246,248,255,0.75)&#8220; _builder_version=&#8220;4.16&#8243; _module_preset=&#8220;default&#8220; background_enable_color=&#8220;off&#8220; background_image=&#8220;https:\/\/blog.jena.de\/15jahre-jenakultur\/wp-content\/uploads\/sites\/28\/2020\/11\/15jahre-jenakultur-2011-rockgegenrechts.jpg&#8220; background_enable_image=&#8220;on&#8220; custom_button=&#8220;on&#8220; button_text_color=&#8220;#212121&#8243; button_bg_color=&#8220;rgba(246,248,255,0.75)&#8220; button_border_width=&#8220;0px&#8220; button_border_radius=&#8220;3px&#8220; locked=&#8220;off&#8220; global_colors_info=&#8220;{}&#8220; button_text_size__hover_enabled=&#8220;off|hover&#8220; button_text_color__hover_enabled=&#8220;on|hover&#8220; button_text_color__hover=&#8220;#f6f8ff&#8220; button_bg_color__hover_enabled=&#8220;on|hover&#8220; button_bg_color__hover=&#8220;rgba(33,33,33,0.75)&#8220; button_bg_enable_color__hover=&#8220;on&#8220; button_letter_spacing__hover_enabled=&#8220;on|hover&#8220; button_letter_spacing__hover=&#8220;2px&#8220; sticky_transition=&#8220;on&#8220;]Rock\u2019n\u2019Roll Arena 2011[\/et_pb_slide][et_pb_slide heading=&#8220;Theater in Bewegung&#8220; button_text=&#8220;Zur Website&#8220; button_link=&#8220;https:\/\/www.jenakultur.de\/de\/projekte_und_festivals\/rueckblick\/theater_in_bewegung\/605553&#8243; url_new_window=&#8220;on&#8220; use_text_overlay=&#8220;on&#8220; text_overlay_color=&#8220;rgba(246,248,255,0.75)&#8220; _builder_version=&#8220;4.16&#8243; _module_preset=&#8220;default&#8220; background_enable_color=&#8220;off&#8220; background_image=&#8220;https:\/\/blog.jena.de\/15jahre-jenakultur\/wp-content\/uploads\/sites\/28\/2020\/12\/15jahre-jenakultur-tib-2015mimosa-paula-court.jpg&#8220; background_enable_image=&#8220;on&#8220; custom_button=&#8220;on&#8220; button_text_color=&#8220;#212121&#8243; button_bg_color=&#8220;rgba(246,248,255,0.75)&#8220; button_border_width=&#8220;0px&#8220; button_border_radius=&#8220;3px&#8220; locked=&#8220;off&#8220; global_colors_info=&#8220;{}&#8220; button_text_size__hover_enabled=&#8220;off|hover&#8220; button_text_color__hover_enabled=&#8220;on|hover&#8220; button_text_color__hover=&#8220;#f6f8ff&#8220; button_bg_color__hover_enabled=&#8220;on|hover&#8220; button_bg_color__hover=&#8220;rgba(33,33,33,0.75)&#8220; button_bg_enable_color__hover=&#8220;on&#8220; button_letter_spacing__hover_enabled=&#8220;on|hover&#8220; button_letter_spacing__hover=&#8220;2px&#8220; sticky_transition=&#8220;on&#8220;]bis 2017 von JenaKultur organisiert[\/et_pb_slide][et_pb_slide heading=&#8220;Romantik. Licht. Unendlichkeit.&#8220; button_text=&#8220;Zur Website&#8220; button_link=&#8220;https:\/\/www.romantik-jena.de\/de\/einblick\/jenaer_fruehromantik\/424738&#8243; url_new_window=&#8220;on&#8220; use_text_overlay=&#8220;on&#8220; text_overlay_color=&#8220;rgba(246,248,255,0.75)&#8220; _builder_version=&#8220;4.16&#8243; _module_preset=&#8220;default&#8220; background_enable_color=&#8220;off&#8220; background_image=&#8220;https:\/\/blog.jena.de\/15jahre-jenakultur\/wp-content\/uploads\/sites\/28\/2020\/11\/15jahre-jenakultur-rlu15.jpg&#8220; background_enable_image=&#8220;on&#8220; background_position=&#8220;top_center&#8220; custom_button=&#8220;on&#8220; button_text_color=&#8220;#212121&#8243; button_bg_color=&#8220;rgba(246,248,255,0.75)&#8220; button_border_width=&#8220;0px&#8220; button_border_radius=&#8220;3px&#8220; locked=&#8220;off&#8220; global_colors_info=&#8220;{}&#8220; button_text_size__hover_enabled=&#8220;off|hover&#8220; button_bg_color__hover_enabled=&#8220;on|hover&#8220; button_bg_color__hover=&#8220;rgba(33,33,33,0.75)&#8220; button_bg_enable_color__hover=&#8220;on&#8220; button_letter_spacing__hover_enabled=&#8220;on|hover&#8220; button_letter_spacing__hover=&#8220;2px&#8220; button_text_color__hover_enabled=&#8220;on|hover&#8220; button_text_color__hover=&#8220;#f6f8ff&#8220; sticky_transition=&#8220;on&#8220;]Romantikjahr 2015[\/et_pb_slide][et_pb_slide heading=&#8220;CityVisions&#8220; url_new_window=&#8220;on&#8220; use_text_overlay=&#8220;on&#8220; text_overlay_color=&#8220;rgba(246,248,255,0.75)&#8220; _builder_version=&#8220;4.16&#8243; _module_preset=&#8220;default&#8220; background_enable_color=&#8220;off&#8220; background_image=&#8220;https:\/\/blog.jena.de\/15jahre-jenakultur\/wp-content\/uploads\/sites\/28\/2020\/12\/15jahre-jenakultur-cityvisionsjena-recoil-robert-seidelchristianseeling.jpg&#8220; background_enable_image=&#8220;on&#8220; custom_button=&#8220;on&#8220; button_text_color=&#8220;#212121&#8243; button_bg_color=&#8220;rgba(246,248,255,0.75)&#8220; button_border_width=&#8220;0px&#8220; button_border_radius=&#8220;3px&#8220; locked=&#8220;off&#8220; global_colors_info=&#8220;{}&#8220; button_text_size__hover_enabled=&#8220;off|hover&#8220; button_bg_color__hover_enabled=&#8220;on|hover&#8220; button_bg_color__hover=&#8220;rgba(33,33,33,0.75)&#8220; button_bg_enable_color__hover=&#8220;on&#8220; button_letter_spacing__hover_enabled=&#8220;on|hover&#8220; button_letter_spacing__hover=&#8220;2px&#8220; button_text_color__hover_enabled=&#8220;on|hover&#8220; button_text_color__hover=&#8220;#f6f8ff&#8220; sticky_transition=&#8220;on&#8220;]Jena 2015[\/et_pb_slide][et_pb_slide heading=&#8220;TRAVEL.16 TH\u00dcRINGEN&#8220; url_new_window=&#8220;on&#8220; use_text_overlay=&#8220;on&#8220; text_overlay_color=&#8220;rgba(246,248,255,0.75)&#8220; _builder_version=&#8220;4.16&#8243; _module_preset=&#8220;default&#8220; background_enable_color=&#8220;off&#8220; background_image=&#8220;https:\/\/blog.jena.de\/15jahre-jenakultur\/wp-content\/uploads\/sites\/28\/2020\/12\/15jahre-jenakultur-travel-2016-1jenakultur-aj-4.jpg&#8220; background_enable_image=&#8220;on&#8220; background_position=&#8220;bottom_center&#8220; custom_button=&#8220;on&#8220; button_text_color=&#8220;#212121&#8243; button_bg_color=&#8220;rgba(246,248,255,0.75)&#8220; button_border_width=&#8220;0px&#8220; button_border_radius=&#8220;3px&#8220; locked=&#8220;off&#8220; global_colors_info=&#8220;{}&#8220; button_text_size__hover_enabled=&#8220;off|hover&#8220; button_bg_color__hover_enabled=&#8220;on|hover&#8220; button_bg_color__hover=&#8220;rgba(33,33,33,0.75)&#8220; button_bg_enable_color__hover=&#8220;on&#8220; button_letter_spacing__hover_enabled=&#8220;on|hover&#8220; button_letter_spacing__hover=&#8220;2px&#8220; button_text_color__hover_enabled=&#8220;on|hover&#8220; button_text_color__hover=&#8220;#f6f8ff&#8220; sticky_transition=&#8220;on&#8220;]Tourismus- und Tagungsworkshop Jena 2016[\/et_pb_slide][et_pb_slide heading=&#8220;KLICKfestival f\u00fcr jetztkultur&#8220; button_text=&#8220;Zur Website&#8220; button_link=&#8220;https:\/\/www.jenakultur.de\/de\/projekte_und_festivals\/rueckblick\/klickfestival\/731418&#8243; url_new_window=&#8220;on&#8220; use_text_overlay=&#8220;on&#8220; text_overlay_color=&#8220;rgba(246,248,255,0.75)&#8220; _builder_version=&#8220;4.16&#8243; _module_preset=&#8220;default&#8220; background_enable_color=&#8220;off&#8220; background_image=&#8220;https:\/\/blog.jena.de\/15jahre-jenakultur\/wp-content\/uploads\/sites\/28\/2020\/11\/15jahre-jenakultur-klick-2017-vrjenakultur-tpeissker19-1.jpg&#8220; background_enable_image=&#8220;on&#8220; custom_button=&#8220;on&#8220; button_text_color=&#8220;#212121&#8243; button_bg_color=&#8220;rgba(246,248,255,0.75)&#8220; button_border_width=&#8220;0px&#8220; button_border_radius=&#8220;3px&#8220; locked=&#8220;off&#8220; global_colors_info=&#8220;{}&#8220; button_text_color__hover=&#8220;#f6f8ff&#8220; button_text_color__hover_enabled=&#8220;on|hover&#8220; button_bg_color__hover=&#8220;rgba(33,33,33,0.75)&#8220; button_bg_color__hover_enabled=&#8220;on|hover&#8220; button_letter_spacing__hover=&#8220;2px&#8220; button_letter_spacing__hover_enabled=&#8220;on|hover&#8220; button_bg_enable_color__hover=&#8220;on&#8220; sticky_transition=&#8220;on&#8220;]Akustisch-elektronisch-visuell-artistische Welten 2016 &amp; 2017[\/et_pb_slide][et_pb_slide heading=&#8220;500 Jahre Reformation&#8220; url_new_window=&#8220;on&#8220; use_text_overlay=&#8220;on&#8220; text_overlay_color=&#8220;rgba(246,248,255,0.75)&#8220; _builder_version=&#8220;4.16&#8243; _module_preset=&#8220;default&#8220; background_enable_color=&#8220;off&#8220; background_image=&#8220;https:\/\/blog.jena.de\/15jahre-jenakultur\/wp-content\/uploads\/sites\/28\/2020\/12\/15jahre-jenakultur-reformation-lutherjenakultur-ahub.jpg&#8220; background_enable_image=&#8220;on&#8220; background_position=&#8220;bottom_center&#8220; custom_button=&#8220;on&#8220; button_text_color=&#8220;#212121&#8243; button_bg_color=&#8220;rgba(246,248,255,0.75)&#8220; button_border_width=&#8220;0px&#8220; button_border_radius=&#8220;3px&#8220; locked=&#8220;off&#8220; global_colors_info=&#8220;{}&#8220; button_text_color__hover=&#8220;#f6f8ff&#8220; button_text_color__hover_enabled=&#8220;on|hover&#8220; button_bg_color__hover=&#8220;rgba(33,33,33,0.75)&#8220; button_bg_color__hover_enabled=&#8220;on|hover&#8220; button_letter_spacing__hover=&#8220;2px&#8220; button_letter_spacing__hover_enabled=&#8220;on|hover&#8220; button_bg_enable_color__hover=&#8220;on&#8220; sticky_transition=&#8220;on&#8220;]Reformationsjahr 2017[\/et_pb_slide][et_pb_slide heading=&#8220;Bewegtes Land&#8220; button_text=&#8220;Zur Website&#8220; button_link=&#8220;http:\/\/www.bewegtesland.de\/&#8220; url_new_window=&#8220;on&#8220; use_text_overlay=&#8220;on&#8220; text_overlay_color=&#8220;rgba(246,248,255,0.75)&#8220; video_url=&#8220;https:\/\/www.youtube.com\/watch?v=2oBDzqDQHxw&#8220; _builder_version=&#8220;4.16&#8243; _module_preset=&#8220;default&#8220; background_color=&#8220;#212121&#8243; background_enable_color=&#8220;on&#8220; background_image=&#8220;https:\/\/blog.jena.de\/15jahre-jenakultur\/wp-content\/uploads\/sites\/28\/2020\/11\/15jahre-jenakultur-bewegtes-landanita-back.jpg&#8220; background_enable_image=&#8220;on&#8220; background_position=&#8220;top_center&#8220; custom_button=&#8220;on&#8220; button_text_color=&#8220;#212121&#8243; button_bg_color=&#8220;rgba(246,248,255,0.75)&#8220; button_border_width=&#8220;0px&#8220; button_border_radius=&#8220;3px&#8220; locked=&#8220;off&#8220; global_colors_info=&#8220;{}&#8220; button_text_color__hover=&#8220;#f6f8ff&#8220; button_text_color__hover_enabled=&#8220;on|hover&#8220; button_bg_color__hover=&#8220;rgba(33,33,33,0.75)&#8220; button_bg_color__hover_enabled=&#8220;on|hover&#8220; button_letter_spacing__hover=&#8220;2px&#8220; button_letter_spacing__hover_enabled=&#8220;on|hover&#8220; button_bg_enable_color__hover=&#8220;on&#8220; sticky_transition=&#8220;on&#8220;]Inszenierungen f\u00fcr vorbeifahrende Z\u00fcge 2017[\/et_pb_slide][et_pb_slide heading=&#8220;72 Hour Urban Action&#8220; button_text=&#8220;Zur Website&#8220; button_link=&#8220;https:\/\/www.jenakultur.de\/de\/projekte_und_festivals\/rueckblick\/72_hour_urban_action\/812828&#8243; url_new_window=&#8220;on&#8220; use_text_overlay=&#8220;on&#8220; text_overlay_color=&#8220;rgba(246,248,255,0.75)&#8220; _builder_version=&#8220;4.16&#8243; _module_preset=&#8220;default&#8220; background_color=&#8220;#212121&#8243; background_enable_color=&#8220;on&#8220; background_image=&#8220;https:\/\/blog.jena.de\/15jahre-jenakultur\/wp-content\/uploads\/sites\/28\/2020\/11\/15jahre-jenakultur-72hua-markusniessner.jpg&#8220; background_enable_image=&#8220;on&#8220; custom_button=&#8220;on&#8220; button_text_color=&#8220;#212121&#8243; button_bg_color=&#8220;rgba(246,248,255,0.75)&#8220; button_border_width=&#8220;0px&#8220; button_border_radius=&#8220;3px&#8220; locked=&#8220;off&#8220; global_colors_info=&#8220;{}&#8220; button_text_color__hover=&#8220;#f6f8ff&#8220; button_text_color__hover_enabled=&#8220;on|hover&#8220; button_bg_color__hover=&#8220;rgba(33,33,33,0.75)&#8220; button_bg_color__hover_enabled=&#8220;on|hover&#8220; button_letter_spacing__hover=&#8220;2px&#8220; button_letter_spacing__hover_enabled=&#8220;on|hover&#8220; button_bg_enable_color__hover=&#8220;on&#8220; sticky_transition=&#8220;on&#8220;]Schnell-Architektur-Festival Jena-Lobeda 2019[\/et_pb_slide][et_pb_slide heading=&#8220;Von Gespenstern und geteilten Himmeln&#8220; button_text=&#8220;Zur Website&#8220; button_link=&#8220;https:\/\/www.jenakultur.de\/de\/projekte_und_festivals\/marx-symposium\/787502&#8243; url_new_window=&#8220;on&#8220; use_text_overlay=&#8220;on&#8220; text_overlay_color=&#8220;rgba(246,248,255,0.75)&#8220; _builder_version=&#8220;4.16&#8243; _module_preset=&#8220;default&#8220; background_color=&#8220;#212121&#8243; background_enable_color=&#8220;on&#8220; background_image=&#8220;https:\/\/blog.jena.de\/15jahre-jenakultur\/wp-content\/uploads\/sites\/28\/2020\/12\/15jahre-jenakultur-marx-symposium-2008skop.jpg&#8220; background_enable_image=&#8220;on&#8220; custom_button=&#8220;on&#8220; button_text_color=&#8220;#212121&#8243; button_bg_color=&#8220;rgba(246,248,255,0.75)&#8220; button_border_width=&#8220;0px&#8220; button_border_radius=&#8220;3px&#8220; locked=&#8220;off&#8220; global_colors_info=&#8220;{}&#8220; button_text_color__hover=&#8220;#f6f8ff&#8220; button_text_color__hover_enabled=&#8220;on|hover&#8220; button_bg_color__hover=&#8220;rgba(33,33,33,0.75)&#8220; button_bg_color__hover_enabled=&#8220;on|hover&#8220; button_letter_spacing__hover=&#8220;2px&#8220; button_letter_spacing__hover_enabled=&#8220;on|hover&#8220; button_bg_enable_color__hover=&#8220;on&#8220; sticky_transition=&#8220;on&#8220;]Ideen einer gerechten Gesellschaft nach Marx. Symposium 2018[\/et_pb_slide][et_pb_slide heading=&#8220;Von Feinden zu Freunden&#8220; button_text=&#8220;Zur Website&#8220; button_link=&#8220;https:\/\/www.jenakultur.de\/de\/projekte_und_festivals\/europaeisches_erinnerungsmosaik\/811421&#8243; url_new_window=&#8220;on&#8220; use_text_overlay=&#8220;on&#8220; text_overlay_color=&#8220;rgba(246,248,255,0.75)&#8220; _builder_version=&#8220;4.16&#8243; _module_preset=&#8220;default&#8220; background_color=&#8220;#212121&#8243; background_enable_color=&#8220;on&#8220; background_image=&#8220;https:\/\/blog.jena.de\/15jahre-jenakultur\/wp-content\/uploads\/sites\/28\/2020\/12\/15jahre-jenakultur-zwischendenfrontenbuergerstiftungjena-cdathe.jpg&#8220; background_enable_image=&#8220;on&#8220; background_position=&#8220;bottom_center&#8220; custom_button=&#8220;on&#8220; button_text_color=&#8220;#212121&#8243; button_bg_color=&#8220;rgba(246,248,255,0.75)&#8220; button_border_width=&#8220;0px&#8220; button_border_radius=&#8220;3px&#8220; locked=&#8220;off&#8220; global_colors_info=&#8220;{}&#8220; button_text_color__hover=&#8220;#f6f8ff&#8220; button_text_color__hover_enabled=&#8220;on|hover&#8220; button_bg_color__hover=&#8220;rgba(33,33,33,0.75)&#8220; button_bg_color__hover_enabled=&#8220;on|hover&#8220; button_letter_spacing__hover=&#8220;2px&#8220; button_letter_spacing__hover_enabled=&#8220;on|hover&#8220; button_bg_enable_color__hover=&#8220;on&#8220; sticky_transition=&#8220;on&#8220;]Europ\u00e4isches Erinnerungsmosaik 2018[\/et_pb_slide][et_pb_slide heading=&#8220;Bauhaus 100&#8243; button_text=&#8220;Zur Website&#8220; button_link=&#8220;https:\/\/www.jenakultur.de\/de\/projekte_und_festivals\/rueckblick\/bauhaus100\/833205&#8243; url_new_window=&#8220;on&#8220; use_text_overlay=&#8220;on&#8220; text_overlay_color=&#8220;rgba(246,248,255,0.75)&#8220; _builder_version=&#8220;4.16&#8243; _module_preset=&#8220;default&#8220; background_color=&#8220;#212121&#8243; background_enable_color=&#8220;on&#8220; background_image=&#8220;https:\/\/blog.jena.de\/15jahre-jenakultur\/wp-content\/uploads\/sites\/28\/2020\/12\/15jahre-jenakultur-bauhausjenakultur-candywelz.jpg&#8220; background_enable_image=&#8220;on&#8220; background_position=&#8220;top_center&#8220; custom_button=&#8220;on&#8220; button_text_color=&#8220;#212121&#8243; button_bg_color=&#8220;rgba(246,248,255,0.75)&#8220; button_border_width=&#8220;0px&#8220; button_border_radius=&#8220;3px&#8220; locked=&#8220;off&#8220; global_colors_info=&#8220;{}&#8220; button_text_color__hover=&#8220;#f6f8ff&#8220; button_text_color__hover_enabled=&#8220;on|hover&#8220; button_bg_color__hover=&#8220;rgba(33,33,33,0.75)&#8220; button_bg_color__hover_enabled=&#8220;on|hover&#8220; button_letter_spacing__hover=&#8220;2px&#8220; button_letter_spacing__hover_enabled=&#8220;on|hover&#8220; button_bg_enable_color__hover=&#8220;on&#8220; sticky_transition=&#8220;on&#8220;]Bauhausjahr 2019[\/et_pb_slide][et_pb_slide heading=&#8220;Von Spuren und Tr\u00e4umen einer besseren Welt&#8220; button_text=&#8220;Zur Website&#8220; button_link=&#8220;https:\/\/www.jenakultur.de\/de\/projekte_und_festivals\/rueckblick\/great_transformation\/857733&#8243; url_new_window=&#8220;on&#8220; use_text_overlay=&#8220;on&#8220; text_overlay_color=&#8220;rgba(246,248,255,0.75)&#8220; _builder_version=&#8220;4.16&#8243; _module_preset=&#8220;default&#8220; background_color=&#8220;#212121&#8243; background_enable_color=&#8220;on&#8220; background_image=&#8220;https:\/\/blog.jena.de\/15jahre-jenakultur\/wp-content\/uploads\/sites\/28\/2020\/12\/15jahre-jenakultur-uebungsraum-fuer-kritik-edward-greiner.jpg&#8220; background_enable_image=&#8220;on&#8220; background_position=&#8220;bottom_center&#8220; custom_button=&#8220;on&#8220; button_text_color=&#8220;#212121&#8243; button_bg_color=&#8220;rgba(246,248,255,0.75)&#8220; button_border_width=&#8220;0px&#8220; button_border_radius=&#8220;3px&#8220; locked=&#8220;off&#8220; global_colors_info=&#8220;{}&#8220; button_text_color__hover=&#8220;#f6f8ff&#8220; button_text_color__hover_enabled=&#8220;on|hover&#8220; button_bg_color__hover=&#8220;rgba(33,33,33,0.75)&#8220; button_bg_color__hover_enabled=&#8220;on|hover&#8220; button_letter_spacing__hover=&#8220;2px&#8220; button_letter_spacing__hover_enabled=&#8220;on|hover&#8220; button_bg_enable_color__hover=&#8220;on&#8220; sticky_transition=&#8220;on&#8220;]Great Transformation 2019[\/et_pb_slide][et_pb_slide heading=&#8220;Tag der Stadtgeschichte&#8220; button_text=&#8220;Zur Website&#8220; button_link=&#8220;https:\/\/www.jenakultur.de\/de\/projekte_und_festivals\/tag_der_stadtgeschichte\/832468&#8243; url_new_window=&#8220;on&#8220; use_text_overlay=&#8220;on&#8220; text_overlay_color=&#8220;rgba(246,248,255,0.75)&#8220; _builder_version=&#8220;4.16&#8243; _module_preset=&#8220;default&#8220; background_color=&#8220;#212121&#8243; background_enable_color=&#8220;on&#8220; background_image=&#8220;https:\/\/blog.jena.de\/15jahre-jenakultur\/wp-content\/uploads\/sites\/28\/2020\/12\/15jahre-jenakultur-histrathausjenakultur-chaecker.jpg&#8220; background_enable_image=&#8220;on&#8220; background_position=&#8220;top_center&#8220; custom_button=&#8220;on&#8220; button_text_color=&#8220;#212121&#8243; button_bg_color=&#8220;rgba(246,248,255,0.75)&#8220; button_border_width=&#8220;0px&#8220; button_border_radius=&#8220;3px&#8220; locked=&#8220;off&#8220; global_colors_info=&#8220;{}&#8220; button_text_color__hover=&#8220;#f6f8ff&#8220; button_text_color__hover_enabled=&#8220;on|hover&#8220; button_bg_color__hover=&#8220;rgba(33,33,33,0.75)&#8220; button_bg_color__hover_enabled=&#8220;on|hover&#8220; button_letter_spacing__hover=&#8220;2px&#8220; button_letter_spacing__hover_enabled=&#8220;on|hover&#8220; button_bg_enable_color__hover=&#8220;on&#8220; sticky_transition=&#8220;on&#8220;]Projekttag zur Stadtgeschichtsforschung seit 2009[\/et_pb_slide][et_pb_slide heading=&#8220;Stra\u00dfenPflasterFestspiele &amp; -FestspielWoche&#8220; button_text=&#8220;Zur Website&#8220; button_link=&#8220;https:\/\/www.jenakultur.de\/de\/projekte_und_festivals\/strassenpflasterfestspielwoche\/886735&#8243; url_new_window=&#8220;on&#8220; use_text_overlay=&#8220;on&#8220; text_overlay_color=&#8220;rgba(246,248,255,0.75)&#8220; _builder_version=&#8220;4.16&#8243; _module_preset=&#8220;default&#8220; background_color=&#8220;#212121&#8243; background_enable_color=&#8220;on&#8220; background_image=&#8220;https:\/\/blog.jena.de\/15jahre-jenakultur\/wp-content\/uploads\/sites\/28\/2020\/12\/15jahre-jenakultur-strassenpflasterfestspielejenakultur.jpg&#8220; background_enable_image=&#8220;on&#8220; background_position=&#8220;bottom_center&#8220; custom_button=&#8220;on&#8220; button_text_color=&#8220;#212121&#8243; button_bg_color=&#8220;rgba(246,248,255,0.75)&#8220; button_border_width=&#8220;0px&#8220; button_border_radius=&#8220;3px&#8220; locked=&#8220;off&#8220; global_colors_info=&#8220;{}&#8220; button_text_color__hover=&#8220;#f6f8ff&#8220; button_text_color__hover_enabled=&#8220;on|hover&#8220; button_bg_color__hover=&#8220;rgba(33,33,33,0.75)&#8220; button_bg_color__hover_enabled=&#8220;on|hover&#8220; button_letter_spacing__hover=&#8220;2px&#8220; button_letter_spacing__hover_enabled=&#8220;on|hover&#8220; button_bg_enable_color__hover=&#8220;on&#8220; sticky_transition=&#8220;on&#8220;]Corona-Stra\u00dfenmusik 2020[\/et_pb_slide][et_pb_slide heading=&#8220;Kein Schlussstrich!&#8220; button_text=&#8220;Zur Website&#8220; button_link=&#8220;https:\/\/www.jenakultur.de\/de\/projekte_und_festivals\/kein_schlussstrich_\/894593&#8243; url_new_window=&#8220;on&#8220; use_text_overlay=&#8220;on&#8220; text_overlay_color=&#8220;rgba(246,248,255,0.75)&#8220; _builder_version=&#8220;4.16&#8243; _module_preset=&#8220;default&#8220; background_color=&#8220;#212121&#8243; background_enable_color=&#8220;on&#8220; background_image=&#8220;https:\/\/blog.jena.de\/15jahre-jenakultur\/wp-content\/uploads\/sites\/28\/2022\/10\/15jahre-jenakultur-keinschlussstrichjena-webbannerjenakultur-skop-1.jpg&#8220; background_enable_image=&#8220;on&#8220; background_position=&#8220;bottom_center&#8220; custom_button=&#8220;on&#8220; button_text_color=&#8220;#212121&#8243; button_bg_color=&#8220;rgba(246,248,255,0.75)&#8220; button_border_width=&#8220;0px&#8220; button_border_radius=&#8220;3px&#8220; locked=&#8220;off&#8220; global_colors_info=&#8220;{}&#8220; button_text_color__hover=&#8220;#f6f8ff&#8220; button_text_color__hover_enabled=&#8220;on|hover&#8220; button_bg_color__hover=&#8220;rgba(33,33,33,0.75)&#8220; button_bg_color__hover_enabled=&#8220;on|hover&#8220; button_letter_spacing__hover=&#8220;2px&#8220; button_letter_spacing__hover_enabled=&#8220;on|hover&#8220; button_bg_enable_color__hover=&#8220;on&#8220; sticky_transition=&#8220;on&#8220;]<\/p>\n<p>Jena und der NSU-Komplex<\/p>\n<p>[\/et_pb_slide][et_pb_slide heading=&#8220;Kultursommer Jena&#8220; button_text=&#8220;Zur Webseite&#8220; button_link=&#8220;https:\/\/www.jenakultur.de\/de\/projekte_und_festivals\/rueckblick\/kultursommer\/899461&#8243; url_new_window=&#8220;on&#8220; use_text_overlay=&#8220;on&#8220; text_overlay_color=&#8220;rgba(246,248,255,0.75)&#8220; _builder_version=&#8220;4.19.4&#8243; _module_preset=&#8220;default&#8220; background_color=&#8220;#212121&#8243; background_enable_color=&#8220;on&#8220; background_image=&#8220;https:\/\/blog.jena.de\/15jahre-jenakultur\/wp-content\/uploads\/sites\/28\/2023\/01\/15jahre-jenakultur-resonantravejenakultur-tpeissker93.jpg&#8220; background_enable_image=&#8220;on&#8220; background_position=&#8220;top_center&#8220; custom_button=&#8220;on&#8220; button_text_color=&#8220;#212121&#8243; button_bg_color=&#8220;rgba(246,248,255,0.75)&#8220; button_border_width=&#8220;0px&#8220; button_border_radius=&#8220;3px&#8220; locked=&#8220;off&#8220; global_colors_info=&#8220;{}&#8220; button_text_color__hover=&#8220;#f6f8ff&#8220; button_text_color__hover_enabled=&#8220;on|hover&#8220; button_bg_color__hover=&#8220;rgba(33,33,33,0.75)&#8220; button_bg_color__hover_enabled=&#8220;on|hover&#8220; button_letter_spacing__hover=&#8220;2px&#8220; button_letter_spacing__hover_enabled=&#8220;on|hover&#8220; button_bg_enable_color__hover=&#8220;on&#8220; sticky_transition=&#8220;on&#8220;]<\/p>\n<p>#NeustartKultur 2021<\/p>\n<p>[\/et_pb_slide][et_pb_slide heading=&#8220;Benefizkonzert der Jenaer Philharmonie&#8220; button_text=&#8220;Zur Bilanz&#8220; button_link=&#8220;https:\/\/www.jenakultur.de\/de\/aktuelles\/927076&#8243; url_new_window=&#8220;on&#8220; use_text_overlay=&#8220;on&#8220; text_overlay_color=&#8220;rgba(246,248,255,0.75)&#8220; _builder_version=&#8220;4.19.4&#8243; _module_preset=&#8220;default&#8220; background_color=&#8220;#212121&#8243; background_enable_color=&#8220;on&#8220; background_image=&#8220;https:\/\/blog.jena.de\/15jahre-jenakultur\/wp-content\/uploads\/sites\/28\/2023\/01\/15jahre-jenakultur-benefiz-ukraine-2022-03-03jenakultur-cworsch33.jpg&#8220; background_enable_image=&#8220;on&#8220; background_position=&#8220;top_center&#8220; custom_button=&#8220;on&#8220; button_text_color=&#8220;#212121&#8243; button_bg_color=&#8220;rgba(246,248,255,0.75)&#8220; button_border_width=&#8220;0px&#8220; button_border_radius=&#8220;3px&#8220; locked=&#8220;off&#8220; global_colors_info=&#8220;{}&#8220; button_text_color__hover=&#8220;#f6f8ff&#8220; button_text_color__hover_enabled=&#8220;on|hover&#8220; button_bg_color__hover=&#8220;rgba(33,33,33,0.75)&#8220; button_bg_color__hover_enabled=&#8220;on|hover&#8220; button_letter_spacing__hover=&#8220;2px&#8220; button_letter_spacing__hover_enabled=&#8220;on|hover&#8220; button_bg_enable_color__hover=&#8220;on&#8220; sticky_transition=&#8220;on&#8220;]<\/p>\n<p>F\u00fcr ukrainische Fl\u00fcchtlinge in Jena<\/p>\n<p>[\/et_pb_slide][et_pb_slide heading=&#8220;handgemacht-Tage&#8220; button_text=&#8220;Mehr Infos&#8220; button_link=&#8220;https:\/\/www.jenakultur.de\/de\/maerkte_und_stadtfeste\/handgemacht-tage\/980741&#8243; url_new_window=&#8220;on&#8220; use_text_overlay=&#8220;on&#8220; text_overlay_color=&#8220;rgba(246,248,255,0.75)&#8220; _builder_version=&#8220;4.19.4&#8243; _module_preset=&#8220;default&#8220; background_color=&#8220;#212121&#8243; background_enable_color=&#8220;on&#8220; background_image=&#8220;https:\/\/blog.jena.de\/15jahre-jenakultur\/wp-content\/uploads\/sites\/28\/2025\/04\/15jahre-jenakultur-handgemachttagejenakultur-cworsch81-0011-handgemachttagejenakultur-cworsch81-0011.jpg&#8220; background_enable_image=&#8220;on&#8220; background_position=&#8220;top_center&#8220; custom_button=&#8220;on&#8220; button_text_color=&#8220;#212121&#8243; button_bg_color=&#8220;rgba(246,248,255,0.75)&#8220; button_border_width=&#8220;0px&#8220; button_border_radius=&#8220;3px&#8220; hover_enabled=&#8220;0&#8243; locked=&#8220;off&#8220; global_colors_info=&#8220;{}&#8220; button_text_color__hover=&#8220;#f6f8ff&#8220; button_text_color__hover_enabled=&#8220;on|hover&#8220; button_bg_color__hover=&#8220;rgba(33,33,33,0.75)&#8220; button_bg_color__hover_enabled=&#8220;on|hover&#8220; button_letter_spacing__hover=&#8220;2px&#8220; button_letter_spacing__hover_enabled=&#8220;on|hover&#8220; button_bg_enable_color__hover=&#8220;on&#8220; sticky_transition=&#8220;on&#8220; alt=&#8220;Stand mit regionalen Speisen und Jenaer Porzellan-Design bei den handgemacht-Tagen in Jena&#8220; title_text=&#8220;HandgemachtTage\u00a9JenaKultur_CWorsch+(81)_001(1)&#8220; sticky_enabled=&#8220;0&#8243;]<\/p>\n<p>Regionale Produkte, Leckeres, Kreatives und Musikalisches<\/p>\n<p>[\/et_pb_slide][et_pb_slide heading=&#8220;Schranken Los-Festival&#8220; button_text=&#8220;Mehr Infos&#8220; button_link=&#8220;https:\/\/www.schrankenlos-jena.de\/&#8220; url_new_window=&#8220;on&#8220; use_text_overlay=&#8220;on&#8220; text_overlay_color=&#8220;rgba(246,248,255,0.75)&#8220; _builder_version=&#8220;4.19.4&#8243; _module_preset=&#8220;default&#8220; background_color=&#8220;#212121&#8243; background_enable_color=&#8220;on&#8220; background_image=&#8220;https:\/\/blog.jena.de\/15jahre-jenakultur\/wp-content\/uploads\/sites\/28\/2025\/04\/15jahre-jenakultur-schrankenlos-festival-10062023jenakultur-cworsch1641-schrankenlos-festival-10062023jenakultur-cworsch1641.jpg&#8220; background_enable_image=&#8220;on&#8220; background_position=&#8220;top_center&#8220; custom_button=&#8220;on&#8220; button_text_color=&#8220;#212121&#8243; button_bg_color=&#8220;rgba(246,248,255,0.75)&#8220; button_border_width=&#8220;0px&#8220; button_border_radius=&#8220;3px&#8220; hover_enabled=&#8220;0&#8243; locked=&#8220;off&#8220; global_colors_info=&#8220;{}&#8220; button_text_color__hover=&#8220;#f6f8ff&#8220; button_text_color__hover_enabled=&#8220;on|hover&#8220; button_bg_color__hover=&#8220;rgba(33,33,33,0.75)&#8220; button_bg_color__hover_enabled=&#8220;on|hover&#8220; button_letter_spacing__hover=&#8220;2px&#8220; button_letter_spacing__hover_enabled=&#8220;on|hover&#8220; button_bg_enable_color__hover=&#8220;on&#8220; sticky_transition=&#8220;on&#8220; alt=&#8220;Party im Innenhof der Schillerstra\u00dfe 5 beim Schranken Los-Festival Jena&#8220; title_text=&#8220;SchrankenLos-Festival_10062023\u00a9JenaKultur_CWorsch+(164)(1)&#8220; sticky_enabled=&#8220;0&#8243;]<\/p>\n<p>Das erste barrierefreie Kulturfestival Jenas<\/p>\n<p>[\/et_pb_slide][\/et_pb_slider][et_pb_text _builder_version=&#8220;4.16&#8243; _module_preset=&#8220;default&#8220; text_font_size=&#8220;15px&#8220; text_orientation=&#8220;center&#8220; background_layout=&#8220;dark&#8220; max_width=&#8220;75%&#8220; max_width_tablet=&#8220;90%&#8220; max_width_phone=&#8220;&#8220; max_width_last_edited=&#8220;on|phone&#8220; module_alignment=&#8220;center&#8220; custom_margin=&#8220;||50px||false|false&#8220; hover_enabled=&#8220;0&#8243; text_font_size_tablet=&#8220;&#8220; text_font_size_phone=&#8220;13px&#8220; text_font_size_last_edited=&#8220;on|phone&#8220; locked=&#8220;off&#8220; global_colors_info=&#8220;{}&#8220; sticky_enabled=&#8220;0&#8243;]Zum Ansehen der Bilder die Pfeile links und rechts klicken.<br \/>\n\u00a9 72HUA | M. Niesser \/\/ Bewegtes Land | A. Back \/\/&nbsp;B\u00fcrgerstiftung Jena | C. Dathe \/\/ JenaKultur | E. Greiner, C. H\u00e4cker, A. Hub, T. Maschke, T. Pei\u00dfker, T. Petersen, M. Rank, C. Seeling, skop, Studio Beetz, C. Welz, C. Worsch, T. Zippel \/\/ (M)IMOSA | Paula Court[\/et_pb_text][\/et_pb_column][\/et_pb_row][\/et_pb_section]<\/p>\n","protected":false},"excerpt":{"rendered":"<p>JenaKulturStoryProjekteTh\u00fcringer Holzmarkt \/\/ Jenaer T\u00f6pfermarkt \/\/ Fr\u00fchlingsmarkt \/\/ Altstadtfest \/\/ Jenaer WeihnachtsmarktVielseitiges Leseprogramm f\u00fcr Gro\u00df &amp; Klein seit 1996Pr\u00e4sentation lokaler &amp; regionaler K\u00fcnstlerThemenjahre 2005 &amp; 2009Schlachtnachstellung 2006Rendezvous in Jena 2006Kinder- und Familienfest \/\/ Radtag \/\/ Umwelttag j\u00e4hrlichb\u00fcrgernahe Vorstellung aller JenaKultur-Bereiche bis 2010Rock\u2019n\u2019Roll Arena 2011bis 2017 von JenaKultur organisiertRomantikjahr 2015Jena 2015Tourismus- und Tagungsworkshop Jena 2016Akustisch-elektronisch-visuell-artistische Welten [&hellip;]<\/p>\n","protected":false},"author":22,"featured_media":0,"parent":0,"menu_order":0,"comment_status":"closed","ping_status":"closed","template":"","meta":{"_et_pb_use_builder":"on","_et_pb_old_content":"","_et_gb_content_width":"","footnotes":""},"class_list":["post-2162","page","type-page","status-publish","hentry"],"_links":{"self":[{"href":"https:\/\/blog.jena.de\/15jahre-jenakultur\/wp-json\/wp\/v2\/pages\/2162","targetHints":{"allow":["GET"]}}],"collection":[{"href":"https:\/\/blog.jena.de\/15jahre-jenakultur\/wp-json\/wp\/v2\/pages"}],"about":[{"href":"https:\/\/blog.jena.de\/15jahre-jenakultur\/wp-json\/wp\/v2\/types\/page"}],"author":[{"embeddable":true,"href":"https:\/\/blog.jena.de\/15jahre-jenakultur\/wp-json\/wp\/v2\/users\/22"}],"replies":[{"embeddable":true,"href":"https:\/\/blog.jena.de\/15jahre-jenakultur\/wp-json\/wp\/v2\/comments?post=2162"}],"version-history":[{"count":21,"href":"https:\/\/blog.jena.de\/15jahre-jenakultur\/wp-json\/wp\/v2\/pages\/2162\/revisions"}],"predecessor-version":[{"id":3659,"href":"https:\/\/blog.jena.de\/15jahre-jenakultur\/wp-json\/wp\/v2\/pages\/2162\/revisions\/3659"}],"wp:attachment":[{"href":"https:\/\/blog.jena.de\/15jahre-jenakultur\/wp-json\/wp\/v2\/media?parent=2162"}],"curies":[{"name":"wp","href":"https:\/\/api.w.org\/{rel}","templated":true}]}}