{"id":2156,"date":"2020-12-07T16:23:55","date_gmt":"2020-12-07T15:23:55","guid":{"rendered":"https:\/\/blog.jena.de\/15jahre-jenakultur\/?page_id=2156"},"modified":"2024-07-10T11:56:07","modified_gmt":"2024-07-10T09:56:07","slug":"meilensteine","status":"publish","type":"page","link":"https:\/\/blog.jena.de\/15jahre-jenakultur\/meilensteine\/","title":{"rendered":"Meilensteine"},"content":{"rendered":"<p>[et_pb_section fb_built=&#8220;1&#8243; module_class=&#8220;.centered { display: flex; align-items: center; flex-direction: row; flex-wrap: wrap; }&#8220; _builder_version=&#8220;4.7.5&#8243; _module_preset=&#8220;default&#8220; background_color=&#8220;#212121&#8243; custom_margin_tablet=&#8220;&#8220; custom_margin_phone=&#8220;0px||||false|false&#8220; custom_margin_last_edited=&#8220;on|phone&#8220; custom_padding=&#8220;10px||30px||false|false&#8220; bottom_divider_style=&#8220;asymmetric2&#8243; bottom_divider_color=&#8220;#ffb612&#8243; bottom_divider_height=&#8220;23px&#8220; da_disable_devices=&#8220;off|off|off&#8220; global_module=&#8220;2131&#8243; saved_tabs=&#8220;all&#8220; locked=&#8220;off&#8220; global_colors_info=&#8220;{}&#8220; da_is_popup=&#8220;off&#8220; da_exit_intent=&#8220;off&#8220; da_has_close=&#8220;on&#8220; da_alt_close=&#8220;off&#8220; da_dark_close=&#8220;off&#8220; da_not_modal=&#8220;on&#8220; da_is_singular=&#8220;off&#8220; da_with_loader=&#8220;off&#8220; da_has_shadow=&#8220;on&#8220;][et_pb_row column_structure=&#8220;1_4,1_2,1_4&#8243; use_custom_gutter=&#8220;on&#8220; disabled_on=&#8220;off|off|off&#8220; _builder_version=&#8220;4.16&#8243; _module_preset=&#8220;default&#8220; width=&#8220;90%&#8220; max_width=&#8220;90%&#8220; custom_margin_tablet=&#8220;0px||||false|false&#8220; custom_margin_phone=&#8220;&#8220; custom_margin_last_edited=&#8220;on|phone&#8220; custom_padding=&#8220;0px||0px||false|false&#8220; global_colors_info=&#8220;{}&#8220;][et_pb_column type=&#8220;1_4&#8243; _builder_version=&#8220;4.16&#8243; _module_preset=&#8220;default&#8220; global_colors_info=&#8220;{}&#8220;][et_pb_image src=&#8220;https:\/\/blog.jena.de\/15jahre-jenakultur\/wp-content\/uploads\/sites\/28\/2024\/02\/15jahre-jenakultur-jk-logo-rz-rgb-220621-grau-negativ.png&#8220; alt=&#8220;Neues JenaKultur-Logo&#8220; title_text=&#8220;JK_Logo_RZ_RGB_220621_grau_negativ&#8220; url=&#8220;https:\/\/blog.jena.de\/15jahre-jenakultur\/&#8220; src_tablet=&#8220;https:\/\/blog.jena.de\/15jahre-jenakultur\/wp-content\/uploads\/sites\/28\/2020\/10\/15jahre-jenakultur-jk-logo-weiss-300&#215;64.png&#8220; src_phone=&#8220;https:\/\/blog.jena.de\/15jahre-jenakultur\/wp-content\/uploads\/sites\/28\/2020\/10\/15jahre-jenakultur-jk-logo-weiss-300&#215;64.png&#8220; src_last_edited=&#8220;on|phone&#8220; _builder_version=&#8220;4.19.4&#8243; _module_preset=&#8220;default&#8220; width=&#8220;75%&#8220; width_tablet=&#8220;&#8220; width_phone=&#8220;&#8220; width_last_edited=&#8220;on|desktop&#8220; max_width=&#8220;75%&#8220; max_width_tablet=&#8220;30%&#8220; max_width_phone=&#8220;40%&#8220; max_width_last_edited=&#8220;on|desktop&#8220; custom_margin=&#8220;10px||||false|false&#8220; custom_margin_tablet=&#8220;0px||10px||false|false&#8220; custom_margin_phone=&#8220;&#8220; custom_margin_last_edited=&#8220;on|tablet&#8220; global_colors_info=&#8220;{}&#8220;][\/et_pb_image][\/et_pb_column][et_pb_column type=&#8220;1_2&#8243; _builder_version=&#8220;4.16&#8243; _module_preset=&#8220;default&#8220; global_colors_info=&#8220;{}&#8220;][et_pb_text _builder_version=&#8220;4.16&#8243; _module_preset=&#8220;default&#8220; text_text_color=&#8220;#f6f8ff&#8220; header_font=&#8220;|300|||||||&#8220; header_text_align=&#8220;center&#8220; header_text_color=&#8220;#f6f8ff&#8220; header_font_size=&#8220;82px&#8220; header_letter_spacing=&#8220;7px&#8220; width=&#8220;100%&#8220; max_width=&#8220;100%&#8220; max_width_tablet=&#8220;&#8220; max_width_phone=&#8220;&#8220; max_width_last_edited=&#8220;on|tablet&#8220; custom_margin=&#8220;||20px||false|false&#8220; header_font_size_tablet=&#8220;60px&#8220; header_font_size_phone=&#8220;40px&#8220; header_font_size_last_edited=&#8220;on|tablet&#8220; global_colors_info=&#8220;{}&#8220;]<\/p>\n<h1>JenaKulturStory<\/h1>\n<p>[\/et_pb_text][\/et_pb_column][et_pb_column type=&#8220;1_4&#8243; _builder_version=&#8220;4.16&#8243; _module_preset=&#8220;default&#8220; global_colors_info=&#8220;{}&#8220;][et_pb_image src=&#8220;https:\/\/blog.jena.de\/15jahre-jenakultur\/wp-content\/uploads\/sites\/28\/2020\/10\/15jahre-jenakultur-logo-jena-labelversion-weiss-300&#215;26.png&#8220; alt=&#8220;Label der Jena Lichtstadt&#8220; title_text=&#8220;Jena Lichtstadt&#8220; url=&#8220;https:\/\/startseite.jena.de\/&#8220; url_new_window=&#8220;on&#8220; align=&#8220;right&#8220; _builder_version=&#8220;4.16&#8243; _module_preset=&#8220;default&#8220; width=&#8220;75%&#8220; max_width=&#8220;75%&#8220; max_width_tablet=&#8220;15%&#8220; max_width_phone=&#8220;25%&#8220; max_width_last_edited=&#8220;on|tablet&#8220; custom_margin=&#8220;15px||||false|false&#8220; custom_margin_tablet=&#8220;0px||||false|false&#8220; custom_margin_phone=&#8220;&#8220; custom_margin_last_edited=&#8220;on|tablet&#8220; global_colors_info=&#8220;{}&#8220;][\/et_pb_image][\/et_pb_column][\/et_pb_row][\/et_pb_section][et_pb_section fb_built=&#8220;1&#8243; _builder_version=&#8220;4.16&#8243; _module_preset=&#8220;default&#8220; background_color=&#8220;#212121&#8243; da_disable_devices=&#8220;off|off|off&#8220; global_colors_info=&#8220;{}&#8220; da_is_popup=&#8220;off&#8220; da_exit_intent=&#8220;off&#8220; da_has_close=&#8220;on&#8220; da_alt_close=&#8220;off&#8220; da_dark_close=&#8220;off&#8220; da_not_modal=&#8220;on&#8220; da_is_singular=&#8220;off&#8220; da_with_loader=&#8220;off&#8220; da_has_shadow=&#8220;on&#8220;][et_pb_row custom_padding_last_edited=&#8220;on|desktop&#8220; _builder_version=&#8220;4.16&#8243; _module_preset=&#8220;default&#8220; width=&#8220;95%&#8220; custom_margin_tablet=&#8220;&#8220; custom_margin_phone=&#8220;0px||||false|false&#8220; custom_margin_last_edited=&#8220;on|tablet&#8220; custom_padding_tablet=&#8220;0px||||false|false&#8220; custom_padding_phone=&#8220;0px||||false|false&#8220; global_colors_info=&#8220;{}&#8220;][et_pb_column type=&#8220;4_4&#8243; _builder_version=&#8220;4.16&#8243; _module_preset=&#8220;default&#8220; global_colors_info=&#8220;{}&#8220;][et_pb_text _builder_version=&#8220;4.16&#8243; _module_preset=&#8220;default&#8220; header_2_font=&#8220;|300|||||||&#8220; header_2_text_align=&#8220;center&#8220; header_2_text_color=&#8220;#f6f8ff&#8220; header_2_font_size=&#8220;60px&#8220; header_2_letter_spacing=&#8220;1px&#8220; header_2_line_height=&#8220;0.8em&#8220; custom_margin=&#8220;50px||20px||false|false&#8220; header_2_font_size_tablet=&#8220;50px&#8220; header_2_font_size_phone=&#8220;35px&#8220; header_2_font_size_last_edited=&#8220;on|desktop&#8220; header_2_text_shadow_style=&#8220;preset5&#8243; header_2_text_shadow_horizontal_length=&#8220;0.04em&#8220; header_2_text_shadow_vertical_length=&#8220;0.06em&#8220; locked=&#8220;off&#8220; global_colors_info=&#8220;{}&#8220;]<\/p>\n<h2>Meilensteine<\/h2>\n<p>[\/et_pb_text][et_pb_slider show_image_video_mobile=&#8220;on&#8220; use_text_overlay=&#8220;off&#8220; _builder_version=&#8220;4.19.4&#8243; _module_preset=&#8220;default&#8220; header_font=&#8220;||||||||&#8220; header_text_color=&#8220;#212121&#8243; body_text_color=&#8220;#212121&#8243; body_line_height=&#8220;1em&#8220; background_enable_image=&#8220;off&#8220; custom_button=&#8220;on&#8220; width=&#8220;100%&#8220; max_width=&#8220;75%&#8220; max_width_tablet=&#8220;90%&#8220; max_width_phone=&#8220;90%&#8220; max_width_last_edited=&#8220;on|phone&#8220; module_alignment=&#8220;center&#8220; custom_margin=&#8220;||30px||false|false&#8220; hover_enabled=&#8220;0&#8243; body_font_size_tablet=&#8220;17px&#8220; body_font_size_phone=&#8220;15px&#8220; body_font_size_last_edited=&#8220;on|tablet&#8220; button_text_size_tablet=&#8220;&#8220; button_text_size_phone=&#8220;17px&#8220; button_text_size_last_edited=&#8220;on|phone&#8220; header_text_shadow_style=&#8220;preset2&#8243; locked=&#8220;off&#8220; global_colors_info=&#8220;{}&#8220; sticky_enabled=&#8220;0&#8243;][et_pb_slide heading=&#8220;1. Lange Nacht der Wissenschaften&#8220; button_text=&#8220;Zur Website&#8220; button_link=&#8220;https:\/\/www.lndw-jena.de&#8220; url_new_window=&#8220;on&#8220; use_text_overlay=&#8220;on&#8220; text_overlay_color=&#8220;rgba(246,248,255,0.75)&#8220; _builder_version=&#8220;4.19.4&#8243; _module_preset=&#8220;default&#8220; background_enable_color=&#8220;off&#8220; background_image=&#8220;https:\/\/blog.jena.de\/15jahre-jenakultur\/wp-content\/uploads\/sites\/28\/2020\/11\/15jahre-jenakultur-lndw2005-panoramajenakultur-hermann-blechschmidt-1.jpg&#8220; background_enable_image=&#8220;on&#8220; custom_button=&#8220;on&#8220; button_text_color=&#8220;#212121&#8243; button_bg_color=&#8220;rgba(246,248,255,0.75)&#8220; button_border_width=&#8220;0px&#8220; button_border_radius=&#8220;3px&#8220; locked=&#8220;off&#8220; global_colors_info=&#8220;{}&#8220; button_text_size__hover_enabled=&#8220;off|hover&#8220; button_text_color__hover_enabled=&#8220;on|hover&#8220; button_text_color__hover=&#8220;#f6f8ff&#8220; button_bg_color__hover_enabled=&#8220;on|hover&#8220; button_bg_color__hover=&#8220;rgba(33,33,33,0.75)&#8220; button_bg_enable_color__hover=&#8220;on&#8220; button_letter_spacing__hover_enabled=&#8220;on|hover&#8220; button_letter_spacing__hover=&#8220;2px&#8220; sticky_transition=&#8220;on&#8220;]<\/p>\n<p>Jena 2005<\/p>\n<p>[\/et_pb_slide][et_pb_slide heading=&#8220;Umwidmung Volksbad&#8220; button_text=&#8220;Zur Website&#8220; button_link=&#8220;https:\/\/www.volksbad-jena.de\/de\/geschichte\/648753&#8243; url_new_window=&#8220;on&#8220; use_text_overlay=&#8220;on&#8220; text_overlay_color=&#8220;rgba(246,248,255,0.75)&#8220; _builder_version=&#8220;4.16&#8243; _module_preset=&#8220;default&#8220; background_enable_color=&#8220;off&#8220; background_image=&#8220;https:\/\/blog.jena.de\/15jahre-jenakultur\/wp-content\/uploads\/sites\/28\/2020\/11\/15jahre-jenakultur-2007-eroeffnung-volksbadjenakultur-sreuter-1-1.jpg&#8220; background_enable_image=&#8220;on&#8220; custom_button=&#8220;on&#8220; button_text_color=&#8220;#212121&#8243; button_bg_color=&#8220;rgba(246,248,255,0.75)&#8220; button_border_width=&#8220;0px&#8220; button_border_radius=&#8220;3px&#8220; locked=&#8220;off&#8220; global_colors_info=&#8220;{}&#8220; button_text_size__hover_enabled=&#8220;off|hover&#8220; button_text_color__hover_enabled=&#8220;on|hover&#8220; button_text_color__hover=&#8220;#f6f8ff&#8220; button_bg_color__hover_enabled=&#8220;on|hover&#8220; button_bg_color__hover=&#8220;rgba(33,33,33,0.75)&#8220; button_bg_enable_color__hover=&#8220;on&#8220; button_letter_spacing__hover_enabled=&#8220;on|hover&#8220; button_letter_spacing__hover=&#8220;2px&#8220; sticky_transition=&#8220;on&#8220;]<\/p>\n<p>Neu-Er\u00f6ffnung als Hauptsitz von JenaKultur 2007<\/p>\n<p>[\/et_pb_slide][et_pb_slide heading=&#8220;Er\u00f6ffnung Villa Rosenthal&#8220; button_text=&#8220;Zur Website&#8220; button_link=&#8220;https:\/\/www.villa-rosenthal-jena.de\/de\/geschichte\/villa_rosenthal\/683604&#8243; url_new_window=&#8220;on&#8220; use_text_overlay=&#8220;on&#8220; text_overlay_color=&#8220;rgba(246,248,255,0.75)&#8220; _builder_version=&#8220;4.16&#8243; _module_preset=&#8220;default&#8220; background_enable_color=&#8220;off&#8220; background_image=&#8220;https:\/\/blog.jena.de\/15jahre-jenakultur\/wp-content\/uploads\/sites\/28\/2020\/12\/15jahre-jenakultur-villarosenthaljenakultur-jenaparadies-1.jpg&#8220; background_enable_image=&#8220;on&#8220; custom_button=&#8220;on&#8220; button_text_color=&#8220;#212121&#8243; button_bg_color=&#8220;rgba(246,248,255,0.75)&#8220; button_border_width=&#8220;0px&#8220; button_border_radius=&#8220;3px&#8220; locked=&#8220;off&#8220; global_colors_info=&#8220;{}&#8220; button_text_size__hover_enabled=&#8220;off|hover&#8220; button_text_color__hover_enabled=&#8220;on|hover&#8220; button_text_color__hover=&#8220;#f6f8ff&#8220; button_bg_color__hover_enabled=&#8220;on|hover&#8220; button_bg_color__hover=&#8220;rgba(33,33,33,0.75)&#8220; button_bg_enable_color__hover=&#8220;on&#8220; button_letter_spacing__hover_enabled=&#8220;on|hover&#8220; button_letter_spacing__hover=&#8220;2px&#8220; sticky_transition=&#8220;on&#8220;]<\/p>\n<p>Ein Kulturdenkmal erwacht zum Leben 2007<\/p>\n<p>[\/et_pb_slide][et_pb_slide heading=&#8220;Aufbau Veranstaltungsservice&#8220; url_new_window=&#8220;on&#8220; use_text_overlay=&#8220;on&#8220; text_overlay_color=&#8220;rgba(246,248,255,0.75)&#8220; _builder_version=&#8220;4.16&#8243; _module_preset=&#8220;default&#8220; background_enable_color=&#8220;off&#8220; background_image=&#8220;https:\/\/blog.jena.de\/15jahre-jenakultur\/wp-content\/uploads\/sites\/28\/2020\/12\/15jahre-jenakultur-vaservicejenakultur-chaecker.jpg&#8220; background_enable_image=&#8220;on&#8220; background_position=&#8220;top_center&#8220; custom_button=&#8220;on&#8220; button_text_color=&#8220;#212121&#8243; button_bg_color=&#8220;rgba(246,248,255,0.75)&#8220; button_border_width=&#8220;0px&#8220; button_border_radius=&#8220;3px&#8220; locked=&#8220;off&#8220; global_colors_info=&#8220;{}&#8220; button_text_size__hover_enabled=&#8220;off|hover&#8220; button_text_color__hover_enabled=&#8220;on|hover&#8220; button_text_color__hover=&#8220;#f6f8ff&#8220; button_bg_color__hover_enabled=&#8220;on|hover&#8220; button_bg_color__hover=&#8220;rgba(33,33,33,0.75)&#8220; button_bg_enable_color__hover=&#8220;on&#8220; button_letter_spacing__hover_enabled=&#8220;on|hover&#8220; button_letter_spacing__hover=&#8220;2px&#8220; sticky_transition=&#8220;on&#8220;]<\/p>\n<p>Neues zentrales Team 2008<\/p>\n<p>[\/et_pb_slide][et_pb_slide heading=&#8220;Neuer Standort Jena Tourist-Information&#8220; button_text=&#8220;Zur Website&#8220; button_link=&#8220;https:\/\/www.visit-jena.de\/reise-planen\/jena-tourist-information\/&#8220; url_new_window=&#8220;on&#8220; use_text_overlay=&#8220;on&#8220; text_overlay_color=&#8220;rgba(246,248,255,0.75)&#8220; _builder_version=&#8220;4.16&#8243; _module_preset=&#8220;default&#8220; background_enable_color=&#8220;off&#8220; background_image=&#8220;https:\/\/blog.jena.de\/15jahre-jenakultur\/wp-content\/uploads\/sites\/28\/2020\/12\/15jahre-jenakultur-2008-eroeffnungtijenakultur-mheinrich.jpg&#8220; background_enable_image=&#8220;on&#8220; background_position=&#8220;bottom_center&#8220; custom_button=&#8220;on&#8220; button_text_color=&#8220;#212121&#8243; button_bg_color=&#8220;rgba(246,248,255,0.75)&#8220; button_border_width=&#8220;0px&#8220; button_border_radius=&#8220;3px&#8220; locked=&#8220;off&#8220; global_colors_info=&#8220;{}&#8220; button_text_size__hover_enabled=&#8220;off|hover&#8220; button_text_color__hover_enabled=&#8220;on|hover&#8220; button_text_color__hover=&#8220;#f6f8ff&#8220; button_bg_color__hover_enabled=&#8220;on|hover&#8220; button_bg_color__hover=&#8220;rgba(33,33,33,0.75)&#8220; button_bg_enable_color__hover=&#8220;on&#8220; button_letter_spacing__hover_enabled=&#8220;on|hover&#8220; button_letter_spacing__hover=&#8220;2px&#8220; sticky_transition=&#8220;on&#8220;]<\/p>\n<p>Alter &amp; neuer Stadtspeicher avanciert zu eigener Sehensw\u00fcrdigkeit 2008<\/p>\n<p>[\/et_pb_slide][et_pb_slide heading=&#8220;Stadt der Wissenschaft&#8220; url_new_window=&#8220;on&#8220; use_text_overlay=&#8220;on&#8220; text_overlay_color=&#8220;rgba(246,248,255,0.75)&#8220; _builder_version=&#8220;4.16&#8243; _module_preset=&#8220;default&#8220; background_enable_color=&#8220;off&#8220; background_image=&#8220;https:\/\/blog.jena.de\/15jahre-jenakultur\/wp-content\/uploads\/sites\/28\/2020\/11\/15jahre-jenakultur-sdw2008-jenakultur-sreuter.jpg&#8220; background_enable_image=&#8220;on&#8220; custom_button=&#8220;on&#8220; button_text_color=&#8220;#212121&#8243; button_bg_color=&#8220;rgba(246,248,255,0.75)&#8220; button_border_width=&#8220;0px&#8220; button_border_radius=&#8220;3px&#8220; locked=&#8220;off&#8220; global_colors_info=&#8220;{}&#8220; button_text_size__hover_enabled=&#8220;off|hover&#8220; button_text_color__hover_enabled=&#8220;on|hover&#8220; button_text_color__hover=&#8220;#f6f8ff&#8220; button_bg_color__hover_enabled=&#8220;on|hover&#8220; button_bg_color__hover=&#8220;rgba(33,33,33,0.75)&#8220; button_bg_enable_color__hover=&#8220;on&#8220; button_letter_spacing__hover_enabled=&#8220;on|hover&#8220; button_letter_spacing__hover=&#8220;2px&#8220; sticky_transition=&#8220;on&#8220;]<\/p>\n<p>Jena 2008<\/p>\n<p>[\/et_pb_slide][et_pb_slide heading=&#8220;Jenaer Philharmonie&#8220; button_text=&#8220;Zur Website&#8220; button_link=&#8220;https:\/\/www.jenaer-philharmonie.de\/&#8220; url_new_window=&#8220;on&#8220; use_text_overlay=&#8220;on&#8220; text_overlay_color=&#8220;rgba(246,248,255,0.75)&#8220; _builder_version=&#8220;4.16&#8243; _module_preset=&#8220;default&#8220; background_enable_color=&#8220;off&#8220; background_image=&#8220;https:\/\/blog.jena.de\/15jahre-jenakultur\/wp-content\/uploads\/sites\/28\/2020\/11\/15jahre-jenakultur-jp-jenakultur-cworsch.jpg&#8220; background_enable_image=&#8220;on&#8220; custom_button=&#8220;on&#8220; button_text_color=&#8220;#212121&#8243; button_bg_color=&#8220;rgba(246,248,255,0.75)&#8220; button_border_width=&#8220;0px&#8220; button_border_radius=&#8220;3px&#8220; locked=&#8220;off&#8220; global_colors_info=&#8220;{}&#8220; button_text_size__hover_enabled=&#8220;off|hover&#8220; button_bg_color__hover_enabled=&#8220;on|hover&#8220; button_bg_color__hover=&#8220;rgba(33,33,33,0.75)&#8220; button_bg_enable_color__hover=&#8220;on&#8220; button_letter_spacing__hover_enabled=&#8220;on|hover&#8220; button_letter_spacing__hover=&#8220;2px&#8220; button_text_color__hover_enabled=&#8220;on|hover&#8220; button_text_color__hover=&#8220;#f6f8ff&#8220; sticky_transition=&#8220;on&#8220;]<\/p>\n<p>Exzellente Orchesterlandschaft Deutschland 2016<\/p>\n<p>[\/et_pb_slide][et_pb_slide heading=&#8220;Innovationsf\u00f6rderung&#8220; button_text=&#8220;Zur Website Kulturf\u00f6rderung&#8220; button_link=&#8220;https:\/\/www.jenakultur.de\/de\/aufgaben_und_service\/kulturfoerderung\/789494&#8243; url_new_window=&#8220;on&#8220; use_text_overlay=&#8220;on&#8220; text_overlay_color=&#8220;rgba(246,248,255,0.75)&#8220; video_url=&#8220;https:\/\/www.youtube.com\/watch?v=RUwczj2MEBA&#8220; _builder_version=&#8220;4.19.4&#8243; _module_preset=&#8220;default&#8220; background_color=&#8220;#333745&#8243; background_enable_color=&#8220;on&#8220; background_image=&#8220;https:\/\/blog.jena.de\/15jahre-jenakultur\/wp-content\/uploads\/sites\/28\/2020\/11\/15jahre-jenakultur-volkshaus-detail-quelle-jenakultur-foto-a.hub7_.jpg&#8220; background_enable_image=&#8220;on&#8220; background_position=&#8220;top_center&#8220; custom_button=&#8220;on&#8220; button_text_color=&#8220;#212121&#8243; button_bg_color=&#8220;rgba(246,248,255,0.75)&#8220; button_border_width=&#8220;0px&#8220; button_border_radius=&#8220;3px&#8220; locked=&#8220;off&#8220; global_colors_info=&#8220;{}&#8220; button_text_size__hover_enabled=&#8220;off|hover&#8220; button_text_color__hover_enabled=&#8220;on|hover&#8220; button_text_color__hover=&#8220;#f6f8ff&#8220; button_bg_color__hover_enabled=&#8220;on|hover&#8220; button_bg_color__hover=&#8220;rgba(33,33,33,0.75)&#8220; button_bg_enable_color__hover=&#8220;on&#8220; button_letter_spacing__hover_enabled=&#8220;on|hover&#8220; button_letter_spacing__hover=&#8220;2px&#8220; sticky_transition=&#8220;on&#8220;]<\/p>\n<p>Einzigartige Kulturf\u00f6rderung 2018-2021<\/p>\n<p>[\/et_pb_slide][et_pb_slide heading=&#8220;Convention \u2013 Arbeitsfeld der Zukunft&#8220; button_text=&#8220;Zur Website&#8220; button_link=&#8220;https:\/\/www.jenaconvention.de\/&#8220; url_new_window=&#8220;on&#8220; use_text_overlay=&#8220;on&#8220; text_overlay_color=&#8220;rgba(246,248,255,0.75)&#8220; _builder_version=&#8220;4.16&#8243; _module_preset=&#8220;default&#8220; background_enable_color=&#8220;off&#8220; background_image=&#8220;https:\/\/blog.jena.de\/15jahre-jenakultur\/wp-content\/uploads\/sites\/28\/2020\/11\/15jahre-jenakultur-convention-jenakultur-ahub.jpg&#8220; background_enable_image=&#8220;on&#8220; background_position=&#8220;bottom_center&#8220; custom_button=&#8220;on&#8220; button_text_color=&#8220;#212121&#8243; button_bg_color=&#8220;rgba(246,248,255,0.75)&#8220; button_border_width=&#8220;0px&#8220; button_border_radius=&#8220;3px&#8220; locked=&#8220;off&#8220; global_colors_info=&#8220;{}&#8220; button_text_color__hover=&#8220;#f6f8ff&#8220; button_text_color__hover_enabled=&#8220;on|hover&#8220; button_bg_color__hover=&#8220;rgba(33,33,33,0.75)&#8220; button_bg_color__hover_enabled=&#8220;on|hover&#8220; button_letter_spacing__hover=&#8220;2px&#8220; button_letter_spacing__hover_enabled=&#8220;on|hover&#8220; button_bg_enable_color__hover=&#8220;on&#8220; sticky_transition=&#8220;on&#8220;]<\/p>\n<p>Jena Convention Bureau 2019<\/p>\n<p>[\/et_pb_slide][et_pb_slide heading=&#8220;Sanierung Volkshaus&#8220; button_text=&#8220;Zur Website&#8220; button_link=&#8220;https:\/\/www.volkshaus-jena.de\/de\/\/891931&#8243; url_new_window=&#8220;on&#8220; use_text_overlay=&#8220;on&#8220; text_overlay_color=&#8220;rgba(246,248,255,0.75)&#8220; _builder_version=&#8220;4.19.4&#8243; _module_preset=&#8220;default&#8220; background_color=&#8220;#333745&#8243; background_enable_color=&#8220;on&#8220; background_image=&#8220;https:\/\/blog.jena.de\/15jahre-jenakultur\/wp-content\/uploads\/sites\/28\/2023\/01\/15jahre-jenakultur-210118-vh-jenakultur-jbc-karoline-krampitz-4m4a9105.jpg&#8220; background_enable_image=&#8220;on&#8220; background_position=&#8220;top_center&#8220; custom_button=&#8220;on&#8220; button_text_color=&#8220;#212121&#8243; button_bg_color=&#8220;rgba(246,248,255,0.75)&#8220; button_border_width=&#8220;0px&#8220; button_border_radius=&#8220;3px&#8220; locked=&#8220;off&#8220; global_colors_info=&#8220;{}&#8220; button_text_color__hover=&#8220;#f6f8ff&#8220; button_text_color__hover_enabled=&#8220;on|hover&#8220; button_bg_color__hover=&#8220;rgba(33,33,33,0.75)&#8220; button_bg_color__hover_enabled=&#8220;on|hover&#8220; button_letter_spacing__hover=&#8220;2px&#8220; button_letter_spacing__hover_enabled=&#8220;on|hover&#8220; button_bg_enable_color__hover=&#8220;on&#8220; sticky_transition=&#8220;on&#8220;]<\/p>\n<p>Umfangreiche Bauma\u00dfnahmen &amp;<br \/>Wiederer\u00f6ffnung als Kultur- und Kongresszentrum<\/p>\n<p>[\/et_pb_slide][et_pb_slide heading=&#8220;30 Jahre Kulturarena&#8220; button_text=&#8220;Zur Website&#8220; button_link=&#8220;https:\/\/www.kulturarena.de\/30-jahre-kulturarena.html&#8220; url_new_window=&#8220;on&#8220; use_text_overlay=&#8220;on&#8220; text_overlay_color=&#8220;rgba(246,248,255,0.75)&#8220; _builder_version=&#8220;4.16&#8243; _module_preset=&#8220;default&#8220; background_color=&#8220;#333745&#8243; background_enable_color=&#8220;on&#8220; background_image=&#8220;https:\/\/blog.jena.de\/15jahre-jenakultur\/wp-content\/uploads\/sites\/28\/2022\/10\/15jahre-jenakultur-kulturarena22christoph-worsch.jpg&#8220; background_enable_image=&#8220;on&#8220; custom_button=&#8220;on&#8220; button_text_color=&#8220;#212121&#8243; button_bg_color=&#8220;rgba(246,248,255,0.75)&#8220; button_border_width=&#8220;0px&#8220; button_border_radius=&#8220;3px&#8220; locked=&#8220;off&#8220; global_colors_info=&#8220;{}&#8220; button_text_color__hover=&#8220;#f6f8ff&#8220; button_text_color__hover_enabled=&#8220;on|hover&#8220; button_bg_color__hover=&#8220;rgba(33,33,33,0.75)&#8220; button_bg_color__hover_enabled=&#8220;on|hover&#8220; button_letter_spacing__hover=&#8220;2px&#8220; button_letter_spacing__hover_enabled=&#8220;on|hover&#8220; button_bg_enable_color__hover=&#8220;on&#8220; sticky_transition=&#8220;on&#8220;]<\/p>\n<p>Ein Blick hinter die Kulissen<\/p>\n<p>[\/et_pb_slide][et_pb_slide heading=&#8220;Neuer\u00f6ffnung Ernst-Abbe-B\u00fccherei&#8220; button_text=&#8220;Blog-Beitrag mit Video und Baugeschichte&#8220; button_link=&#8220;https:\/\/blog.jena.de\/jenakultur\/2024\/04\/05\/ein-neues-kapitel\/&#8220; url_new_window=&#8220;on&#8220; use_text_overlay=&#8220;on&#8220; text_overlay_color=&#8220;rgba(246,248,255,0.75)&#8220; _builder_version=&#8220;4.19.4&#8243; _module_preset=&#8220;default&#8220; background_color=&#8220;#333745&#8243; background_enable_color=&#8220;on&#8220; background_image=&#8220;https:\/\/blog.jena.de\/15jahre-jenakultur\/wp-content\/uploads\/sites\/28\/2024\/07\/15jahre-jenakultur-eab-wohnzimmerceab-cworsch.jpg&#8220; background_enable_image=&#8220;on&#8220; custom_button=&#8220;on&#8220; button_text_color=&#8220;#212121&#8243; button_bg_color=&#8220;rgba(246,248,255,0.75)&#8220; button_border_width=&#8220;0px&#8220; button_border_radius=&#8220;3px&#8220; hover_enabled=&#8220;0&#8243; locked=&#8220;off&#8220; global_colors_info=&#8220;{}&#8220; button_text_color__hover=&#8220;#f6f8ff&#8220; button_text_color__hover_enabled=&#8220;on|hover&#8220; button_bg_color__hover=&#8220;rgba(33,33,33,0.75)&#8220; button_bg_color__hover_enabled=&#8220;on|hover&#8220; button_letter_spacing__hover=&#8220;2px&#8220; button_letter_spacing__hover_enabled=&#8220;on|hover&#8220; button_bg_enable_color__hover=&#8220;on&#8220; sticky_transition=&#8220;on&#8220; alt=&#8220;%22Wohnzimmer%22 in der Belletristik der neuen Ernst-Abbe-B\u00fccherei Jena&#8220; title_text=&#8220;EAB-Wohnzimmer(c)EAB-CWorsch&#8220; sticky_enabled=&#8220;0&#8243;]<\/p>\n<p>Ein neues Kapitel<\/p>\n<p>[\/et_pb_slide][\/et_pb_slider][et_pb_text _builder_version=&#8220;4.16&#8243; _module_preset=&#8220;default&#8220; text_font_size=&#8220;15px&#8220; text_orientation=&#8220;center&#8220; background_layout=&#8220;dark&#8220; custom_margin=&#8220;||50px||false|false&#8220; text_font_size_tablet=&#8220;&#8220; text_font_size_phone=&#8220;13px&#8220; text_font_size_last_edited=&#8220;on|phone&#8220; locked=&#8220;off&#8220; global_colors_info=&#8220;{}&#8220;]<\/p>\n<p>Zum Ansehen der Bilder die Pfeile links und rechts klicken.<br \/> \u00a9JenaKultur, H. Blechschmidt, dotSource GmbH, C. H\u00e4cker, M. Heinrich, A. Hub, Jenaparadies, T. Pei\u00dfker, S. Reuter, C. Worsch<\/p>\n<p>[\/et_pb_text][\/et_pb_column][\/et_pb_row][\/et_pb_section]<\/p>\n","protected":false},"excerpt":{"rendered":"<p>JenaKulturStoryMeilensteineJena 2005Neu-Er\u00f6ffnung als Hauptsitz von JenaKultur 2007Ein Kulturdenkmal erwacht zum Leben 2007Neues zentrales Team 2008Alter &amp; neuer Stadtspeicher avanciert zu eigener Sehensw\u00fcrdigkeit 2008Jena 2008Exzellente Orchesterlandschaft Deutschland 2016Einzigartige Kulturf\u00f6rderung 2018-2021Jena Convention Bureau 2019Umfangreiche Bauma\u00dfnahmen &amp;Wiederer\u00f6ffnung als Kultur- und KongresszentrumEin Blick hinter die KulissenEin neues KapitelZum Ansehen der Bilder die Pfeile links und rechts klicken. \u00a9JenaKultur, H. [&hellip;]<\/p>\n","protected":false},"author":22,"featured_media":0,"parent":0,"menu_order":0,"comment_status":"closed","ping_status":"closed","template":"","meta":{"_et_pb_use_builder":"on","_et_pb_old_content":"","_et_gb_content_width":"","footnotes":""},"class_list":["post-2156","page","type-page","status-publish","hentry"],"_links":{"self":[{"href":"https:\/\/blog.jena.de\/15jahre-jenakultur\/wp-json\/wp\/v2\/pages\/2156","targetHints":{"allow":["GET"]}}],"collection":[{"href":"https:\/\/blog.jena.de\/15jahre-jenakultur\/wp-json\/wp\/v2\/pages"}],"about":[{"href":"https:\/\/blog.jena.de\/15jahre-jenakultur\/wp-json\/wp\/v2\/types\/page"}],"author":[{"embeddable":true,"href":"https:\/\/blog.jena.de\/15jahre-jenakultur\/wp-json\/wp\/v2\/users\/22"}],"replies":[{"embeddable":true,"href":"https:\/\/blog.jena.de\/15jahre-jenakultur\/wp-json\/wp\/v2\/comments?post=2156"}],"version-history":[{"count":20,"href":"https:\/\/blog.jena.de\/15jahre-jenakultur\/wp-json\/wp\/v2\/pages\/2156\/revisions"}],"predecessor-version":[{"id":3625,"href":"https:\/\/blog.jena.de\/15jahre-jenakultur\/wp-json\/wp\/v2\/pages\/2156\/revisions\/3625"}],"wp:attachment":[{"href":"https:\/\/blog.jena.de\/15jahre-jenakultur\/wp-json\/wp\/v2\/media?parent=2156"}],"curies":[{"name":"wp","href":"https:\/\/api.w.org\/{rel}","templated":true}]}}