{"id":1893,"date":"2020-11-26T10:51:43","date_gmt":"2020-11-26T09:51:43","guid":{"rendered":"https:\/\/blog.jena.de\/15jahre-jenakultur\/?page_id=1893"},"modified":"2021-04-29T15:07:51","modified_gmt":"2021-04-29T13:07:51","slug":"jena-convention-bureau","status":"publish","type":"page","link":"https:\/\/blog.jena.de\/15jahre-jenakultur\/jena-convention-bureau\/","title":{"rendered":"Jena Convention Bureau"},"content":{"rendered":"<p>[et_pb_section fb_built=&#8220;1&#8243; _builder_version=&#8220;4.9.0&#8243; _module_preset=&#8220;default&#8220; background_image=&#8220;https:\/\/blog.jena.de\/15jahre-jenakultur\/wp-content\/uploads\/sites\/28\/2021\/01\/15jahre-jenakultur-panorama-saalestrand-sonnenaufgang-jenakultur-andregraef-1.jpg&#8220; parallax=&#8220;on&#8220; parallax_method=&#8220;off&#8220; height=&#8220;1200px&#8220; height_tablet=&#8220;800px&#8220; height_phone=&#8220;750px&#8220; height_last_edited=&#8220;on|desktop&#8220; da_disable_devices=&#8220;off|off|off&#8220; da_is_popup=&#8220;off&#8220; da_exit_intent=&#8220;off&#8220; da_has_close=&#8220;on&#8220; da_alt_close=&#8220;off&#8220; da_dark_close=&#8220;off&#8220; da_not_modal=&#8220;on&#8220; da_is_singular=&#8220;off&#8220; da_with_loader=&#8220;off&#8220; da_has_shadow=&#8220;on&#8220;][et_pb_row _builder_version=&#8220;4.9.0&#8243; _module_preset=&#8220;default&#8220; width=&#8220;100%&#8220;][et_pb_column type=&#8220;4_4&#8243; _builder_version=&#8220;4.9.0&#8243; _module_preset=&#8220;default&#8220;][et_pb_image src=&#8220;https:\/\/blog.jena.de\/15jahre-jenakultur\/wp-content\/uploads\/sites\/28\/2020\/10\/15jahre-jenakultur-logo-jena-labelversion-weiss.png&#8220; alt=&#8220;Label der Jena Lichtstadt&#8220; title_text=&#8220;Jena-Lichtstadt-Label&#8220; url=&#8220;https:\/\/startseite.jena.de\/&#8220; url_new_window=&#8220;on&#8220; show_bottom_space=&#8220;off&#8220; align=&#8220;right&#8220; _builder_version=&#8220;4.9.0&#8243; _module_preset=&#8220;default&#8220; width=&#8220;12%&#8220; width_tablet=&#8220;15%&#8220; width_phone=&#8220;20%&#8220; width_last_edited=&#8220;on|phone&#8220; custom_margin=&#8220;20px|20px|-20px||false|false&#8220; custom_margin_tablet=&#8220;-50px||50px||false|false&#8220; custom_margin_phone=&#8220;-60px||-60px||false|false&#8220; custom_margin_last_edited=&#8220;on|phone&#8220;][\/et_pb_image][\/et_pb_column][\/et_pb_row][et_pb_row _builder_version=&#8220;4.8.0&#8243; _module_preset=&#8220;default&#8220; width=&#8220;100%&#8220; min_height=&#8220;517px&#8220;][et_pb_column type=&#8220;4_4&#8243; _builder_version=&#8220;4.8.0&#8243; _module_preset=&#8220;default&#8220;][et_pb_text content_last_edited=&#8220;off|phone&#8220; disabled_on=&#8220;on|off|off&#8220; _builder_version=&#8220;4.9.0&#8243; _module_preset=&#8220;default&#8220; text_font=&#8220;||||||||&#8220; header_font=&#8220;Open Sans|600||on|||||&#8220; header_text_color=&#8220;#FFFFFF&#8220; header_font_size=&#8220;75px&#8220; custom_margin=&#8220;75px|||255px|false|false&#8220; custom_margin_tablet=&#8220;-25px|||40px|false|false&#8220; custom_margin_phone=&#8220;|||15px|false|false&#8220; custom_margin_last_edited=&#8220;on|tablet&#8220; custom_padding=&#8220;0px||||false|false&#8220; header_font_size_tablet=&#8220;42px&#8220; header_font_size_phone=&#8220;25px&#8220; header_font_size_last_edited=&#8220;on|tablet&#8220;]<\/p>\n<h1>Tagen in der<\/h1>\n<h1 style=\"padding-left: 120px\">Lichtstadt Jena<\/h1>\n<p>[\/et_pb_text][et_pb_text content_last_edited=&#8220;off|phone&#8220; disabled_on=&#8220;off|on|on&#8220; _builder_version=&#8220;4.9.0&#8243; _module_preset=&#8220;default&#8220; text_font=&#8220;||||||||&#8220; header_font=&#8220;Open Sans|600||on|||||&#8220; header_text_color=&#8220;#FFFFFF&#8220; header_font_size=&#8220;75px&#8220; custom_margin=&#8220;75px|||255px|false|false&#8220; custom_margin_tablet=&#8220;-25px|||40px|false|false&#8220; custom_margin_phone=&#8220;|||15px|false|false&#8220; custom_margin_last_edited=&#8220;on|tablet&#8220; custom_padding=&#8220;0px||||false|false&#8220; header_font_size_tablet=&#8220;42px&#8220; header_font_size_phone=&#8220;30px&#8220; header_font_size_last_edited=&#8220;on|tablet&#8220;]<\/p>\n<h1>Tagen in der<\/h1>\n<h1 style=\"padding-left: 60px\">Lichtstadt Jena<\/h1>\n<p>[\/et_pb_text][\/et_pb_column][\/et_pb_row][\/et_pb_section][et_pb_section fb_built=&#8220;1&#8243; _builder_version=&#8220;4.8.0&#8243; _module_preset=&#8220;default&#8220; da_disable_devices=&#8220;off|off|off&#8220; da_is_popup=&#8220;off&#8220; da_exit_intent=&#8220;off&#8220; da_has_close=&#8220;on&#8220; da_alt_close=&#8220;off&#8220; da_dark_close=&#8220;off&#8220; da_not_modal=&#8220;on&#8220; da_is_singular=&#8220;off&#8220; da_with_loader=&#8220;off&#8220; da_has_shadow=&#8220;on&#8220;][et_pb_row _builder_version=&#8220;4.8.0&#8243; _module_preset=&#8220;default&#8220; width=&#8220;100%&#8220; custom_css_main_element=&#8220;z-index:10&#8243;][et_pb_column type=&#8220;4_4&#8243; _builder_version=&#8220;4.8.0&#8243; _module_preset=&#8220;default&#8220;][et_pb_text _builder_version=&#8220;4.9.0&#8243; _module_preset=&#8220;default&#8220; text_font=&#8220;||||||||&#8220; text_text_color=&#8220;#457BE7&#8243; text_font_size=&#8220;51px&#8220; text_letter_spacing=&#8220;1px&#8220; text_line_height=&#8220;1.2em&#8220; background_color=&#8220;rgba(235,245,235,0.85)&#8220; width=&#8220;690px&#8220; width_tablet=&#8220;450px&#8220; width_phone=&#8220;280px&#8220; width_last_edited=&#8220;on|tablet&#8220; custom_margin=&#8220;-185px||-70px|40%|false|false&#8220; custom_margin_tablet=&#8220;|||300px|false|false&#8220; custom_margin_phone=&#8220;|||70px|false|false&#8220; custom_margin_last_edited=&#8220;on|tablet&#8220; custom_padding=&#8220;35px|20px|50px|20px|false|false&#8220; text_font_size_tablet=&#8220;30px&#8220; text_font_size_phone=&#8220;20px&#8220; text_font_size_last_edited=&#8220;on|tablet&#8220;]<\/p>\n<p>Im neuen Licht \u2013<br \/> Wissenschaftszentrum, Hightech-Standort, Kulturhochburg, Studentenparadies \u2013<br \/> all dies ist Jena!<\/p>\n<p>[\/et_pb_text][\/et_pb_column][\/et_pb_row][et_pb_row column_structure=&#8220;1_2,1_2&#8243; _builder_version=&#8220;4.8.0&#8243; _module_preset=&#8220;default&#8220; width=&#8220;100%&#8220; custom_margin=&#8220;||||false|false&#8220; custom_padding=&#8220;||||false|false&#8220;][et_pb_column type=&#8220;1_2&#8243; _builder_version=&#8220;4.8.0&#8243; _module_preset=&#8220;default&#8220;][et_pb_text _builder_version=&#8220;4.9.0&#8243; _module_preset=&#8220;default&#8220; text_text_color=&#8220;#457BE7&#8243; text_font_size=&#8220;26px&#8220; text_line_height=&#8220;1.3em&#8220; width=&#8220;77%&#8220; width_tablet=&#8220;500px&#8220; width_phone=&#8220;300px&#8220; width_last_edited=&#8220;on|tablet&#8220; custom_margin=&#8220;135px||4%|75px|false|false&#8220; custom_margin_tablet=&#8220;30px|||35px|false|false&#8220; custom_margin_phone=&#8220;15px||15px|20px|false|false&#8220; custom_margin_last_edited=&#8220;on|tablet&#8220; custom_padding=&#8220;||10%||false|false&#8220; text_font_size_tablet=&#8220;17px&#8220; text_font_size_phone=&#8220;12px&#8220; text_font_size_last_edited=&#8220;on|tablet&#8220;]<\/p>\n<p>Die Stadt an der Saale liegt eingebettet in eine malerische Landschaft aus Muschelkalkh\u00e4ngen, die f\u00fcr ein angenehmes Klima sorgen. Das historische Stadtzentrum mit dem h\u00fcbschen, geschlossenen Markt, dem Rathaus aus dem 14. Jahrhundert, mit Hanfried, Collegium Jenense, Stadtmauerensemble und Jentower steckt voller Geschichten von fr\u00fcher und heute, die erz\u00e4hlt werden wollen. Vorbeifahrenden gibt Jena seine Geheimnisse nicht einfach so preis.<\/p>\n<p>Im bundesweiten Vergleich beeindruckt Jena mit einem niedrigen Altersdurchschnitt. Vor allem die \u00fcber 23.000 Studenten halten die Stadt jung. In den zahlreichen Caf\u00e9s, Restaurants und urigen Kneipen in der lebendigen Innenstadt herrscht reges studentisches Leben. Die Jenaer Friedrich-Schiller-Universit\u00e4t geh\u00f6rt zu den \u00e4ltesten Universit\u00e4ten Deutschlands.<\/p>\n<p>[\/et_pb_text][\/et_pb_column][et_pb_column type=&#8220;1_2&#8243; _builder_version=&#8220;4.8.0&#8243; _module_preset=&#8220;default&#8220; background_enable_image=&#8220;off&#8220;][et_pb_image src=&#8220;https:\/\/blog.jena.de\/15jahre-jenakultur\/wp-content\/uploads\/sites\/28\/2021\/01\/15jahre-jenakultur-impression-marktplatz-jenakultur-andregraef-zuschnitt.jpg&#8220; alt=&#8220;Marktplatz Jena mit Kastanienbl\u00fchte&#8220; title_text=&#8220;Impression-Marktplatz-JenaKultur-Andr\u00e9Gr\u00e4f-Zuschnitt&#8220; _builder_version=&#8220;4.9.0&#8243; _module_preset=&#8220;default&#8220; width=&#8220;945px&#8220; width_tablet=&#8220;500px&#8220; width_phone=&#8220;300px&#8220; width_last_edited=&#8220;on|tablet&#8220; module_alignment_tablet=&#8220;right&#8220; module_alignment_phone=&#8220;&#8220; module_alignment_last_edited=&#8220;on|tablet&#8220; locked=&#8220;off&#8220;][\/et_pb_image][et_pb_text _builder_version=&#8220;4.9.0&#8243; _module_preset=&#8220;default&#8220; text_font_size=&#8220;51px&#8220; text_letter_spacing=&#8220;1px&#8220; text_line_height=&#8220;1.2em&#8220; background_color=&#8220;rgba(235,245,235,0.85)&#8220; width=&#8220;84%&#8220; width_tablet=&#8220;450px&#8220; width_phone=&#8220;300px&#8220; width_last_edited=&#8220;on|tablet&#8220; custom_margin=&#8220;-15%||-6%|-65%|false|false&#8220; custom_margin_tablet=&#8220;-150px|||40px|false|false&#8220; custom_margin_phone=&#8220;-50px|||30px|false|false&#8220; custom_margin_last_edited=&#8220;on|tablet&#8220; custom_padding=&#8220;3%||9%|3%|false|false&#8220; text_font_size_tablet=&#8220;30px&#8220; text_font_size_phone=&#8220;20px&#8220; text_font_size_last_edited=&#8220;on|tablet&#8220;]<\/p>\n<p>Lichtjahre \u2014<br \/> In Jena sprudeln<br \/> die Ideen<\/p>\n<p>[\/et_pb_text][\/et_pb_column][\/et_pb_row][et_pb_row column_structure=&#8220;1_2,1_2&#8243; _builder_version=&#8220;4.8.0&#8243; _module_preset=&#8220;default&#8220;][et_pb_column type=&#8220;1_2&#8243; _builder_version=&#8220;4.8.0&#8243; _module_preset=&#8220;default&#8220;][\/et_pb_column][et_pb_column type=&#8220;1_2&#8243; _builder_version=&#8220;4.8.0&#8243; _module_preset=&#8220;default&#8220;][et_pb_text _builder_version=&#8220;4.9.0&#8243; _module_preset=&#8220;default&#8220; text_font=&#8220;Open Sans|700|||||||&#8220; text_text_color=&#8220;#99CC99&#8243; text_line_height=&#8220;1.2em&#8220; width_tablet=&#8220;&#8220; width_phone=&#8220;120px&#8220; width_last_edited=&#8220;on|phone&#8220; custom_margin=&#8220;-85px||||false|false&#8220; custom_margin_tablet=&#8220;-62px|||210px|false|false&#8220; custom_margin_phone=&#8220;-100px|||210px|false|false&#8220; custom_margin_last_edited=&#8220;on|tablet&#8220; text_font_size_tablet=&#8220;15px&#8220; text_font_size_phone=&#8220;9px&#8220; text_font_size_last_edited=&#8220;on|tablet&#8220; module_alignment_tablet=&#8220;&#8220; module_alignment_phone=&#8220;&#8220; module_alignment_last_edited=&#8220;on|phone&#8220;]<\/p>\n<p>Gem\u00fctliche Caf\u00e9s und Kneipen s\u00e4umen den Markt.<\/p>\n<p>[\/et_pb_text][\/et_pb_column][\/et_pb_row][et_pb_row column_structure=&#8220;1_2,1_2&#8243; _builder_version=&#8220;4.9.0&#8243; _module_preset=&#8220;default&#8220; width=&#8220;100%&#8220; custom_margin=&#8220;100px||||false|false&#8220; custom_margin_tablet=&#8220;-50px||||false|false&#8220; custom_margin_phone=&#8220;||-30px||false|false&#8220; custom_margin_last_edited=&#8220;on|tablet&#8220; custom_padding=&#8220;||||false|false&#8220; locked=&#8220;off&#8220;][et_pb_column type=&#8220;1_2&#8243; _builder_version=&#8220;4.8.0&#8243; _module_preset=&#8220;default&#8220; background_enable_image=&#8220;off&#8220; background_size=&#8220;contain&#8220; background_position=&#8220;top_left&#8220;][et_pb_image src=&#8220;https:\/\/blog.jena.de\/15jahre-jenakultur\/wp-content\/uploads\/sites\/28\/2021\/01\/15jahre-jenakultur-impression-unicampus-ernst-abbe-platz-kunst-frankstella-jenakultur-tomababovic-1.jpg&#8220; alt=&#8220;Installation von Frank Stella auf dem Uni-Campus in Jena&#8220; title_text=&#8220;Deutschland Thueringen Jena&#8220; _builder_version=&#8220;4.9.0&#8243; _module_preset=&#8220;default&#8220; width=&#8220;98%&#8220; width_tablet=&#8220;500px&#8220; width_phone=&#8220;300px&#8220; width_last_edited=&#8220;on|tablet&#8220;][\/et_pb_image][et_pb_text _builder_version=&#8220;4.9.0&#8243; _module_preset=&#8220;default&#8220; text_font=&#8220;|700|||||||&#8220; text_text_color=&#8220;#99CC99&#8243; text_line_height=&#8220;1.2em&#8220; custom_margin=&#8220;10px|||75px|false|false&#8220; custom_margin_tablet=&#8220;5px|||15px|false|false&#8220; custom_margin_phone=&#8220;10px|||10px|false|false&#8220; custom_margin_last_edited=&#8220;on|phone&#8220; text_font_size_tablet=&#8220;15px&#8220; text_font_size_phone=&#8220;9px&#8220; text_font_size_last_edited=&#8220;on|phone&#8220;]<\/p>\n<p>Ernst-Abbe-Platz mit einer Skultpur von Frank Stella (New York).<\/p>\n<p>[\/et_pb_text][\/et_pb_column][et_pb_column type=&#8220;1_2&#8243; _builder_version=&#8220;4.8.0&#8243; _module_preset=&#8220;default&#8220;][et_pb_text _builder_version=&#8220;4.9.0&#8243; _module_preset=&#8220;default&#8220; text_text_color=&#8220;#457BE7&#8243; text_font_size=&#8220;26px&#8220; text_line_height=&#8220;1.3em&#8220; link_font=&#8220;||||on||||&#8220; link_text_color=&#8220;#457BE7&#8243; width=&#8220;100%&#8220; width_tablet=&#8220;500px&#8220; width_phone=&#8220;320px&#8220; width_last_edited=&#8220;on|tablet&#8220; module_alignment=&#8220;right&#8220; custom_margin=&#8220;75px||150px||false|false&#8220; custom_margin_tablet=&#8220;30px||30px||false|false&#8220; custom_margin_phone=&#8220;||0px||false|false&#8220; custom_margin_last_edited=&#8220;on|tablet&#8220; custom_padding=&#8220;|4%||9%|false|false&#8220; custom_padding_tablet=&#8220;|50px|||false|false&#8220; custom_padding_phone=&#8220;|10px|||false|false&#8220; custom_padding_last_edited=&#8220;on|tablet&#8220; text_font_size_tablet=&#8220;17px&#8220; text_font_size_phone=&#8220;12px&#8220; text_font_size_last_edited=&#8220;on|tablet&#8220; module_alignment_tablet=&#8220;&#8220; module_alignment_phone=&#8220;center&#8220; module_alignment_last_edited=&#8220;on|phone&#8220;]<\/p>\n<p>Weltbekannte Firmen wie <a href=\"https:\/\/www.zeiss.de\/corporate\/home.html\" target=\"_blank\" rel=\"noopener noreferrer\" title=\"Zur Website\">ZEISS<\/a>, <a href=\"https:\/\/www.jenoptik.de\/\" target=\"_blank\" rel=\"noopener noreferrer\" title=\"Zur Website\">Jenoptik<\/a> und <a href=\"https:\/\/www.schott.com\/german\/index.html\" target=\"_blank\" rel=\"noopener noreferrer\" title=\"Zur Website\">SCHOTT<\/a> starteten ihre Erfolgsgeschichte in der freundlichen Universit\u00e4tsstadt an der Saale. Mit \u00fcber 150 Jahren Industriegeschichte gilt Jena als Wiege der optischen Industrie in Europa und als ein anerkanntes Forschungszentrum auf den Gebieten der Optik und der Photonik. Doch das einstige Zusammentreffen von Carl Zeiss, Ernst Abbe und Otto Schott legte nicht nur den Grundstein f\u00fcr die bis heute international erfolgreichen Konzerne. Es war zugleich Ausgangspunkt f\u00fcr eine beispielhafte Entwicklung innovativer kleiner und mittelst\u00e4ndischer Betriebe.<\/p>\n<p>Die <a href=\"https:\/\/www.uni-jena.de\/\" target=\"_blank\" rel=\"noopener noreferrer\" title=\"Zur Website\">Friedrich-Schiller-Universit\u00e4t Jena<\/a>, die <a href=\"https:\/\/www.eah-jena.de\/startseite\" target=\"_blank\" rel=\"noopener noreferrer\" title=\"Zur Website\">Ernst-Abbe-Hochschule<\/a>, das gro\u00dfe <a href=\"https:\/\/www.uniklinikum-jena.de\/\" target=\"_blank\" rel=\"noopener noreferrer\" title=\"Zur Webseite der Uniklinik Jena\">Universit\u00e4tsklinikum<\/a>, ans\u00e4ssige Industrie- und High-Tech-Unternehmen sowie erstklassige Forschungseinrichtungen aller gro\u00dfen deutschen Wissenschaftsgesellschaften bestimmen die Entwicklung und das Leben der Stadt und ihrer Bewohner.<\/p>\n<p>Jenas Kompetenzfelder liegen vor allem in der Optik, Photonik und Digitalen Wirtschaft sowie in den Lebenswissenschaften und der Medizintechnik. So tragen Ergebnisse aus lichtbasierter Forschung wesentlich zur Bew\u00e4ltigung dringender Zukunftsfragen in den Bereichen Gesundheit, Energie, Mobilit\u00e4t, Umweltschutz, Sicherheit, Kommunikations- und Informationstechnik bei. Dabei kommt es zu interessanten Synergieeffekten hinsichtlich der Tagungen und Kongresse. Denn diese profitieren nicht nur von den aktuellen Forschungsergebnissen aus Jena. Auch die hier stets lebendig gehaltene Diskussionskultur \u00fcber dr\u00e4ngende gesellschaftliche Themen l\u00e4sst neue Denkanst\u00f6\u00dfe wachsen.<\/p>\n<p>[\/et_pb_text][\/et_pb_column][\/et_pb_row][\/et_pb_section][et_pb_section fb_built=&#8220;1&#8243; _builder_version=&#8220;4.9.0&#8243; _module_preset=&#8220;default&#8220; background_image=&#8220;https:\/\/blog.jena.de\/15jahre-jenakultur\/wp-content\/uploads\/sites\/28\/2021\/01\/15jahre-jenakultur-besonderer-ort-klickfestival-garten-der-villa-rosenthal-jenakultur-tinapeissker.jpg&#8220; parallax=&#8220;on&#8220; parallax_method=&#8220;off&#8220; height=&#8220;1200px&#8220; height_tablet=&#8220;800px&#8220; height_phone=&#8220;750px&#8220; height_last_edited=&#8220;on|desktop&#8220; da_disable_devices=&#8220;off|off|off&#8220; locked=&#8220;off&#8220; da_is_popup=&#8220;off&#8220; da_exit_intent=&#8220;off&#8220; da_has_close=&#8220;on&#8220; da_alt_close=&#8220;off&#8220; da_dark_close=&#8220;off&#8220; da_not_modal=&#8220;on&#8220; da_is_singular=&#8220;off&#8220; da_with_loader=&#8220;off&#8220; da_has_shadow=&#8220;on&#8220;][\/et_pb_section][et_pb_section fb_built=&#8220;1&#8243; _builder_version=&#8220;4.8.0&#8243; _module_preset=&#8220;default&#8220; da_disable_devices=&#8220;off|off|off&#8220; da_is_popup=&#8220;off&#8220; da_exit_intent=&#8220;off&#8220; da_has_close=&#8220;on&#8220; da_alt_close=&#8220;off&#8220; da_dark_close=&#8220;off&#8220; da_not_modal=&#8220;on&#8220; da_is_singular=&#8220;off&#8220; da_with_loader=&#8220;off&#8220; da_has_shadow=&#8220;on&#8220;][et_pb_row _builder_version=&#8220;4.8.0&#8243; _module_preset=&#8220;default&#8220; width=&#8220;100%&#8220; custom_css_main_element=&#8220;z-index:10&#8243; locked=&#8220;off&#8220;][et_pb_column type=&#8220;4_4&#8243; _builder_version=&#8220;4.8.0&#8243; _module_preset=&#8220;default&#8220;][et_pb_text _builder_version=&#8220;4.9.0&#8243; _module_preset=&#8220;default&#8220; text_font=&#8220;||||||||&#8220; text_text_color=&#8220;#457BE7&#8243; text_font_size=&#8220;51px&#8220; text_letter_spacing=&#8220;1px&#8220; text_line_height=&#8220;1.2em&#8220; header_2_text_color=&#8220;#457BE7&#8243; header_2_font_size=&#8220;51px&#8220; header_2_letter_spacing=&#8220;1px&#8220; header_2_line_height=&#8220;1.2em&#8220; background_color=&#8220;rgba(235,245,235,0.85)&#8220; width=&#8220;36%&#8220; width_tablet=&#8220;450px&#8220; width_phone=&#8220;280px&#8220; width_last_edited=&#8220;on|tablet&#8220; custom_margin=&#8220;-185px||-70px|42%|false|false&#8220; custom_margin_tablet=&#8220;-150px|||300px|false|false&#8220; custom_margin_phone=&#8220;-125px|||70px|false|false&#8220; custom_margin_last_edited=&#8220;on|tablet&#8220; custom_padding=&#8220;20px|10px|125px|20px|false|false&#8220; text_font_size_tablet=&#8220;30px&#8220; text_font_size_phone=&#8220;20px&#8220; text_font_size_last_edited=&#8220;on|tablet&#8220; header_2_font_size_tablet=&#8220;30px&#8220; header_2_font_size_phone=&#8220;20px&#8220; header_2_font_size_last_edited=&#8220;on|tablet&#8220;]<\/p>\n<h2>Lichtgestalten \u2014<br \/> Jenas Tradition<br \/> der Dichter und Denker<\/h2>\n<p>[\/et_pb_text][\/et_pb_column][\/et_pb_row][et_pb_row column_structure=&#8220;1_2,1_2&#8243; disabled_on=&#8220;on|on|off&#8220; _builder_version=&#8220;4.9.0&#8243; _module_preset=&#8220;default&#8220; width=&#8220;100%&#8220; custom_margin=&#8220;100px||||false|false&#8220; custom_padding=&#8220;||||false|false&#8220; custom_css_main_element=&#8220;z-index:10&#8243; locked=&#8220;off&#8220;][et_pb_column type=&#8220;1_2&#8243; _builder_version=&#8220;4.8.0&#8243; _module_preset=&#8220;default&#8220; background_enable_image=&#8220;off&#8220; background_size=&#8220;contain&#8220; background_position=&#8220;top_left&#8220;][et_pb_image src=&#8220;https:\/\/blog.jena.de\/15jahre-jenakultur\/wp-content\/uploads\/sites\/28\/2021\/01\/15jahre-jenakultur-besonderer-ort-trafo-jenakultur-tinapeissker-bearbeitet.jpg&#8220; alt=&#8220;TRAFO in Jena bei einem Konzert&#8220; title_text=&#8220;Besonderer Ort-Trafo-JenaKultur-TinaPei\u00dfker-bearbeitet&#8220; _builder_version=&#8220;4.9.0&#8243; _module_preset=&#8220;default&#8220; width=&#8220;117%&#8220; width_tablet=&#8220;600px&#8220; width_phone=&#8220;300px&#8220; width_last_edited=&#8220;on|tablet&#8220; custom_margin=&#8220;50px||||false|false&#8220; custom_margin_tablet=&#8220;-50px||||false|false&#8220; custom_margin_phone=&#8220;&#8220; custom_margin_last_edited=&#8220;on|tablet&#8220;][\/et_pb_image][et_pb_text _builder_version=&#8220;4.9.0&#8243; _module_preset=&#8220;default&#8220; text_font=&#8220;|700|||||||&#8220; text_text_color=&#8220;#99CC99&#8243; text_line_height=&#8220;1em&#8220; width_tablet=&#8220;&#8220; width_phone=&#8220;300px&#8220; width_last_edited=&#8220;on|phone&#8220; custom_margin=&#8220;10px||150px|75px|false|false&#8220; custom_margin_tablet=&#8220;||90px|10px|false|false&#8220; custom_margin_phone=&#8220;&#8220; custom_margin_last_edited=&#8220;on|tablet&#8220; text_font_size_tablet=&#8220;15px&#8220; text_font_size_phone=&#8220;9px&#8220; text_font_size_last_edited=&#8220;on|tablet&#8220;]<\/p>\n<p>Der TRAFO Jena bietet Raum f\u00fcr zeitgen\u00f6ssische Kunstformen und neue Medien.<\/p>\n<p>[\/et_pb_text][\/et_pb_column][et_pb_column type=&#8220;1_2&#8243; _builder_version=&#8220;4.8.0&#8243; _module_preset=&#8220;default&#8220;][et_pb_text _builder_version=&#8220;4.9.0&#8243; _module_preset=&#8220;default&#8220; text_text_color=&#8220;#457BE7&#8243; text_font_size=&#8220;26px&#8220; text_line_height=&#8220;1.3em&#8220; link_font=&#8220;||||on||||&#8220; link_text_color=&#8220;#457BE7&#8243; width=&#8220;61%&#8220; width_tablet=&#8220;450px&#8220; width_phone=&#8220;300px&#8220; width_last_edited=&#8220;on|tablet&#8220; module_alignment=&#8220;right&#8220; custom_margin=&#8220;-75px||150px||false|false&#8220; custom_margin_tablet=&#8220;-30px||||false|false&#8220; custom_margin_phone=&#8220;&#8220; custom_margin_last_edited=&#8220;on|tablet&#8220; custom_padding=&#8220;|20px|||false|false&#8220; text_font_size_tablet=&#8220;17px&#8220; text_font_size_phone=&#8220;12px&#8220; text_font_size_last_edited=&#8220;on|tablet&#8220;]<\/p>\n<p><span>Die Lichtstadt Jena war und ist jedoch weit davon entfernt, ein rein Technologie gepr\u00e4gter Standort zu sein. Zahlreiche kulturelle Aktivit\u00e4ten und Even<\/span>ts ziehen ein breites Publikum an. Das geistig-kulturelle Leben hat in Jena eine lange Tradition. So lernten sich 1794 Goethe und Schiller in Jena kennen und pflegten fortan ihre intensive Freundschaft. Die Anwesenheit der gro\u00dfen Dichter hatte einen m\u00e4chtigen Einfluss auf den damaligen Kulturbetrieb und um 1800 entwickelte Jena eine \u00fcberragende kulturelle Ausstrahlungskraft. Dieses Zusammenwirken von Dichtung, Philosophie, Kunst und Naturlehre begr\u00fcndete eine neue \u00c4sthetik, die bis in die Gegenwart reicht.<\/p>\n<p>[\/et_pb_text][\/et_pb_column][\/et_pb_row][et_pb_row column_structure=&#8220;1_2,1_2&#8243; disabled_on=&#8220;off|off|on&#8220; _builder_version=&#8220;4.9.0&#8243; _module_preset=&#8220;default&#8220; width=&#8220;100%&#8220; custom_margin=&#8220;100px||||false|false&#8220; custom_padding=&#8220;||||false|false&#8220; custom_css_main_element=&#8220;z-index:10&#8243; locked=&#8220;off&#8220;][et_pb_column type=&#8220;1_2&#8243; _builder_version=&#8220;4.8.0&#8243; _module_preset=&#8220;default&#8220;][et_pb_text _builder_version=&#8220;4.9.0&#8243; _module_preset=&#8220;default&#8220; text_text_color=&#8220;#457BE7&#8243; text_font_size=&#8220;26px&#8220; text_line_height=&#8220;1.3em&#8220; link_font=&#8220;||||on||||&#8220; link_text_color=&#8220;#457BE7&#8243; width=&#8220;585px&#8220; width_tablet=&#8220;400px&#8220; width_phone=&#8220;270px&#8220; width_last_edited=&#8220;on|tablet&#8220; custom_margin=&#8220;-75px||150px||false|false&#8220; custom_margin_tablet=&#8220;-150px||100px|15px|false|false&#8220; custom_margin_phone=&#8220;-140px|||50px|false|false&#8220; custom_margin_last_edited=&#8220;on|tablet&#8220; custom_padding=&#8220;||||false|false&#8220; text_font_size_tablet=&#8220;17px&#8220; text_font_size_phone=&#8220;12px&#8220; text_font_size_last_edited=&#8220;on|tablet&#8220;]<\/p>\n<p><span>Die Lichtstadt Jena war und ist jedoch weit davon entfernt, ein rein Technologie gepr\u00e4gter Standort zu sein. Zahlreiche kulturelle Aktivit\u00e4ten und Even<\/span>ts ziehen ein breites Publikum an. Das geistig-kulturelle Leben hat in Jena eine lange Tradition. So lernten sich 1794 Goethe und Schiller in Jena kennen und pflegten fortan ihre intensive Freundschaft. Die Anwesenheit der gro\u00dfen Dichter hatte einen m\u00e4chtigen Einfluss auf den damaligen Kulturbetrieb und um 1800 entwickelte Jena eine \u00fcberragende kulturelle Ausstrahlungskraft. Dieses Zusammenwirken von Dichtung, Philosophie, Kunst und Naturlehre begr\u00fcndete eine neue \u00c4sthetik, die bis in die Gegenwart reicht.<\/p>\n<p>[\/et_pb_text][\/et_pb_column][et_pb_column type=&#8220;1_2&#8243; _builder_version=&#8220;4.8.0&#8243; _module_preset=&#8220;default&#8220; background_enable_image=&#8220;off&#8220; background_size=&#8220;contain&#8220; background_position=&#8220;top_left&#8220;][et_pb_image src=&#8220;https:\/\/blog.jena.de\/15jahre-jenakultur\/wp-content\/uploads\/sites\/28\/2021\/01\/15jahre-jenakultur-besonderer-ort-trafo-jenakultur-tinapeissker-bearbeitet.jpg&#8220; alt=&#8220;TRAFO in Jena bei einem Konzert&#8220; title_text=&#8220;Besonderer Ort-Trafo-JenaKultur-TinaPei\u00dfker-bearbeitet&#8220; _builder_version=&#8220;4.9.0&#8243; _module_preset=&#8220;default&#8220; width=&#8220;1125px&#8220; width_tablet=&#8220;600px&#8220; width_phone=&#8220;300px&#8220; width_last_edited=&#8220;on|tablet&#8220; custom_margin=&#8220;50px||||false|false&#8220; custom_margin_tablet=&#8220;-50px||||false|false&#8220; custom_margin_phone=&#8220;-60px||||false|false&#8220; custom_margin_last_edited=&#8220;on|tablet&#8220;][\/et_pb_image][et_pb_text _builder_version=&#8220;4.9.0&#8243; _module_preset=&#8220;default&#8220; text_font=&#8220;|700|||||||&#8220; text_text_color=&#8220;#99CC99&#8243; text_line_height=&#8220;1.2em&#8220; width_tablet=&#8220;600px&#8220; width_phone=&#8220;300px&#8220; width_last_edited=&#8220;on|phone&#8220; custom_margin=&#8220;10px||150px|75px|false|false&#8220; custom_margin_tablet=&#8220;||150px|0px|false|false&#8220; custom_margin_phone=&#8220;|||10px|false|false&#8220; custom_margin_last_edited=&#8220;on|phone&#8220; custom_padding=&#8220;||||false|false&#8220; custom_padding_tablet=&#8220;|||15px|false|false&#8220; custom_padding_phone=&#8220;&#8220; custom_padding_last_edited=&#8220;on|tablet&#8220; text_font_size_tablet=&#8220;15px&#8220; text_font_size_phone=&#8220;9px&#8220; text_font_size_last_edited=&#8220;on|tablet&#8220;]<\/p>\n<p>Der TRAFO Jena bietet Raum f\u00fcr zeitgen\u00f6ssische Kunstformen und neue Medien.<\/p>\n<p>[\/et_pb_text][\/et_pb_column][\/et_pb_row][et_pb_row _builder_version=&#8220;4.8.0&#8243; _module_preset=&#8220;default&#8220; width=&#8220;74%&#8220; custom_css_main_element=&#8220;z-index:10&#8243;][et_pb_column type=&#8220;4_4&#8243; _builder_version=&#8220;4.8.0&#8243; _module_preset=&#8220;default&#8220;][et_pb_text _builder_version=&#8220;4.9.0&#8243; _module_preset=&#8220;default&#8220; text_font=&#8220;||||||||&#8220; text_text_color=&#8220;#457BE7&#8243; text_font_size=&#8220;51px&#8220; text_letter_spacing=&#8220;1px&#8220; text_line_height=&#8220;1.2em&#8220; background_color=&#8220;rgba(235,245,235,0.85)&#8220; width=&#8220;55%&#8220; width_tablet=&#8220;450px&#8220; width_phone=&#8220;280px&#8220; width_last_edited=&#8220;on|tablet&#8220; custom_margin=&#8220;-100px||-70px|56%|false|false&#8220; custom_margin_tablet=&#8220;-150px||-25px|200px|false|false&#8220; custom_margin_phone=&#8220;-150px||20px|-30px|false|false&#8220; custom_margin_last_edited=&#8220;on|tablet&#8220; custom_padding=&#8220;30px|3%|50px|3%|false|true&#8220; text_font_size_tablet=&#8220;30px&#8220; text_font_size_phone=&#8220;20px&#8220; text_font_size_last_edited=&#8220;on|tablet&#8220; locked=&#8220;off&#8220;]<\/p>\n<p>Lichtmomente \u2014<br \/> Tagen in Jena,<br \/> sympathisches Flair<br \/> und starke<br \/> Kompetenzen<\/p>\n<p>[\/et_pb_text][\/et_pb_column][\/et_pb_row][et_pb_row column_structure=&#8220;1_3,2_3&#8243; disabled_on=&#8220;on|on|off&#8220; _builder_version=&#8220;4.8.0&#8243; _module_preset=&#8220;default&#8220; width=&#8220;100%&#8220;][et_pb_column type=&#8220;1_3&#8243; _builder_version=&#8220;4.8.0&#8243; _module_preset=&#8220;default&#8220;][et_pb_text _builder_version=&#8220;4.9.0&#8243; _module_preset=&#8220;default&#8220; text_text_color=&#8220;#457BE7&#8243; text_font_size=&#8220;26px&#8220; text_line_height=&#8220;1.3em&#8220; link_font=&#8220;||||on||||&#8220; link_text_color=&#8220;#457BE7&#8243; width=&#8220;98%&#8220; width_tablet=&#8220;500px&#8220; width_phone=&#8220;&#8220; width_last_edited=&#8220;on|tablet&#8220; module_alignment=&#8220;left&#8220; custom_margin=&#8220;-150px||||false|false&#8220; custom_margin_tablet=&#8220;0px||||false|false&#8220; custom_margin_phone=&#8220;&#8220; custom_margin_last_edited=&#8220;on|tablet&#8220; custom_padding=&#8220;|||75px|false|false&#8220; custom_padding_tablet=&#8220;|||50px|false|false&#8220; custom_padding_phone=&#8220;&#8220; custom_padding_last_edited=&#8220;on|tablet&#8220; text_font_size_tablet=&#8220;17px&#8220; text_font_size_phone=&#8220;&#8220; text_font_size_last_edited=&#8220;on|tablet&#8220; locked=&#8220;off&#8220;]<\/p>\n<p><span>Als attraktiver Tagungsstandort ist Jena bisher ein Geheimtip<\/span>p. Dabei wartet die Stadt mit einer Kongresskultur der besonderen Art auf. Wie auf einem Campus liegen au\u00dfergew\u00f6hnliche Tagungsst\u00e4tten im Stadtzentrum nahe beieinander \u2013 von modern ausgestatteten Tagungshotels bis hin zu Locations mit einmaligem Ambiente. Veranstaltungsst\u00e4tten wie das <a href=\"https:\/\/www.planetarium-jena.de\/\" target=\"_blank\" rel=\"noopener noreferrer\" title=\"Zur Webseite\">Zeiss-Planetarium<\/a> oder die <a href=\"https:\/\/imaginata.de\/\" target=\"_blank\" rel=\"noopener noreferrer\" title=\"Zur Webseite\">Imaginata<\/a> \u2013 das Experimentarium f\u00fcr die Sinne \u2013 bieten ein unvergleichliches Flair. Doch auch historische Geb\u00e4ude wie das wundersch\u00f6ne ehemalige Jugendstilbad <a href=\"https:\/\/www.volksbad-jena.de\/de\/startseite\/648524\" target=\"_blank\" rel=\"noopener noreferrer\" title=\"Zur Webseite\">Volksbad<\/a> oder das 1903 erbaute <a href=\"https:\/\/www.volkshaus-jena.de\/de\/startseite\/694140\" target=\"_blank\" rel=\"noopener noreferrer\" title=\"Zur Webseite\">Volkshaus<\/a> garantieren bleibende Eindr\u00fccke.<\/p>\n<p>[\/et_pb_text][\/et_pb_column][et_pb_column type=&#8220;2_3&#8243; _builder_version=&#8220;4.8.0&#8243; _module_preset=&#8220;default&#8220;][et_pb_image src=&#8220;https:\/\/blog.jena.de\/15jahre-jenakultur\/wp-content\/uploads\/sites\/28\/2021\/01\/15jahre-jenakultur-location-zeiss-planetarium-im-fruehling-jenakultur-christianhaecker.jpg&#8220; alt=&#8220;Zeiss-Planetarium Jena im Fr\u00fchling&#8220; title_text=&#8220;Location-Zeiss-Planetarium im Fr\u00fchling-JenaKultur-ChristianH\u00e4cker&#8220; show_bottom_space=&#8220;off&#8220; align=&#8220;right&#8220; _builder_version=&#8220;4.9.0&#8243; _module_preset=&#8220;default&#8220; width=&#8220;88%&#8220; width_tablet=&#8220;600px&#8220; width_phone=&#8220;&#8220; width_last_edited=&#8220;on|tablet&#8220; custom_margin=&#8220;-75px||||false|false&#8220; custom_margin_tablet=&#8220;||||false|false&#8220; custom_margin_phone=&#8220;&#8220; custom_margin_last_edited=&#8220;on|tablet&#8220;][\/et_pb_image][et_pb_text _builder_version=&#8220;4.9.0&#8243; _module_preset=&#8220;default&#8220; text_font=&#8220;Open Sans|700|||||||&#8220; text_text_color=&#8220;#99CC99&#8243; width=&#8220;88%&#8220; module_alignment=&#8220;right&#8220; custom_margin=&#8220;10px||||false|false&#8220; custom_margin_tablet=&#8220;||||false|false&#8220; custom_margin_phone=&#8220;&#8220; custom_margin_last_edited=&#8220;on|tablet&#8220; custom_padding=&#8220;||||false|false&#8220; text_font_size_tablet=&#8220;15px&#8220; text_font_size_phone=&#8220;&#8220; text_font_size_last_edited=&#8220;on|tablet&#8220; locked=&#8220;off&#8220;]<\/p>\n<p>Im Zeiss-Planetarium ist ein Dinner unterm Sternenhimmel m\u00f6glich.<\/p>\n<p>[\/et_pb_text][\/et_pb_column][\/et_pb_row][et_pb_row column_structure=&#8220;2_3,1_3&#8243; disabled_on=&#8220;off|off|on&#8220; _builder_version=&#8220;4.8.0&#8243; _module_preset=&#8220;default&#8220; width=&#8220;100%&#8220;][et_pb_column type=&#8220;2_3&#8243; _builder_version=&#8220;4.8.0&#8243; _module_preset=&#8220;default&#8220;][et_pb_image src=&#8220;https:\/\/blog.jena.de\/15jahre-jenakultur\/wp-content\/uploads\/sites\/28\/2021\/01\/15jahre-jenakultur-location-zeiss-planetarium-im-fruehling-jenakultur-christianhaecker.jpg&#8220; alt=&#8220;Zeiss-Planetarium Jena im Fr\u00fchling&#8220; title_text=&#8220;Location-Zeiss-Planetarium im Fr\u00fchling-JenaKultur-ChristianH\u00e4cker&#8220; show_bottom_space=&#8220;off&#8220; align=&#8220;right&#8220; _builder_version=&#8220;4.9.0&#8243; _module_preset=&#8220;default&#8220; width=&#8220;1125px&#8220; width_tablet=&#8220;600px&#8220; width_phone=&#8220;350px&#8220; width_last_edited=&#8220;on|tablet&#8220; custom_margin_tablet=&#8220;-150px||||false|false&#8220; custom_margin_phone=&#8220;&#8220; custom_margin_last_edited=&#8220;on|tablet&#8220;][\/et_pb_image][et_pb_text _builder_version=&#8220;4.9.0&#8243; _module_preset=&#8220;default&#8220; text_font=&#8220;Open Sans|700|||||||&#8220; text_text_color=&#8220;#99CC99&#8243; text_line_height=&#8220;1.2em&#8220; width=&#8220;1125px&#8220; width_tablet=&#8220;600px&#8220; width_phone=&#8220;350px&#8220; width_last_edited=&#8220;on|phone&#8220; module_alignment=&#8220;right&#8220; min_height=&#8220;23px&#8220; custom_margin=&#8220;10px||||false|false&#8220; custom_margin_tablet=&#8220;||||false|false&#8220; custom_margin_phone=&#8220;&#8220; custom_margin_last_edited=&#8220;on|tablet&#8220; custom_padding=&#8220;||||false|false&#8220; text_font_size_tablet=&#8220;15px&#8220; text_font_size_phone=&#8220;9px&#8220; text_font_size_last_edited=&#8220;on|tablet&#8220; locked=&#8220;off&#8220;]<\/p>\n<p>Im Zeiss-Planetarium ist ein Dinner unterm Sternenhimmel m\u00f6glich.<\/p>\n<p>[\/et_pb_text][\/et_pb_column][et_pb_column type=&#8220;1_3&#8243; _builder_version=&#8220;4.8.0&#8243; _module_preset=&#8220;default&#8220;][et_pb_text _builder_version=&#8220;4.9.0&#8243; _module_preset=&#8220;default&#8220; text_text_color=&#8220;#457BE7&#8243; text_font_size=&#8220;26px&#8220; text_line_height=&#8220;1.3em&#8220; link_font=&#8220;||||on||||&#8220; link_text_color=&#8220;#457BE7&#8243; width=&#8220;92%&#8220; width_tablet=&#8220;500px&#8220; width_phone=&#8220;300px&#8220; width_last_edited=&#8220;on|tablet&#8220; custom_margin=&#8220;-100px||||false|false&#8220; custom_margin_tablet=&#8220;30px||||false|false&#8220; custom_margin_phone=&#8220;|||-25px|false|false&#8220; custom_margin_last_edited=&#8220;on|tablet&#8220; custom_padding=&#8220;|||75px|false|false&#8220; custom_padding_tablet=&#8220;|||50px|false|false&#8220; custom_padding_phone=&#8220;&#8220; custom_padding_last_edited=&#8220;on|tablet&#8220; text_font_size_tablet=&#8220;17px&#8220; text_font_size_phone=&#8220;12px&#8220; text_font_size_last_edited=&#8220;on|tablet&#8220; locked=&#8220;off&#8220;]<\/p>\n<p><span>Als attraktiver Tagungsstandort ist Jena bisher ein Geheimtip<\/span>p. Dabei wartet die Stadt mit einer Kongresskultur der besonderen Art auf. Wie auf einem Campus liegen au\u00dfergew\u00f6hnliche Tagungsst\u00e4tten im Stadtzentrum nahe beieinander \u2013 von modern ausgestatteten Tagungshotels bis hin zu Locations mit einmaligem Ambiente. Veranstaltungsst\u00e4tten wie das <a href=\"https:\/\/www.planetarium-jena.de\/\" target=\"_blank\" rel=\"noopener noreferrer\" title=\"Zur Webseite\">Zeiss-Planetarium<\/a> oder die <a href=\"https:\/\/imaginata.de\/\" target=\"_blank\" rel=\"noopener noreferrer\" title=\"Zur Webseite\">Imaginata<\/a> \u2013 das Experimentarium f\u00fcr die Sinne \u2013 bieten ein unvergleichliches Flair. Doch auch historische Geb\u00e4ude wie das wundersch\u00f6ne ehemalige Jugendstilbad <a href=\"https:\/\/www.volksbad-jena.de\/de\/startseite\/648524\" target=\"_blank\" rel=\"noopener noreferrer\" title=\"Zur Webseite\">Volksbad<\/a> oder das 1903 erbaute <a href=\"https:\/\/www.volkshaus-jena.de\/de\/startseite\/694140\" target=\"_blank\" rel=\"noopener noreferrer\" title=\"Zur Webseite\">Volkshaus<\/a> garantieren bleibende Eindr\u00fccke.<\/p>\n<p>[\/et_pb_text][\/et_pb_column][\/et_pb_row][et_pb_row _builder_version=&#8220;4.8.0&#8243; _module_preset=&#8220;default&#8220; width=&#8220;100%&#8220; custom_margin=&#8220;-40px||||false|false&#8220;][et_pb_column type=&#8220;4_4&#8243; _builder_version=&#8220;4.8.0&#8243; _module_preset=&#8220;default&#8220;][et_pb_image src=&#8220;https:\/\/blog.jena.de\/15jahre-jenakultur\/wp-content\/uploads\/sites\/28\/2021\/01\/15jahre-jenakultur-location-jena-imaginata-messwarte.jpg&#8220; alt=&#8220;Messwarte in der Imaginata Jena mit verschiedenen Messinstrumenten und Anzeigen&#8220; title_text=&#8220;Messwarte-Imaginata&#8220; _builder_version=&#8220;4.9.0&#8243; _module_preset=&#8220;default&#8220; width=&#8220;870px&#8220; width_tablet=&#8220;500px&#8220; width_phone=&#8220;300px&#8220; width_last_edited=&#8220;on|tablet&#8220; custom_margin=&#8220;100px|||225px|false|false&#8220; custom_margin_tablet=&#8220;30px|||100px|false|false&#8220; custom_margin_phone=&#8220;20px|||20px|false|false&#8220; custom_margin_last_edited=&#8220;on|tablet&#8220;][\/et_pb_image][et_pb_text _builder_version=&#8220;4.9.0&#8243; _module_preset=&#8220;default&#8220; text_font=&#8220;Open Sans|700|||||||&#8220; text_text_color=&#8220;#99CC99&#8243; text_line_height=&#8220;1.2em&#8220; width_tablet=&#8220;500px&#8220; width_phone=&#8220;&#8220; width_last_edited=&#8220;on|desktop&#8220; custom_margin=&#8220;10px||75px|225px|false|false&#8220; custom_margin_tablet=&#8220;10px||-20px|100px|false|false&#8220; custom_margin_phone=&#8220;13px|||20px|false|false&#8220; custom_margin_last_edited=&#8220;on|phone&#8220; custom_padding=&#8220;||||false|false&#8220; text_font_size_tablet=&#8220;15px&#8220; text_font_size_phone=&#8220;9px&#8220; text_font_size_last_edited=&#8220;on|tablet&#8220; locked=&#8220;off&#8220; width__hover_enabled=&#8220;off|desktop&#8220;]<\/p>\n<p>Imaginata \u2014 Veranstaltungsort f\u00fcr die Sinne.<\/p>\n<p>[\/et_pb_text][\/et_pb_column][\/et_pb_row][\/et_pb_section][et_pb_section fb_built=&#8220;1&#8243; _builder_version=&#8220;4.9.0&#8243; _module_preset=&#8220;default&#8220; background_image=&#8220;https:\/\/blog.jena.de\/15jahre-jenakultur\/wp-content\/uploads\/sites\/28\/2021\/01\/15jahre-jenakultur-location-volkshaus-jenakultur-karolinekrampitz.jpg&#8220; parallax=&#8220;on&#8220; parallax_method=&#8220;off&#8220; min_height_tablet=&#8220;800px&#8220; min_height_phone=&#8220;&#8220; min_height_last_edited=&#8220;on|tablet&#8220; height=&#8220;1200px&#8220; height_tablet=&#8220;&#8220; height_phone=&#8220;750px&#8220; height_last_edited=&#8220;on|desktop&#8220; da_disable_devices=&#8220;off|off|off&#8220; locked=&#8220;off&#8220; da_is_popup=&#8220;off&#8220; da_exit_intent=&#8220;off&#8220; da_has_close=&#8220;on&#8220; da_alt_close=&#8220;off&#8220; da_dark_close=&#8220;off&#8220; da_not_modal=&#8220;on&#8220; da_is_singular=&#8220;off&#8220; da_with_loader=&#8220;off&#8220; da_has_shadow=&#8220;on&#8220;][\/et_pb_section][et_pb_section fb_built=&#8220;1&#8243; _builder_version=&#8220;4.8.0&#8243; _module_preset=&#8220;default&#8220; da_disable_devices=&#8220;off|off|off&#8220; da_is_popup=&#8220;off&#8220; da_exit_intent=&#8220;off&#8220; da_has_close=&#8220;on&#8220; da_alt_close=&#8220;off&#8220; da_dark_close=&#8220;off&#8220; da_not_modal=&#8220;on&#8220; da_is_singular=&#8220;off&#8220; da_with_loader=&#8220;off&#8220; da_has_shadow=&#8220;on&#8220;][et_pb_row column_structure=&#8220;1_2,1_2&#8243; _builder_version=&#8220;4.8.0&#8243; _module_preset=&#8220;default&#8220; width=&#8220;100%&#8220; custom_css_main_element=&#8220;z-index:10&#8243; locked=&#8220;off&#8220;][et_pb_column type=&#8220;1_2&#8243; _builder_version=&#8220;4.8.0&#8243; _module_preset=&#8220;default&#8220;][et_pb_text _builder_version=&#8220;4.9.0&#8243; _module_preset=&#8220;default&#8220; text_font=&#8220;Open Sans|700|||||||&#8220; text_text_color=&#8220;#99CC99&#8243; text_line_height=&#8220;1.2em&#8220; width=&#8220;1125px&#8220; width_tablet=&#8220;250px&#8220; width_phone=&#8220;90px&#8220; width_last_edited=&#8220;on|tablet&#8220; custom_margin=&#8220;10px|||75px|false|false&#8220; custom_margin_tablet=&#8220;-70px|||15px|false|false&#8220; custom_margin_phone=&#8220;|||10px|false|false&#8220; custom_margin_last_edited=&#8220;on|tablet&#8220; custom_padding=&#8220;||||false|false&#8220; text_font_size_tablet=&#8220;15px&#8220; text_font_size_phone=&#8220;9px&#8220; text_font_size_last_edited=&#8220;on|tablet&#8220; locked=&#8220;off&#8220;]<\/p>\n<p>Der gro\u00dfe Saal im Volkshaus erstrahlt in neuem Glanz.<\/p>\n<p>[\/et_pb_text][\/et_pb_column][et_pb_column type=&#8220;1_2&#8243; _builder_version=&#8220;4.8.0&#8243; _module_preset=&#8220;default&#8220;][et_pb_text _builder_version=&#8220;4.9.0&#8243; _module_preset=&#8220;default&#8220; text_font=&#8220;|600|||||||&#8220; text_text_color=&#8220;#FFFFFF&#8220; text_font_size=&#8220;28px&#8220; text_line_height=&#8220;1.3em&#8220; link_font=&#8220;||||on||||&#8220; link_text_color=&#8220;#FFFFFF&#8220; header_2_font=&#8220;|600|||||||&#8220; header_2_text_color=&#8220;#FFFFFF&#8220; header_2_font_size=&#8220;40px&#8220; header_2_line_height=&#8220;1.7em&#8220; background_color=&#8220;#99CC99&#8243; width=&#8220;75%&#8220; width_tablet=&#8220;450px&#8220; width_phone=&#8220;240px&#8220; width_last_edited=&#8220;on|tablet&#8220; custom_margin=&#8220;-285px||-70px||false|false&#8220; custom_margin_tablet=&#8220;|||275px|false|false&#8220; custom_margin_phone=&#8220;|||104px|false|false&#8220; custom_margin_last_edited=&#8220;on|desktop&#8220; custom_padding=&#8220;15px|3%|25px|4%|false|false&#8220; hover_enabled=&#8220;0&#8243; text_font_size_tablet=&#8220;17px&#8220; text_font_size_phone=&#8220;12px&#8220; text_font_size_last_edited=&#8220;on|desktop&#8220; header_2_font_size_tablet=&#8220;30px&#8220; header_2_font_size_phone=&#8220;20px&#8220; header_2_font_size_last_edited=&#8220;on|desktop&#8220; sticky_enabled=&#8220;0&#8243;]<\/p>\n<h2>Volkshaus Jena<\/h2>\n<p>Das repr\u00e4sentative Geb\u00e4ude besitzt einen eindrucksvollen Veranstaltungssaal f\u00fcr rund 1000 Personen. Mit seiner wunderbaren Akustik und dem stilvollen Ambiente ist der aufwendig sanierte gro\u00dfe Saal f\u00fcr Tagungen, Konzerte und andere Events gefragt. Weitere R\u00e4umlichkeiten befinden sich momentan im Umbau. Ab 2022 wird das komplette Jenaer Volkshaus nach umfassender Sanierung als modernes Tagungs- und Kongresszentrum zur Verf\u00fcgung stehen. Zus\u00e4tzlich wird ein Neubau k\u00fcnftig das Volkshaus direkt mit dem <a href=\"https:\/\/deutsches-optisches-museum.de\/\" target=\"_blank\" rel=\"noopener noreferrer\" title=\"Zur Webseite des DOM\">Deutschen\u00a0Optischen Museum<\/a> verbinden, dessen R\u00e4ume dann ebenfalls f\u00fcr Veranstaltungen genutzt werden k\u00f6nnen.<\/p>\n<p>[\/et_pb_text][\/et_pb_column][\/et_pb_row][et_pb_row _builder_version=&#8220;4.8.0&#8243; _module_preset=&#8220;default&#8220; width=&#8220;100%&#8220;][et_pb_column type=&#8220;4_4&#8243; _builder_version=&#8220;4.8.0&#8243; _module_preset=&#8220;default&#8220;][et_pb_image src=&#8220;https:\/\/blog.jena.de\/15jahre-jenakultur\/wp-content\/uploads\/sites\/28\/2021\/02\/15jahre-jenakultur-volkshaus-foyer-jenakultur-kkrampitz-3bearbeitet.jpg&#8220; alt=&#8220;Foyer im Volkshaus Jena&#8220; title_text=&#8220;Volkshaus-Foyer-JenaKultur-KKrampitz-3bearbeitet&#8220; _builder_version=&#8220;4.9.0&#8243; _module_preset=&#8220;default&#8220; width=&#8220;1050px&#8220; width_tablet=&#8220;500px&#8220; width_phone=&#8220;300px&#8220; width_last_edited=&#8220;on|tablet&#8220; custom_margin=&#8220;-100px|||75px|false|false&#8220; custom_margin_tablet=&#8220;-45px|||30px|false|false&#8220; custom_margin_phone=&#8220;-20px|||15px|false|false&#8220; custom_margin_last_edited=&#8220;on|tablet&#8220;][\/et_pb_image][et_pb_text _builder_version=&#8220;4.9.0&#8243; _module_preset=&#8220;default&#8220; text_font=&#8220;Open Sans|700|||||||&#8220; text_text_color=&#8220;#99CC99&#8243; text_line_height=&#8220;1.2em&#8220; width_tablet=&#8220;&#8220; width_phone=&#8220;&#8220; width_last_edited=&#8220;on|desktop&#8220; module_alignment=&#8220;left&#8220; custom_margin=&#8220;10px||75px||false|false&#8220; custom_margin_tablet=&#8220;||0px||false|false&#8220; custom_margin_phone=&#8220;&#8220; custom_margin_last_edited=&#8220;on|phone&#8220; custom_padding=&#8220;|||75px|false|false&#8220; custom_padding_tablet=&#8220;|||30px|false|false&#8220; custom_padding_phone=&#8220;|||15px|false|false&#8220; custom_padding_last_edited=&#8220;on|tablet&#8220; text_font_size_tablet=&#8220;15px&#8220; text_font_size_phone=&#8220;9px&#8220; text_font_size_last_edited=&#8220;on|tablet&#8220; locked=&#8220;off&#8220;]<\/p>\n<p>Der gro\u00dfz\u00fcgige Foyer-Bereich im Volkshaus l\u00e4dt zum Verweilen ein.<\/p>\n<p>[\/et_pb_text][\/et_pb_column][\/et_pb_row][et_pb_row _builder_version=&#8220;4.8.0&#8243; _module_preset=&#8220;default&#8220; width=&#8220;100%&#8220;][et_pb_column type=&#8220;4_4&#8243; _builder_version=&#8220;4.8.0&#8243; _module_preset=&#8220;default&#8220;][et_pb_image src=&#8220;https:\/\/blog.jena.de\/15jahre-jenakultur\/wp-content\/uploads\/sites\/28\/2021\/01\/15jahre-jenakultur-mice-volkshaus-jenaparadies-agraef-bearbeitet.jpg&#8220; alt=&#8220;Volkshaus Jena von au\u00dfen&#8220; title_text=&#8220;MICE-Volkshaus-Jenaparadies-AGr\u00e4f-bearbeitet&#8220; _builder_version=&#8220;4.9.0&#8243; _module_preset=&#8220;default&#8220; width=&#8220;83%&#8220; width_tablet=&#8220;600px&#8220; width_phone=&#8220;300px&#8220; width_last_edited=&#8220;on|tablet&#8220; custom_margin=&#8220;|||255px|false|false&#8220; custom_margin_tablet=&#8220;|||150px|false|false&#8220; custom_margin_phone=&#8220;|||85px|false|false&#8220; custom_margin_last_edited=&#8220;on|tablet&#8220; module_alignment_tablet=&#8220;&#8220; module_alignment_phone=&#8220;&#8220; module_alignment_last_edited=&#8220;on|phone&#8220;][\/et_pb_image][et_pb_text _builder_version=&#8220;4.9.0&#8243; _module_preset=&#8220;default&#8220; text_font=&#8220;Open Sans|700|||||||&#8220; text_text_color=&#8220;#99CC99&#8243; text_line_height=&#8220;1.2em&#8220; module_alignment=&#8220;left&#8220; custom_margin=&#8220;10px||75px|255px|false|false&#8220; custom_margin_tablet=&#8220;||0px|150px|false|false&#8220; custom_margin_phone=&#8220;|||85px|false|false&#8220; custom_margin_last_edited=&#8220;on|tablet&#8220; custom_padding=&#8220;||||false|false&#8220; text_font_size_tablet=&#8220;15px&#8220; text_font_size_phone=&#8220;9px&#8220; text_font_size_last_edited=&#8220;on|tablet&#8220; module_alignment_tablet=&#8220;&#8220; module_alignment_phone=&#8220;&#8220; module_alignment_last_edited=&#8220;on|phone&#8220; locked=&#8220;off&#8220;]<\/p>\n<p>Das Volkshaus in Jena bietet ab 2022 eine Vielzahl an Veranstaltungsr\u00e4umen.<\/p>\n<p>[\/et_pb_text][\/et_pb_column][\/et_pb_row][et_pb_row _builder_version=&#8220;4.8.0&#8243; _module_preset=&#8220;default&#8220; width=&#8220;100%&#8220;][et_pb_column type=&#8220;4_4&#8243; _builder_version=&#8220;4.8.0&#8243; _module_preset=&#8220;default&#8220;][et_pb_image src=&#8220;https:\/\/blog.jena.de\/15jahre-jenakultur\/wp-content\/uploads\/sites\/28\/2021\/01\/15jahre-jenakultur-stadtansicht-saaleufer-strand22-jenakultur-andregraef.jpg&#8220; alt=&#8220;Saaleufer und Strand 22&#8243; title_text=&#8220;Stadtansicht-Saaleufer-Strand22-JenaKultur-Andr\u00e9Gr\u00e4f&#8220; _builder_version=&#8220;4.8.0&#8243; _module_preset=&#8220;default&#8220;][\/et_pb_image][et_pb_text _builder_version=&#8220;4.9.0&#8243; _module_preset=&#8220;default&#8220; text_font=&#8220;Open Sans|700|||||||&#8220; text_text_color=&#8220;#99CC99&#8243; text_line_height=&#8220;1.2em&#8220; custom_margin=&#8220;10px||6%|75px|false|false&#8220; custom_margin_tablet=&#8220;5px||0%|15px|false|false&#8220; custom_margin_phone=&#8220;|||10px|false|false&#8220; custom_margin_last_edited=&#8220;on|phone&#8220; custom_padding=&#8220;||||false|false&#8220; custom_padding_tablet=&#8220;&#8220; custom_padding_phone=&#8220;|||0px|false|false&#8220; custom_padding_last_edited=&#8220;on|tablet&#8220; text_font_size_tablet=&#8220;15px&#8220; text_font_size_phone=&#8220;9px&#8220; text_font_size_last_edited=&#8220;on|tablet&#8220; locked=&#8220;off&#8220;]<\/p>\n<p>Im Paradiespark am Strand der Saale.<\/p>\n<p>[\/et_pb_text][\/et_pb_column][\/et_pb_row][et_pb_row column_structure=&#8220;1_3,2_3&#8243; _builder_version=&#8220;4.8.0&#8243; _module_preset=&#8220;default&#8220; width=&#8220;100%&#8220; custom_css_main_element=&#8220;display: flex;||align-items: center;||flex-direction: row;||flex-wrap: wrap;&#8220;][et_pb_column type=&#8220;1_3&#8243; _builder_version=&#8220;4.8.0&#8243; _module_preset=&#8220;default&#8220;][et_pb_text _builder_version=&#8220;4.9.0&#8243; _module_preset=&#8220;default&#8220; text_text_color=&#8220;#457BE7&#8243; text_font_size=&#8220;24px&#8220; text_line_height=&#8220;1.3em&#8220; link_font=&#8220;||||on||||&#8220; link_text_color=&#8220;#457BE7&#8243; header_2_text_color=&#8220;#457BE7&#8243; header_3_text_color=&#8220;#457BE7&#8243; header_3_font_size=&#8220;24px&#8220; header_3_line_height=&#8220;1.3em&#8220; width=&#8220;85%&#8220; width_tablet=&#8220;450px&#8220; width_phone=&#8220;300px&#8220; width_last_edited=&#8220;on|tablet&#8220; custom_margin=&#8220;||20%|12%|false|false&#8220; custom_margin_tablet=&#8220;||20px|30px|false|false&#8220; custom_margin_phone=&#8220;|||15px|false|false&#8220; custom_margin_last_edited=&#8220;on|tablet&#8220; custom_padding=&#8220;||||false|false&#8220; text_font_size_tablet=&#8220;17px&#8220; text_font_size_phone=&#8220;12px&#8220; text_font_size_last_edited=&#8220;on|tablet&#8220; header_3_font_size_tablet=&#8220;20px&#8220; header_3_font_size_phone=&#8220;14px&#8220; header_3_font_size_last_edited=&#8220;on|phone&#8220; locked=&#8220;off&#8220;]<\/p>\n<h3><strong>Und was k\u00f6nnen Kongressteilnehmer nach getaner Arbeit unternehmen? <\/strong><\/h3>\n<p><strong><\/strong><\/p>\n<p>Nach dem fachlichen Diskurs den Kopf ausl\u00fcften und neue Energie tanken \u2013 auch das macht einen perfekten Tagungsstandort aus. Jenas Innenstadt ist quirlig und lebendig mit sympathisch-studentischem Flair. Von den Veranstaltungsst\u00e4tten in der Innenstadt ist es nur ein Katzensprung bis in die Wagnergasse, Jenas Ausgehmeile. Der weitl\u00e4ufige Paradiespark bietet sich zum Ausspannen oder f\u00fcr eine Joggingrunde an. Kultur genie\u00dfen, den Tag in einem guten Restaurant ausklingen lassen oder einen Ausflug in die Natur unternehmen, all dies ist in Jena auf kurzem Weg m\u00f6glich.<\/p>\n<p>[\/et_pb_text][\/et_pb_column][et_pb_column type=&#8220;2_3&#8243; _builder_version=&#8220;4.8.0&#8243; _module_preset=&#8220;default&#8220;][et_pb_image src=&#8220;https:\/\/blog.jena.de\/15jahre-jenakultur\/wp-content\/uploads\/sites\/28\/2021\/02\/15jahre-jenakultur-impression-wagnergasse-jenakultur-andreashub.jpg&#8220; alt=&#8220;Gesch\u00e4ftiges Treiben in der Wagnergasse Jena mit JenTower im Hintergrund&#8220; title_text=&#8220;Impression-Wagnergasse-JenaKultur-AndreasHub&#8220; align=&#8220;right&#8220; _builder_version=&#8220;4.9.0&#8243; _module_preset=&#8220;default&#8220; width=&#8220;83%&#8220; width_tablet=&#8220;550px&#8220; width_phone=&#8220;300px&#8220; width_last_edited=&#8220;on|tablet&#8220; module_alignment=&#8220;right&#8220; custom_margin=&#8220;|75px|||false|false&#8220; custom_margin_tablet=&#8220;30px|30px|||false|false&#8220; custom_margin_phone=&#8220;&#8220; custom_margin_last_edited=&#8220;on|tablet&#8220;][\/et_pb_image][et_pb_text _builder_version=&#8220;4.9.0&#8243; _module_preset=&#8220;default&#8220; text_font=&#8220;Open Sans|700|||||||&#8220; text_text_color=&#8220;#99CC99&#8243; text_line_height=&#8220;1.2em&#8220; width=&#8220;83%&#8220; width_tablet=&#8220;550px&#8220; width_phone=&#8220;300px&#8220; width_last_edited=&#8220;on|desktop&#8220; module_alignment=&#8220;right&#8220; custom_margin=&#8220;10px||7%|45%|false|false&#8220; custom_margin_tablet=&#8220;||0%||false|false&#8220; custom_margin_phone=&#8220;|||15px|false|false&#8220; custom_margin_last_edited=&#8220;on|phone&#8220; custom_padding=&#8220;||||false|false&#8220; text_font_size_tablet=&#8220;15px&#8220; text_font_size_phone=&#8220;9px&#8220; text_font_size_last_edited=&#8220;on|tablet&#8220; module_alignment_tablet=&#8220;right&#8220; module_alignment_phone=&#8220;right&#8220; module_alignment_last_edited=&#8220;on|tablet&#8220; locked=&#8220;off&#8220; width__hover_enabled=&#8220;off|desktop&#8220;]<\/p>\n<p>Sommerliche Abende klingen in der Wagnergasse aus.<\/p>\n<p>[\/et_pb_text][\/et_pb_column][\/et_pb_row][\/et_pb_section][et_pb_section fb_built=&#8220;1&#8243; _builder_version=&#8220;4.9.0&#8243; _module_preset=&#8220;default&#8220; background_image=&#8220;https:\/\/blog.jena.de\/15jahre-jenakultur\/wp-content\/uploads\/sites\/28\/2021\/01\/15jahre-jenakultur-stadtansicht-stadtrundgang-markt-jenakultur-siomotion.jpg&#8220; parallax=&#8220;on&#8220; parallax_method=&#8220;off&#8220; height=&#8220;1200px&#8220; height_tablet=&#8220;800px&#8220; height_phone=&#8220;750px&#8220; height_last_edited=&#8220;on|desktop&#8220; custom_margin_tablet=&#8220;-50px||||false|false&#8220; custom_margin_phone=&#8220;&#8220; custom_margin_last_edited=&#8220;on|tablet&#8220; da_disable_devices=&#8220;off|off|off&#8220; da_is_popup=&#8220;off&#8220; da_exit_intent=&#8220;off&#8220; da_has_close=&#8220;on&#8220; da_alt_close=&#8220;off&#8220; da_dark_close=&#8220;off&#8220; da_not_modal=&#8220;on&#8220; da_is_singular=&#8220;off&#8220; da_with_loader=&#8220;off&#8220; da_has_shadow=&#8220;on&#8220;][\/et_pb_section][et_pb_section fb_built=&#8220;1&#8243; _builder_version=&#8220;4.8.0&#8243; _module_preset=&#8220;default&#8220; da_disable_devices=&#8220;off|off|off&#8220; da_is_popup=&#8220;off&#8220; da_exit_intent=&#8220;off&#8220; da_has_close=&#8220;on&#8220; da_alt_close=&#8220;off&#8220; da_dark_close=&#8220;off&#8220; da_not_modal=&#8220;on&#8220; da_is_singular=&#8220;off&#8220; da_with_loader=&#8220;off&#8220; da_has_shadow=&#8220;on&#8220;][et_pb_row column_structure=&#8220;1_2,1_2&#8243; _builder_version=&#8220;4.8.0&#8243; _module_preset=&#8220;default&#8220; width=&#8220;100%&#8220; custom_css_main_element=&#8220;z-index:10&#8243; locked=&#8220;off&#8220;][et_pb_column type=&#8220;1_2&#8243; _builder_version=&#8220;4.8.0&#8243; _module_preset=&#8220;default&#8220;][et_pb_text _builder_version=&#8220;4.9.0&#8243; _module_preset=&#8220;default&#8220; text_font=&#8220;Open Sans|700|||||||&#8220; text_text_color=&#8220;#99CC99&#8243; text_line_height=&#8220;1.2em&#8220; width_tablet=&#8220;275px&#8220; width_phone=&#8220;125px&#8220; width_last_edited=&#8220;on|tablet&#8220; custom_margin=&#8220;5px|||75px|false|false&#8220; custom_margin_tablet=&#8220;-70px|||15px|false|false&#8220; custom_margin_phone=&#8220;|||10px|false|false&#8220; custom_margin_last_edited=&#8220;on|phone&#8220; custom_padding=&#8220;||||false|false&#8220; custom_padding_tablet=&#8220;&#8220; custom_padding_phone=&#8220;||||false|false&#8220; custom_padding_last_edited=&#8220;on|tablet&#8220; text_font_size_tablet=&#8220;15px&#8220; text_font_size_phone=&#8220;9px&#8220; text_font_size_last_edited=&#8220;on|tablet&#8220; module_alignment_last_edited=&#8220;off|desktop&#8220; locked=&#8220;off&#8220;]<\/p>\n<p>Marktplatz mit historischem Rathaus im Hintergrund.<\/p>\n<p>[\/et_pb_text][\/et_pb_column][et_pb_column type=&#8220;1_2&#8243; _builder_version=&#8220;4.8.0&#8243; _module_preset=&#8220;default&#8220;][et_pb_text _builder_version=&#8220;4.9.0&#8243; _module_preset=&#8220;default&#8220; text_font=&#8220;||||||||&#8220; text_text_color=&#8220;#457BE7&#8243; text_font_size=&#8220;51px&#8220; text_letter_spacing=&#8220;1px&#8220; text_line_height=&#8220;1.2em&#8220; header_2_text_color=&#8220;#457BE7&#8243; header_2_font_size=&#8220;51px&#8220; header_2_letter_spacing=&#8220;1px&#8220; header_2_line_height=&#8220;1.2em&#8220; background_color=&#8220;rgba(235,245,235,0.85)&#8220; width=&#8220;510px&#8220; width_tablet=&#8220;350px&#8220; width_phone=&#8220;220px&#8220; width_last_edited=&#8220;on|tablet&#8220; custom_margin=&#8220;-120px||||false|false&#8220; custom_margin_tablet=&#8220;-150px|||300px|false|false&#8220; custom_margin_phone=&#8220;|||130px|false|false&#8220; custom_margin_last_edited=&#8220;on|tablet&#8220; custom_padding=&#8220;20px|15px|150px|15px|false|false&#8220; text_font_size_tablet=&#8220;30px&#8220; text_font_size_phone=&#8220;&#8220; text_font_size_last_edited=&#8220;on|tablet&#8220; header_2_font_size_tablet=&#8220;30px&#8220; header_2_font_size_phone=&#8220;20px&#8220; header_2_font_size_last_edited=&#8220;on|desktop&#8220;]<\/p>\n<h2>Lichtblick \u2014<br \/>Jena Convention Bureau<\/h2>\n<p>[\/et_pb_text][\/et_pb_column][\/et_pb_row][et_pb_row column_structure=&#8220;2_5,3_5&#8243; disabled_on=&#8220;off|off|on&#8220; _builder_version=&#8220;4.9.0&#8243; _module_preset=&#8220;default&#8220; width=&#8220;100%&#8220; custom_css_main_element=&#8220;z-index:10&#8243;][et_pb_column type=&#8220;2_5&#8243; _builder_version=&#8220;4.9.0&#8243; _module_preset=&#8220;default&#8220;][et_pb_text _builder_version=&#8220;4.9.0&#8243; _module_preset=&#8220;default&#8220; text_text_color=&#8220;#457BE7&#8243; text_font_size=&#8220;26px&#8220; text_line_height=&#8220;1.3em&#8220; link_font=&#8220;||||on||||&#8220; link_text_color=&#8220;#457BE7&#8243; header_3_font=&#8220;|700|||||||&#8220; header_3_text_color=&#8220;#457BE7&#8243; header_3_font_size=&#8220;26px&#8220; header_3_line_height=&#8220;1.3em&#8220; width=&#8220;80%&#8220; width_tablet=&#8220;51%&#8220; width_phone=&#8220;70%&#8220; width_last_edited=&#8220;on|tablet&#8220; custom_margin=&#8220;-17%|||13%|false|false&#8220; custom_margin_tablet=&#8220;|||44%|false|false&#8220; custom_margin_phone=&#8220;-120px|||20%|false|false&#8220; custom_margin_last_edited=&#8220;on|tablet&#8220; custom_padding=&#8220;|15px|||false|false&#8220; text_font_size_tablet=&#8220;17px&#8220; text_font_size_phone=&#8220;12px&#8220; text_font_size_last_edited=&#8220;on|tablet&#8220; header_3_font_size_tablet=&#8220;17px&#8220; header_3_font_size_phone=&#8220;14px&#8220; header_3_font_size_last_edited=&#8220;on|tablet&#8220; locked=&#8220;off&#8220; width__hover_enabled=&#8220;off|desktop&#8220;]<\/p>\n<p><span><\/span><span>Das <\/span><a href=\"https:\/\/www.jenaconvention.de\/\" target=\"_blank\" rel=\"noopener noreferrer\" title=\"Zur Website des Jena Convention Bureau\">Jena Convention Bureau<\/a> agiert als Schnittstelle zwischen Jenas Kompetenzbranchen und den Veranstaltern. Es vermittelt die passenden Branchenpartner und zeigt die individuellen St\u00e4rken der lokalen Dienstleister auf. F\u00fcr die Organisatoren von Fachtagungen, Kongressen und Incentives bietet das Jena Convention Bureau zahlreiche unterst\u00fctzende Leistungen an.<\/p>\n<h3>Mit starken Partnern vor Ort verankert<\/h3>\n<p>Bei allen Aktivit\u00e4ten arbeitet das Jena Convention Bureau mit starken Partnern zusammen. Wir vertreten die Stadt Jena und betreuen die Mitgliedschaften in branchenspezifischen Netzwerken, wie dem <a href=\"https:\/\/www.gcb.de\/de.html\" target=\"_blank\" rel=\"noopener noreferrer\" title=\"Zur Webseite des GCB\">German Convention Bureau<\/a> (GCB), dem <a href=\"https:\/\/evvc.org\/\" target=\"_blank\" rel=\"noopener noreferrer\" title=\"Zur Webseite des EVVC\">Europ\u00e4ischen Verband der Veranstaltungs-Centren<\/a> (EVVC) und <a href=\"https:\/\/greenglobe.com\/de\/\" target=\"_blank\" rel=\"noopener noreferrer\" title=\"Zur Webseite des Green Globe-Programms\">Green Globe<\/a>. In der Jenaer Tagungsallianz sind die Akteure in und um Jena kompetent geb\u00fcndelt. Mit Networking und regelm\u00e4\u00dfigen Treffen f\u00f6rdert das Jena Convention Bureau gezielt die Zusammenarbeit zwischen Wirtschaft, Wissenschaft und den zahlreichen Dienstleistern der Stadt. So werden Tagungen zu rundum gelungenen Events.<\/p>\n<p>[\/et_pb_text][\/et_pb_column][et_pb_column type=&#8220;3_5&#8243; _builder_version=&#8220;4.8.0&#8243; _module_preset=&#8220;default&#8220;][et_pb_text _builder_version=&#8220;4.9.0&#8243; _module_preset=&#8220;default&#8220; text_text_color=&#8220;#FFFFFF&#8220; text_font_size=&#8220;12px&#8220; text_line_height=&#8220;0em&#8220; link_font=&#8220;|700|||||||&#8220; link_text_align=&#8220;center&#8220; link_text_color=&#8220;#FFFFFF&#8220; link_font_size=&#8220;24px&#8220; ul_font=&#8220;|600|||||||&#8220; ul_text_color=&#8220;#FFFFFF&#8220; ul_font_size=&#8220;28px&#8220; ul_line_height=&#8220;1.3em&#8220; background_color=&#8220;#457BE7&#8243; background_layout=&#8220;dark&#8220; width=&#8220;68%&#8220; width_tablet=&#8220;58%&#8220; width_phone=&#8220;70%&#8220; width_last_edited=&#8220;on|tablet&#8220; custom_margin=&#8220;40%|||20%|false|false&#8220; custom_margin_tablet=&#8220;4%|||5%|false|false&#8220; custom_margin_phone=&#8220;10%||-30px||false|false&#8220; custom_margin_last_edited=&#8220;on|phone&#8220; custom_padding=&#8220;6%|2%|2%|4%|false|false&#8220; hover_enabled=&#8220;0&#8243; ul_font_size_tablet=&#8220;17px&#8220; ul_font_size_phone=&#8220;12px&#8220; ul_font_size_last_edited=&#8220;on|phone&#8220; sticky_enabled=&#8220;0&#8243;]<\/p>\n<p>Unsere Leistungen:<\/p>\n<pre><\/pre>\n<ul>\n<li>Individuelle Beratung zu den Veranstaltungsm\u00f6glichkeiten und bei der Auswahl der passenden Tagungsst\u00e4tte<\/li>\n<li>Besichtigungen vor Ort<\/li>\n<li>Bedarfsgerechte Vermittlung von Tagungshotels, Locations und Dienstleistern<\/li>\n<li>Veranstaltungsorganisation in den Tagungsr\u00e4umen von JenaKultur<\/li>\n<li>Beratung und Vermittlung von Rahmenprogrammen und Abendveranstaltungen<\/li>\n<li>Text- und Bildmaterial zum Standort Jena f\u00fcr die Kongresseinwerbung<\/li>\n<li>Hotelkontingente in Zusammenarbeit mit der Jena Tourist-Information<\/li>\n<li>Vermittlung von Jenaer Gastgeschenken<\/li>\n<li>Veranstaltungsticket der Deutschen Bahn und des Nahverkehrs Jena<\/li>\n<\/ul>\n<p>[\/et_pb_text][\/et_pb_column][\/et_pb_row][et_pb_row column_structure=&#8220;3_5,2_5&#8243; disabled_on=&#8220;on|on|off&#8220; _builder_version=&#8220;4.9.0&#8243; _module_preset=&#8220;default&#8220; width=&#8220;100%&#8220; custom_css_main_element=&#8220;z-index:10&#8243;][et_pb_column type=&#8220;3_5&#8243; _builder_version=&#8220;4.8.0&#8243; _module_preset=&#8220;default&#8220;][et_pb_text _builder_version=&#8220;4.9.0&#8243; _module_preset=&#8220;default&#8220; text_text_color=&#8220;#FFFFFF&#8220; text_font_size=&#8220;20px&#8220; link_font=&#8220;|700|||||||&#8220; link_text_align=&#8220;center&#8220; link_text_color=&#8220;#FFFFFF&#8220; link_font_size=&#8220;24px&#8220; ul_font=&#8220;|600|||||||&#8220; ul_text_color=&#8220;#FFFFFF&#8220; ul_font_size=&#8220;28px&#8220; ul_line_height=&#8220;1.3em&#8220; background_color=&#8220;#457BE7&#8243; background_layout=&#8220;dark&#8220; width=&#8220;68%&#8220; custom_margin=&#8220;40%|||20%|false|false&#8220; custom_padding=&#8220;3%|3%|3%|4%|false|false&#8220; hover_enabled=&#8220;0&#8243; sticky_enabled=&#8220;0&#8243;]<\/p>\n<p>Unsere Leistungen:<\/p>\n<pre><\/pre>\n<ul>\n<li>Individuelle Beratung zu den Veranstaltungsm\u00f6glichkeiten und bei der Auswahl der passenden Tagungsst\u00e4tte<\/li>\n<li>Besichtigungen vor Ort<\/li>\n<li>Bedarfsgerechte Vermittlung von Tagungshotels, Locations und Dienstleistern<\/li>\n<li>Veranstaltungsorganisation in den Tagungsr\u00e4umen von JenaKultur<\/li>\n<li>Beratung und Vermittlung von Rahmenprogrammen und Abendveranstaltungen<\/li>\n<li>Text- und Bildmaterial zum Standort Jena f\u00fcr die Kongresseinwerbung<\/li>\n<li>Hotelkontingente in Zusammenarbeit mit der Jena Tourist-Information<\/li>\n<li>Vermittlung von Jenaer Gastgeschenken<\/li>\n<li>Veranstaltungsticket der Deutschen Bahn und des Nahverkehrs Jena<\/li>\n<\/ul>\n<p>[\/et_pb_text][\/et_pb_column][et_pb_column type=&#8220;2_5&#8243; _builder_version=&#8220;4.8.0&#8243; _module_preset=&#8220;default&#8220;][et_pb_text _builder_version=&#8220;4.9.0&#8243; _module_preset=&#8220;default&#8220; text_text_color=&#8220;#457BE7&#8243; text_font_size=&#8220;26px&#8220; text_line_height=&#8220;1.3em&#8220; link_font=&#8220;||||on||||&#8220; link_text_color=&#8220;#457BE7&#8243; header_3_font=&#8220;|700|||||||&#8220; header_3_text_color=&#8220;#457BE7&#8243; header_3_font_size=&#8220;26px&#8220; header_3_line_height=&#8220;1.3em&#8220; width=&#8220;80%&#8220; custom_margin=&#8220;-20%|||13%|false|false&#8220; custom_margin_tablet=&#8220;&#8220; custom_margin_phone=&#8220;&#8220; custom_margin_last_edited=&#8220;on|desktop&#8220; custom_padding=&#8220;||||false|false&#8220; hover_enabled=&#8220;0&#8243; locked=&#8220;off&#8220; sticky_enabled=&#8220;0&#8243;]<\/p>\n<p><span><\/span><span>Das <\/span><a href=\"https:\/\/www.jenaconvention.de\/\" target=\"_blank\" rel=\"noopener noreferrer\" title=\"Zur Website des Jena Convention Bureau\">Jena Convention Bureau<\/a> agiert als Schnittstelle zwischen Jenas Kompetenzbranchen und den Veranstaltern. Es vermittelt die passenden Branchenpartner und zeigt die individuellen St\u00e4rken der lokalen Dienstleister auf. F\u00fcr die Organisatoren von Fachtagungen, Kongressen und Incentives bietet das Jena Convention Bureau zahlreiche unterst\u00fctzende Leistungen an.<\/p>\n<p>&nbsp;<\/p>\n<h3>Mit starken Partnern vor Ort verankert<\/h3>\n<p>Bei allen Aktivit\u00e4ten arbeitet das Jena Convention Bureau mit starken Partnern zusammen. Wir vertreten die Stadt Jena und betreuen die Mitgliedschaften in branchenspezifischen Netzwerken, wie dem <a href=\"https:\/\/www.gcb.de\/de.html\" target=\"_blank\" rel=\"noopener noreferrer\" title=\"Zur Webseite des GCB\">German Convention Bureau<\/a> (GCB), dem <a href=\"https:\/\/evvc.org\/\" target=\"_blank\" rel=\"noopener noreferrer\" title=\"Zur Webseite des EVVC\">Europ\u00e4ischen Verband der Veranstaltungs-Centren<\/a> (EVVC) und <a href=\"https:\/\/greenglobe.com\/de\/\" target=\"_blank\" rel=\"noopener noreferrer\" title=\"Zur Webseite des Green Globe-Programms\">Green Globe<\/a>. In der Jenaer Tagungsallianz sind die Akteure in und um Jena kompetent geb\u00fcndelt. Mit Networking und regelm\u00e4\u00dfigen Treffen f\u00f6rdert das Jena Convention Bureau gezielt die Zusammenarbeit zwischen Wirtschaft, Wissenschaft und den zahlreichen Dienstleistern der Stadt. So werden Tagungen zu rundum gelungenen Events.<\/p>\n<p>[\/et_pb_text][\/et_pb_column][\/et_pb_row][et_pb_row _builder_version=&#8220;4.8.0&#8243; _module_preset=&#8220;default&#8220; width=&#8220;100%&#8220; hover_enabled=&#8220;0&#8243; sticky_enabled=&#8220;0&#8243;][et_pb_column type=&#8220;4_4&#8243; _builder_version=&#8220;4.8.0&#8243; _module_preset=&#8220;default&#8220;][et_pb_image src=&#8220;https:\/\/blog.jena.de\/15jahre-jenakultur\/wp-content\/uploads\/sites\/28\/2021\/01\/15jahre-jenakultur-impression-lndw17-lichtinstallation-jenakultur-a.koerbs.jpg&#8220; alt=&#8220;Lichtinstallation auf dem Campus bei der Langen Nacht der Wissenschaften in Jena&#8220; title_text=&#8220;Impression-LNdW17-Lichtinstallation-JenaKultur-A.Koerbs&#8220; force_fullwidth=&#8220;on&#8220; _builder_version=&#8220;4.9.0&#8243; _module_preset=&#8220;default&#8220; height_tablet=&#8220;&#8220; height_phone=&#8220;&#8220; height_last_edited=&#8220;on|phone&#8220; custom_margin=&#8220;-6%||||false|false&#8220; custom_margin_tablet=&#8220;-15%||||false|false&#8220; custom_margin_phone=&#8220;&#8220; custom_margin_last_edited=&#8220;on|tablet&#8220; hover_enabled=&#8220;0&#8243; sticky_enabled=&#8220;0&#8243;][\/et_pb_image][\/et_pb_column][\/et_pb_row][\/et_pb_section][et_pb_section fb_built=&#8220;1&#8243; _builder_version=&#8220;4.9.0&#8243; _module_preset=&#8220;default&#8220; custom_margin_tablet=&#8220;||-200px||false|false&#8220; custom_margin_phone=&#8220;&#8220; custom_margin_last_edited=&#8220;on|tablet&#8220; da_disable_devices=&#8220;off|off|off&#8220; da_is_popup=&#8220;off&#8220; da_exit_intent=&#8220;off&#8220; da_has_close=&#8220;on&#8220; da_alt_close=&#8220;off&#8220; da_dark_close=&#8220;off&#8220; da_not_modal=&#8220;on&#8220; da_is_singular=&#8220;off&#8220; da_with_loader=&#8220;off&#8220; da_has_shadow=&#8220;on&#8220;][et_pb_row _builder_version=&#8220;4.8.0&#8243; _module_preset=&#8220;default&#8220; width=&#8220;100%&#8220; custom_css_main_element=&#8220;z-index:10&#8243;][et_pb_column type=&#8220;4_4&#8243; _builder_version=&#8220;4.8.0&#8243; _module_preset=&#8220;default&#8220;][et_pb_text _builder_version=&#8220;4.9.0&#8243; _module_preset=&#8220;default&#8220; text_text_color=&#8220;#FFFFFF&#8220; text_font_size=&#8220;26px&#8220; text_line_height=&#8220;1.2em&#8220; link_text_color=&#8220;#FFFFFF&#8220; header_text_color=&#8220;#FFFFFF&#8220; header_2_text_color=&#8220;#FFFFFF&#8220; header_3_font=&#8220;|700|||||||&#8220; header_3_text_color=&#8220;#FFFFFF&#8220; header_3_font_size=&#8220;59px&#8220; background_enable_color=&#8220;off&#8220; width=&#8220;768px&#8220; custom_margin=&#8220;-20%|12%||36%|false|false&#8220; custom_margin_tablet=&#8220;-30%|||31%|false|false&#8220; custom_margin_phone=&#8220;-50%||20%|8%|false|false&#8220; custom_margin_last_edited=&#8220;on|tablet&#8220; custom_padding=&#8220;0%|0%|0%|0%|false|false&#8220; text_font_size_tablet=&#8220;15px&#8220; text_font_size_phone=&#8220;10px&#8220; text_font_size_last_edited=&#8220;on|tablet&#8220; header_3_font_size_tablet=&#8220;30px&#8220; header_3_font_size_phone=&#8220;18px&#8220; header_3_font_size_last_edited=&#8220;on|tablet&#8220;]<\/p>\n<table style=\"width: 318px;border-color: #99cc99;background-color: #99cc99\">\n<tbody>\n<tr style=\"height: 200px\">\n<td style=\"width: 116px;height: 200px\">\n<p style=\"text-align: left\">Kontaktieren Sie uns.<\/p>\n<h3 style=\"text-align: right\"><\/h3>\n<h3 style=\"text-align: right\"><\/h3>\n<h3 style=\"text-align: right\"><\/h3>\n<h3 style=\"text-align: right\"><\/h3>\n<h3 style=\"text-align: right\">Jena<br \/> Convention<br \/> Bureau<\/h3>\n<\/td>\n<td style=\"width: 186px;height: 200px\">\n<p>&nbsp;<\/p>\n<p>&nbsp;<\/p>\n<p>&nbsp;<\/p>\n<p>&nbsp;<\/p>\n<p>Eine Einrichtung von JenaKultur<\/p>\n<p> Markt 16 \u2014 07743 Jena<\/p>\n<p>+49 3641 49-8333<br \/> <a href=\"mailto:convention@jena.de\" target=\"_blank\" rel=\"noopener noreferrer\" title=\"Mail an Jena Convention Bureau schreiben\">convention@jena.de<\/a><\/p>\n<p><a href=\"https:\/\/www.jenaconvention.de\/\" target=\"_blank\" rel=\"noopener noreferrer\" title=\"Zur Webseite des Jena Convention Bureaus\">www.jenaconvention.de<\/a><\/p>\n<p>&nbsp;<\/p>\n<\/td>\n<\/tr>\n<\/tbody>\n<\/table>\n<p>&nbsp;<\/p>\n<p>[\/et_pb_text][\/et_pb_column][\/et_pb_row][\/et_pb_section][et_pb_section fb_built=&#8220;1&#8243; _builder_version=&#8220;4.9.0&#8243; _module_preset=&#8220;default&#8220; custom_margin_tablet=&#8220;||200px||false|false&#8220; custom_margin_phone=&#8220;||150px||false|false&#8220; custom_margin_last_edited=&#8220;on|tablet&#8220; da_disable_devices=&#8220;off|off|off&#8220; da_is_popup=&#8220;off&#8220; da_exit_intent=&#8220;off&#8220; da_has_close=&#8220;on&#8220; da_alt_close=&#8220;off&#8220; da_dark_close=&#8220;off&#8220; da_not_modal=&#8220;on&#8220; da_is_singular=&#8220;off&#8220; da_with_loader=&#8220;off&#8220; da_has_shadow=&#8220;on&#8220;][et_pb_row column_structure=&#8220;1_4,3_4&#8243; disabled_on=&#8220;off|off|on&#8220; _builder_version=&#8220;4.9.0&#8243; _module_preset=&#8220;default&#8220; width=&#8220;92%&#8220; width_tablet=&#8220;100%&#8220; width_phone=&#8220;&#8220; width_last_edited=&#8220;on|tablet&#8220; custom_margin=&#8220;7%||6%||false|false&#8220; custom_margin_tablet=&#8220;0%||0%||false|false&#8220; custom_margin_phone=&#8220;&#8220; custom_margin_last_edited=&#8220;on|tablet&#8220; custom_padding=&#8220;|||15px|false|false&#8220; custom_css_main_element=&#8220;display: flex;  ||justify-content: flex-end; &#8220; width__hover_enabled=&#8220;on|desktop&#8220;][et_pb_column type=&#8220;1_4&#8243; _builder_version=&#8220;4.8.0&#8243; _module_preset=&#8220;default&#8220;][et_pb_image src=&#8220;https:\/\/blog.jena.de\/15jahre-jenakultur\/wp-content\/uploads\/sites\/28\/2021\/03\/15jahre-jenakultur-lichtstadt-label-457be7.png&#8220; alt=&#8220;Label der Jena Lichtstadt&#8220; title_text=&#8220;Lichtstadt-Label-457be7&#8243; url=&#8220;https:\/\/startseite.jena.de\/&#8220; _builder_version=&#8220;4.9.0&#8243; _module_preset=&#8220;default&#8220; width=&#8220;60%&#8220; width_tablet=&#8220;175px&#8220; width_phone=&#8220;120px&#8220; width_last_edited=&#8220;on|desktop&#8220; custom_margin=&#8220;||||false|false&#8220; custom_margin_tablet=&#8220;0px||20px||false|false&#8220; custom_margin_phone=&#8220;||25px||false|false&#8220; custom_margin_last_edited=&#8220;on|phone&#8220; filter_saturate=&#8220;150%&#8220;][\/et_pb_image][et_pb_text _builder_version=&#8220;4.9.0&#8243; _module_preset=&#8220;default&#8220; text_font=&#8220;|600|||||||&#8220; text_text_color=&#8220;#457BE7&#8243; text_line_height=&#8220;0.3em&#8220; link_font=&#8220;||||on||||&#8220; link_text_color=&#8220;#457BE7&#8243; link_line_height=&#8220;0em&#8220; custom_margin=&#8220;5%||||false|false&#8220; custom_margin_tablet=&#8220;2%||||false|false&#8220; custom_margin_phone=&#8220;&#8220; custom_margin_last_edited=&#8220;on|tablet&#8220; text_font_size_tablet=&#8220;15px&#8220; text_font_size_phone=&#8220;10px&#8220; text_font_size_last_edited=&#8220;on|tablet&#8220;]<\/p>\n<p><em>\u00a0<\/em><\/p>\n<p><a href=\"https:\/\/www.jenaconvention.de\/\" target=\"_blank\" rel=\"noopener noreferrer\" title=\"Zur Webseite des Jena Convention Bureau\">Jena Convention Bureau<\/a><\/p>\n<p>Eine Einrichtung von <a href=\"https:\/\/www.jenakultur.de\/de\/startseite\/605322\" target=\"_blank\" rel=\"noopener noreferrer\" title=\"Zur Webseite von JenaKultur\">JenaKultur<\/a><\/p>\n<p>[\/et_pb_text][\/et_pb_column][et_pb_column type=&#8220;3_4&#8243; _builder_version=&#8220;4.8.0&#8243; _module_preset=&#8220;default&#8220;][\/et_pb_column][\/et_pb_row][et_pb_row custom_padding_last_edited=&#8220;on|phone&#8220; disabled_on=&#8220;off|off|on&#8220; _builder_version=&#8220;4.9.0&#8243; _module_preset=&#8220;default&#8220; width=&#8220;92%&#8220; width_tablet=&#8220;100%&#8220; width_phone=&#8220;100%&#8220; width_last_edited=&#8220;on|phone&#8220; custom_margin=&#8220;0%||0%||false|false&#8220; custom_padding_tablet=&#8220;|10px||15px|false|false&#8220; custom_padding_phone=&#8220;|10px||10px|false|false&#8220; custom_css_main_element=&#8220;display: flex;  ||justify-content: flex-end; &#8222;][et_pb_column type=&#8220;4_4&#8243; _builder_version=&#8220;4.8.0&#8243; _module_preset=&#8220;default&#8220;][et_pb_text _builder_version=&#8220;4.9.0&#8243; _module_preset=&#8220;default&#8220; text_font=&#8220;|600|||||||&#8220; text_text_color=&#8220;#457BE7&#8243; text_line_height=&#8220;1.4em&#8220; link_font=&#8220;||||on||||&#8220; link_text_color=&#8220;#457BE7&#8243; width_tablet=&#8220;&#8220; width_phone=&#8220;100%&#8220; width_last_edited=&#8220;on|phone&#8220; custom_margin=&#8220;||-75px||false|false&#8220; custom_padding=&#8220;||||false|false&#8220; text_font_size_tablet=&#8220;15px&#8220; text_font_size_phone=&#8220;10px&#8220; text_font_size_last_edited=&#8220;on|desktop&#8220; locked=&#8220;off&#8220;]<\/p>\n<p style=\"text-align: left\"><em>Gestaltung<\/em> <a href=\"https:\/\/gottweiss.de\" target=\"_blank\" rel=\"noopener noreferrer\" title=\"Zur Webseite von Gottwiess-Kommunikation\">Gottweiss \u00b7 Visuelle Kommunikation<\/a> | Bildnachweis Stadtansicht: JenaKultur, Andr\u00e9 Gr\u00e4f | Marktplatz: JenaKultur, Andr\u00e9 Gr\u00e4f | Ernst-Abbe-Platz (Unicampus): JenaKultur, Toma Babovic | Villa Rosenthal (Baum): JenaKultur, Tina Pei\u00dfker | TraFO: JenaKultur, Tina Pei\u00dfker | Zeiss- Planetarium: JenaKultur, Christian H\u00e4cker | Imaginata: JenaKultur, Imaginata | Volkshaus gro\u00dfer Saal: JenaKultur, Karoline Krampitz | Volkshaus Foyer-Bereich: JenaKultur, Karoline Krampitz | Volkshaus Au\u00dfenansicht: JenaKultur, Andr\u00e9 Gr\u00e4f | Saalestrand: JenaKultur, Andr\u00e9 Gr\u00e4f | Wagnergasse: JenaKultur, Andreas Hub | Marktplatz mit historischem Rathaus: JenaKultur, Siomotion | Laternen-Skulpturen: JenaKultur, A. Koerbs<\/p>\n<p>[\/et_pb_text][\/et_pb_column][\/et_pb_row][et_pb_row column_structure=&#8220;1_4,3_4&#8243; disabled_on=&#8220;on|on|off&#8220; _builder_version=&#8220;4.9.0&#8243; _module_preset=&#8220;default&#8220; width=&#8220;92%&#8220; custom_margin=&#8220;7%||4%||false|false&#8220; custom_css_main_element=&#8220;display: flex;  ||justify-content: flex-end; &#8222;][et_pb_column type=&#8220;1_4&#8243; _builder_version=&#8220;4.8.0&#8243; _module_preset=&#8220;default&#8220;][et_pb_image src=&#8220;https:\/\/blog.jena.de\/15jahre-jenakultur\/wp-content\/uploads\/sites\/28\/2021\/03\/15jahre-jenakultur-lichtstadt-label-457be7.png&#8220; alt=&#8220;Label der Jena Lichtstadt&#8220; title_text=&#8220;Lichtstadt-Label-457be7&#8243; url=&#8220;https:\/\/startseite.jena.de\/&#8220; url_new_window=&#8220;on&#8220; _builder_version=&#8220;4.9.0&#8243; _module_preset=&#8220;default&#8220; width=&#8220;60%&#8220; filter_saturate=&#8220;150%&#8220;][\/et_pb_image][et_pb_text _builder_version=&#8220;4.9.0&#8243; _module_preset=&#8220;default&#8220; text_font=&#8220;|600|||||||&#8220; text_text_color=&#8220;#457BE7&#8243; text_line_height=&#8220;0.3em&#8220; link_font=&#8220;||||on||||&#8220; link_text_color=&#8220;#457BE7&#8243; link_line_height=&#8220;0em&#8220; custom_margin=&#8220;7%||||false|false&#8220; custom_margin_tablet=&#8220;||||false|false&#8220; custom_margin_phone=&#8220;||||false|false&#8220; custom_margin_last_edited=&#8220;on|phone&#8220; custom_padding=&#8220;||||false|false&#8220; text_font_size_tablet=&#8220;15px&#8220; text_font_size_phone=&#8220;&#8220; text_font_size_last_edited=&#8220;on|tablet&#8220;]<\/p>\n<p><a href=\"https:\/\/www.jenaconvention.de\/\" target=\"_blank\" rel=\"noopener noreferrer\" title=\"Zur Webseite des Jena Convention Bureau\">Jena Convention Bureau<\/a><\/p>\n<p>Eine Einrichtung von <a href=\"https:\/\/www.jenakultur.de\/de\/startseite\/605322\" target=\"_blank\" rel=\"noopener noreferrer\" title=\"Zur Webseite von JenaKultur\">JenaKultur<\/a><\/p>\n<p>[\/et_pb_text][\/et_pb_column][et_pb_column type=&#8220;3_4&#8243; _builder_version=&#8220;4.8.0&#8243; _module_preset=&#8220;default&#8220;][et_pb_text _builder_version=&#8220;4.9.0&#8243; _module_preset=&#8220;default&#8220; text_font=&#8220;|600|||||||&#8220; text_text_color=&#8220;#457BE7&#8243; text_line_height=&#8220;1.3em&#8220; link_font=&#8220;||||on||||&#8220; link_text_color=&#8220;#457BE7&#8243; custom_margin=&#8220;||||false|false&#8220; text_font_size_tablet=&#8220;15px&#8220; text_font_size_phone=&#8220;&#8220; text_font_size_last_edited=&#8220;on|tablet&#8220; locked=&#8220;off&#8220;]<\/p>\n<p style=\"text-align: left\"><em>Gestaltung<\/em> <a href=\"https:\/\/gottweiss.de\" target=\"_blank\" rel=\"noopener noreferrer\" title=\"Zur Webseite von Gottwiess-Kommunikation\">Gottweiss \u00b7 Visuelle Kommunikation<\/a> | Bildnachweis Stadtansicht: JenaKultur, Andr\u00e9 Gr\u00e4f | Marktplatz: JenaKultur, Andr\u00e9 Gr\u00e4f | Ernst-Abbe-Platz (Unicampus): JenaKultur, Toma Babovic | Villa Rosenthal (Baum): JenaKultur, Tina Pei\u00dfker | TraFO: JenaKultur, Tina Pei\u00dfker | Zeiss- Planetarium: JenaKultur, Christian H\u00e4cker | Imaginata: JenaKultur, Imaginata | Volkshaus gro\u00dfer Saal: JenaKultur, Karoline Krampitz | Volkshaus Foyer-Bereich: JenaKultur, Karoline Krampitz | Volkshaus Au\u00dfenansicht: JenaKultur, Andr\u00e9 Gr\u00e4f | Saalestrand: JenaKultur, Andr\u00e9 Gr\u00e4f | Wagnergasse: JenaKultur, Andreas Hub | Marktplatz mit historischem Rathaus: JenaKultur, Siomotion | Laternen-Skulpturen: JenaKultur, A. Koerbs<\/p>\n<p>[\/et_pb_text][\/et_pb_column][\/et_pb_row][et_pb_row _builder_version=&#8220;4.9.0&#8243; _module_preset=&#8220;default&#8220;][et_pb_column type=&#8220;4_4&#8243; _builder_version=&#8220;4.9.0&#8243; _module_preset=&#8220;default&#8220;][et_pb_text _builder_version=&#8220;4.9.0&#8243; _module_preset=&#8220;default&#8220; text_line_height=&#8220;1em&#8220; text_orientation=&#8220;center&#8220; custom_margin=&#8220;||6%||false|false&#8220; custom_margin_tablet=&#8220;8%||3%||false|false&#8220; custom_margin_phone=&#8220;16%||2%||false|false&#8220; custom_margin_last_edited=&#8220;on|desktop&#8220; text_font_size_tablet=&#8220;15px&#8220; text_font_size_phone=&#8220;12px&#8220; text_font_size_last_edited=&#8220;on|phone&#8220;]<\/p>\n<p><span>Aus Gr\u00fcnden der Lesbarkeit verwenden wir die m\u00e4nnliche Pluralform. Gemeint sind immer alle Geschlechteridentit\u00e4ten.<\/span><\/p>\n<p>[\/et_pb_text][\/et_pb_column][\/et_pb_row][\/et_pb_section]<\/p>\n","protected":false},"excerpt":{"rendered":"<p>Tagen in der Lichtstadt JenaTagen in der Lichtstadt JenaIm neuen Licht \u2013 Wissenschaftszentrum, Hightech-Standort, Kulturhochburg, Studentenparadies \u2013 all dies ist Jena!Die Stadt an der Saale liegt eingebettet in eine malerische Landschaft aus Muschelkalkh\u00e4ngen, die f\u00fcr ein angenehmes Klima sorgen. Das historische Stadtzentrum mit dem h\u00fcbschen, geschlossenen Markt, dem Rathaus aus dem 14. Jahrhundert, mit Hanfried, [&hellip;]<\/p>\n","protected":false},"author":22,"featured_media":0,"parent":0,"menu_order":0,"comment_status":"closed","ping_status":"closed","template":"","meta":{"_et_pb_use_builder":"on","_et_pb_old_content":"","_et_gb_content_width":"","footnotes":""},"class_list":["post-1893","page","type-page","status-publish","hentry"],"_links":{"self":[{"href":"https:\/\/blog.jena.de\/15jahre-jenakultur\/wp-json\/wp\/v2\/pages\/1893","targetHints":{"allow":["GET"]}}],"collection":[{"href":"https:\/\/blog.jena.de\/15jahre-jenakultur\/wp-json\/wp\/v2\/pages"}],"about":[{"href":"https:\/\/blog.jena.de\/15jahre-jenakultur\/wp-json\/wp\/v2\/types\/page"}],"author":[{"embeddable":true,"href":"https:\/\/blog.jena.de\/15jahre-jenakultur\/wp-json\/wp\/v2\/users\/22"}],"replies":[{"embeddable":true,"href":"https:\/\/blog.jena.de\/15jahre-jenakultur\/wp-json\/wp\/v2\/comments?post=1893"}],"version-history":[{"count":213,"href":"https:\/\/blog.jena.de\/15jahre-jenakultur\/wp-json\/wp\/v2\/pages\/1893\/revisions"}],"predecessor-version":[{"id":3264,"href":"https:\/\/blog.jena.de\/15jahre-jenakultur\/wp-json\/wp\/v2\/pages\/1893\/revisions\/3264"}],"wp:attachment":[{"href":"https:\/\/blog.jena.de\/15jahre-jenakultur\/wp-json\/wp\/v2\/media?parent=1893"}],"curies":[{"name":"wp","href":"https:\/\/api.w.org\/{rel}","templated":true}]}}